{"id":28327,"date":"2025-10-01T11:48:26","date_gmt":"2025-10-01T09:48:26","guid":{"rendered":"https:\/\/concellodezas.gal\/programas\/servicios\/"},"modified":"2025-11-27T13:38:37","modified_gmt":"2025-11-27T12:38:37","slug":"servicios","status":"publish","type":"programas","link":"https:\/\/concellodezas.gal\/es\/programas\/servicios\/","title":{"rendered":"Servicios de empleo"},"content":{"rendered":"\n<p>Ponemos a tu disposici\u00f3n un cat\u00e1logo de servicios integrales para impulsar el emprendimiento, fortalecer el tejido empresarial local y mejorar la empleabilidad.<\/p>\n\n<p><strong>Emprendimento<\/strong><\/p>\n\n<ul class=\"wp-block-list\">\n<li>Asesoramiento personalizado para la creaci\u00f3n de empresas.<\/li>\n\n\n\n<li>Acompa\u00f1amiento t\u00e9cnico en el dise\u00f1o y puesta en marcha del proyecto.<\/li>\n\n\n\n<li>Gesti\u00f3n y seguimiento de subvenciones e incentivos.<\/li>\n<\/ul>\n\n<p><strong>Empresas ya constituidas<\/strong><\/p>\n\n<ul class=\"wp-block-list\">\n<li>Informaci\u00f3n, asesoramiento y tramitaci\u00f3n de ayudas y subvenciones.<\/li>\n\n\n\n<li>Apoyo t\u00e9cnico para la consolidaci\u00f3n y el crecimiento empresarial.<\/li>\n<\/ul>\n\n<p><strong>Empleo y orientaci\u00f3n laboral<\/strong><\/p>\n\n<ul class=\"wp-block-list\">\n<li>Atenci\u00f3n a las personas demandantes de empleo.<\/li>\n\n\n\n<li>Informaci\u00f3n y recursos para la orientaci\u00f3n laboral y la b\u00fasqueda activa de empleo.<\/li>\n<\/ul>\n\n<p><strong>Formaci\u00f3n<\/strong><\/p>\n\n<ul class=\"wp-block-list\">\n<li>Dise\u00f1o y organizaci\u00f3n de acciones formativas para: empresarios\/as, emprendedores\/as, trabajadores\/as por cuenta ajena y personas desempleadas.<\/li>\n<\/ul>\n\n<p><strong>Asociacionismo local<\/strong><\/p>\n\n<ul class=\"wp-block-list\">\n<li>Apoyo t\u00e9cnico a las asociaciones del ayuntamiento.<\/li>\n\n\n\n<li>Informaci\u00f3n y tramitaci\u00f3n de ayudas.<\/li>\n\n\n\n<li>Acompa\u00f1amiento en el desarrollo de sus actividades.<\/li>\n<\/ul>\n\n<p><strong>An\u00e1lisis y planificaci\u00f3n<\/strong><\/p>\n\n<ul class=\"wp-block-list\">\n<li>Realizaci\u00f3n de estudios, informes y proyectos sobre la actividad empresarial y el mercado laboral en el ayuntamiento.<\/li>\n<\/ul>\n\n<p><strong>Cooperaci\u00f3n supramunicipal<\/strong><\/p>\n\n<ul class=\"wp-block-list\">\n<li>Colaboraci\u00f3n en la implantaci\u00f3n de proyectos de \u00e1mbito comarcal o supramunicipal en los que participe el Ayuntamiento de Zas.<\/li>\n<\/ul>\n\n<p><strong>Vivienda<\/strong><\/p>\n\n<ul class=\"wp-block-list\">\n<li>Informaci\u00f3n y tramitaci\u00f3n de ayudas a la vivienda.<\/li>\n<\/ul>\n","protected":false},"featured_media":21724,"template":"","class_list":["post-28327","programas","type-programas","status-publish","has-post-thumbnail","hentry"],"_links":{"self":[{"href":"https:\/\/concellodezas.gal\/es\/wp-json\/wp\/v2\/programas\/28327","targetHints":{"allow":["GET"]}}],"collection":[{"href":"https:\/\/concellodezas.gal\/es\/wp-json\/wp\/v2\/programas"}],"about":[{"href":"https:\/\/concellodezas.gal\/es\/wp-json\/wp\/v2\/types\/programas"}],"wp:featuredmedia":[{"embeddable":true,"href":"https:\/\/concellodezas.gal\/es\/wp-json\/wp\/v2\/media\/21724"}],"wp:attachment":[{"href":"https:\/\/concellodezas.gal\/es\/wp-json\/wp\/v2\/media?parent=28327"}],"curies":[{"name":"wp","href":"https:\/\/api.w.org\/{rel}","templated":true}]}}