{"id":27927,"date":"2025-09-26T11:03:03","date_gmt":"2025-09-26T09:03:03","guid":{"rendered":"https:\/\/concellodezas.gal\/programas\/festa-da-carballeira\/"},"modified":"2026-01-22T10:42:04","modified_gmt":"2026-01-22T09:42:04","slug":"festa-da-carballeira","status":"publish","type":"programas","link":"https:\/\/concellodezas.gal\/es\/programas\/festa-da-carballeira\/","title":{"rendered":"Festa da Carballeira"},"content":{"rendered":"\n<p>El segundo fin de semana de agosto, la carballera de Zas \u00e9nchese de m\u00fasica, tradici\u00f3n y convivencia con la celebraci\u00f3n de la <strong>Fiesta de la Carballeira<\/strong>, uno de los festivales folk m\u00e1s reconocidos de Galicia y organizado por la Asociaci\u00f3n Castro-Meda con la colaboraci\u00f3n del Ayuntamiento de Zas. Este evento, con m\u00e1s de 40 a\u00f1os de historia, transform\u00f3 el municipio en un punto de encuentro imprescindible para amantes de la m\u00fasica de ra\u00edz, tanto gallega como internacional. <\/p>\n\n<p>El esp\u00edritu de la Carballeira va m\u00e1s all\u00e1 de los conciertos: es un espacio de hermandad, donde vecinos, visitantes y m\u00fasicos conviven bajo los \u00e1rboles centenarias, compartiendo cultura, gastronom\u00eda y fiesta. Adem\u00e1s de la m\u00fasica en directo, el festival ofrece actividades paralelas como talleres, sesiones verm\u00fa, pasacalles, zona de acampada libre y servicios para el p\u00fablico, lo que lo convierte en un evento abierto a todas las generaciones. <\/p>\n\n<p>Con el paso de los a\u00f1os, el festival fue ganando prestigio y se consolid\u00f3 como una cita de referencia en el calendario cultural gallego, capaz de atraer a m\u00e1s de 7.500 personas que convierten Zas, por unos d\u00edas, en la capital internacional del folk. Por sus ediciones han pasado algunas de las mejores bandas y artistas del panorama celta y folklore, haciendo de la Carballera una experiencia \u00fanica que combina tradici\u00f3n y modernidad. <\/p>\n\n<p>Toda la informaci\u00f3n actualizada sobre programaci\u00f3n, entradas, servicios y novedades del festival se puede consultar en su p\u00e1gina web oficial: <a href=\"http:\/\/www.festadacarballeira.com\">www.festadacarballeira.com<\/a>.<\/p>\n","protected":false},"featured_media":30251,"template":"","class_list":["post-27927","programas","type-programas","status-publish","has-post-thumbnail","hentry"],"_links":{"self":[{"href":"https:\/\/concellodezas.gal\/es\/wp-json\/wp\/v2\/programas\/27927","targetHints":{"allow":["GET"]}}],"collection":[{"href":"https:\/\/concellodezas.gal\/es\/wp-json\/wp\/v2\/programas"}],"about":[{"href":"https:\/\/concellodezas.gal\/es\/wp-json\/wp\/v2\/types\/programas"}],"wp:featuredmedia":[{"embeddable":true,"href":"https:\/\/concellodezas.gal\/es\/wp-json\/wp\/v2\/media\/30251"}],"wp:attachment":[{"href":"https:\/\/concellodezas.gal\/es\/wp-json\/wp\/v2\/media?parent=27927"}],"curies":[{"name":"wp","href":"https:\/\/api.w.org\/{rel}","templated":true}]}}