{"id":28231,"date":"2025-08-26T13:18:17","date_gmt":"2025-08-26T11:18:17","guid":{"rendered":"https:\/\/concellodezas.gal\/?post_type=parroquias&#038;p=28231"},"modified":"2025-11-26T07:27:29","modified_gmt":"2025-11-26T06:27:29","slug":"brandonas","status":"publish","type":"parroquias","link":"https:\/\/concellodezas.gal\/es\/parroquia\/brandonas\/","title":{"rendered":"Brando\u00f1as"},"content":{"rendered":"\n<p>Santa Mar\u00eda de Brando\u00f1as, top\u00f3nimo de origen prerromano, inspir\u00f3 a Eduardo Pondal y, de este modo, la magia de la poes\u00eda permite al bardo berganti\u00f1\u00e1n transformar este top\u00f3nimo en un bravo, recio y fuerte guerrero celta.<\/p>\n\n\n\n<p>Por el sur tiene el embalse da Fervenza, en el r\u00edo Xallas, que aneg\u00f3 una buena parte de sus tierras, y por el oeste limita con la parroquia de Ba\u00ed\u00f1as, perteneciente al Ayuntamiento de Vimianzo. Presenta una escasa densidad de poblaci\u00f3n debido, en parte, a que varios de sus lugares quedaron bajo el agua cuando se construy\u00f3 el embalse (1965). En el a\u00f1o 2015 contaba con 85 habitantes.<\/p>\n\n\n\n<p>En esta parroquia merece especial menci\u00f3n la iglesia parroquial de Santa Mar\u00eda de Brando\u00f1as, situada en la zona m\u00e1s elevada del lugar de Gris. Se trata de un templo de gran simplicidad arquitect\u00f3nica cuya parte m\u00e1s interesante es la fachada, que alberga una imagen p\u00e9trea de la Virgen, patrona de la feligres\u00eda, posiblemente barroca, del siglo XVIII. En cuanto al interior, lo que m\u00e1s llama la atenci\u00f3n son dos retablos p\u00e9treos (s. XVIII), situados a uno y otro lado de la nave en su primer tramo, de rasgos claramente barrocos.<\/p>\n\n\n\n<p>En cuanto al cruceiro del lugar de Gris, a escasa distancia de la fachada de la iglesia y situado en una peque\u00f1a plaza en medio del n\u00facleo, destaca por su largo fuste. Resulta dif\u00edcil encuadrar sus esculturas en un estilo art\u00edstico y en una \u00e9poca concretos. Es posible que su realizaci\u00f3n se remonte al siglo XVIII. Debemos valorar este cruceiro como una cl\u00e1sica obra na\u00edf de un cantero o escultor rural an\u00f3nimo. En la sencillez y en el trazo esquem\u00e1tico de las figuras reside su encanto.<\/p>\n\n\n\n<p>Se trata de una parroquia rica en m\u00e1moas (t\u00famulos megal\u00edticos); entre todas ellas destacamos A Mina do Cot\u00f3n, en Os Currais, ya que es la m\u00e1moa de mayores dimensiones del municipio y una de las mejor conservadas.<\/p>\n\n","protected":false},"featured_media":3235,"template":"","class_list":["post-28231","parroquias","type-parroquias","status-publish","has-post-thumbnail","hentry"],"_links":{"self":[{"href":"https:\/\/concellodezas.gal\/es\/wp-json\/wp\/v2\/parroquias\/28231","targetHints":{"allow":["GET"]}}],"collection":[{"href":"https:\/\/concellodezas.gal\/es\/wp-json\/wp\/v2\/parroquias"}],"about":[{"href":"https:\/\/concellodezas.gal\/es\/wp-json\/wp\/v2\/types\/parroquias"}],"version-history":[{"count":1,"href":"https:\/\/concellodezas.gal\/es\/wp-json\/wp\/v2\/parroquias\/28231\/revisions"}],"predecessor-version":[{"id":28234,"href":"https:\/\/concellodezas.gal\/es\/wp-json\/wp\/v2\/parroquias\/28231\/revisions\/28234"}],"wp:featuredmedia":[{"embeddable":true,"href":"https:\/\/concellodezas.gal\/es\/wp-json\/wp\/v2\/media\/3235"}],"wp:attachment":[{"href":"https:\/\/concellodezas.gal\/es\/wp-json\/wp\/v2\/media?parent=28231"}],"curies":[{"name":"wp","href":"https:\/\/api.w.org\/{rel}","templated":true}]}}