{"id":28040,"date":"2025-08-25T11:09:04","date_gmt":"2025-08-25T09:09:04","guid":{"rendered":"https:\/\/concellodezas.gal\/sobre-zas\/"},"modified":"2026-04-10T07:46:45","modified_gmt":"2026-04-10T05:46:45","slug":"sobre-zas","status":"publish","type":"page","link":"https:\/\/concellodezas.gal\/es\/sobre-zas\/","title":{"rendered":"Sobre Zas"},"content":{"rendered":"\t\t<div data-elementor-type=\"wp-page\" data-elementor-id=\"28040\" class=\"elementor elementor-28040 elementor-20470\" data-elementor-post-type=\"page\">\n\t\t\t\t<div class=\"elementor-element elementor-element-11fbe4a e-flex e-con-boxed e-con e-parent\" data-id=\"11fbe4a\" data-element_type=\"container\" data-e-type=\"container\" data-settings=\"{&quot;jet_parallax_layout_list&quot;:[]}\">\n\t\t\t\t\t<div class=\"e-con-inner\">\n\t\t<div class=\"elementor-element elementor-element-81b2f22 e-con-full e-flex e-con e-child\" data-id=\"81b2f22\" data-element_type=\"container\" data-e-type=\"container\" data-settings=\"{&quot;jet_parallax_layout_list&quot;:[]}\">\n\t\t\t\t<div class=\"elementor-element elementor-element-1b0c471 elementor-widget elementor-widget-heading\" data-id=\"1b0c471\" data-element_type=\"widget\" data-e-type=\"widget\" data-widget_type=\"heading.default\">\n\t\t\t\t\t<h2 class=\"elementor-heading-title elementor-size-default\">Zas, el coraz\u00f3n verde de la Costa da Morte<\/h2>\t\t\t\t<\/div>\n\t\t\t\t<div class=\"elementor-element elementor-element-b326ae5 elementor-widget elementor-widget-text-editor\" data-id=\"b326ae5\" data-element_type=\"widget\" data-e-type=\"widget\" data-widget_type=\"text-editor.default\">\n\t\t\t\t\t\t\t\t\t<p>El municipio de Zas es un territorio rural en el interior de la Costa da Morte, un espacio natural privilegiado, marcado por r\u00edos, cascadas, prados y monta\u00f1as que invitan a la calma y al descubrimiento. Un lugar de tradiciones vivas y gente acogedora, que combina el valor de su paisaje con la riqueza de su patrimonio cultural e hist\u00f3rico, siendo un destino perfecto para quienes buscan tranquilidad, autenticidad y contacto directo con la naturaleza. <\/p>\t\t\t\t\t\t\t\t<\/div>\n\t\t\t\t<\/div>\n\t\t\t\t\t<\/div>\n\t\t\t\t<\/div>\n\t\t<div class=\"elementor-element elementor-element-5571fcd e-flex e-con-boxed e-con e-parent\" data-id=\"5571fcd\" data-element_type=\"container\" data-e-type=\"container\" data-settings=\"{&quot;jet_parallax_layout_list&quot;:[]}\">\n\t\t\t\t\t<div class=\"e-con-inner\">\n\t\t<div class=\"elementor-element elementor-element-3dbcb3c e-con-full e-flex e-con e-child\" data-id=\"3dbcb3c\" data-element_type=\"container\" data-e-type=\"container\" data-settings=\"{&quot;background_background&quot;:&quot;classic&quot;,&quot;jet_parallax_layout_list&quot;:[]}\">\n\t\t\t\t<div class=\"elementor-element elementor-element-9eda8f2 elementor-widget__width-initial elementor-widget elementor-widget-image-box\" data-id=\"9eda8f2\" data-element_type=\"widget\" data-e-type=\"widget\" data-widget_type=\"image-box.default\">\n\t\t\t\t\t<div class=\"elementor-image-box-wrapper\"><div class=\"elementor-image-box-content\"><h3 class=\"elementor-image-box-title\">Qu\u00e9 ver<\/h3><p class=\"elementor-image-box-description\">Descubre el patrimonio natural y cultural que hace \u00fanico a nuestro municipio<\/p><\/div><\/div>\t\t\t\t<\/div>\n\t\t\t\t<div class=\"elementor-element elementor-element-418a25d elementor-view-framed elementor-widget__width-auto elementor-shape-circle elementor-widget elementor-widget-icon\" data-id=\"418a25d\" data-element_type=\"widget\" data-e-type=\"widget\" data-widget_type=\"icon.default\">\n\t\t\t\t\t\t\t<div class=\"elementor-icon-wrapper\">\n\t\t\t<a class=\"elementor-icon\" href=\"https:\/\/concellodezas.gal\/que-ver\/\">\n\t\t\t<i aria-hidden=\"true\" class=\"jki jki-arrow-up-right-line\"><\/i>\t\t\t<\/a>\n\t\t<\/div>\n\t\t\t\t\t\t<\/div>\n\t\t\t\t<\/div>\n\t\t<div class=\"elementor-element elementor-element-eb8dd66 e-con-full e-flex e-con e-child\" data-id=\"eb8dd66\" data-element_type=\"container\" data-e-type=\"container\" data-settings=\"{&quot;jet_parallax_layout_list&quot;:[]}\">\n\t\t<div class=\"elementor-element elementor-element-8b1b7e3 e-con-full e-flex e-con e-child\" data-id=\"8b1b7e3\" data-element_type=\"container\" data-e-type=\"container\" data-settings=\"{&quot;jet_parallax_layout_list&quot;:[]}\">\n\t\t<div class=\"elementor-element elementor-element-db0d7ae e-con-full e-flex e-con e-child\" data-id=\"db0d7ae\" data-element_type=\"container\" data-e-type=\"container\" data-settings=\"{&quot;background_background&quot;:&quot;classic&quot;,&quot;jet_parallax_layout_list&quot;:[]}\">\n\t\t\t\t<div class=\"elementor-element elementor-element-0666e6a elementor-widget__width-initial elementor-widget elementor-widget-image-box\" data-id=\"0666e6a\" data-element_type=\"widget\" data-e-type=\"widget\" data-widget_type=\"image-box.default\">\n\t\t\t\t\t<div class=\"elementor-image-box-wrapper\"><div class=\"elementor-image-box-content\"><h3 class=\"elementor-image-box-title\">Qu\u00e9 hacer<\/h3><p class=\"elementor-image-box-description\">Vive experiencias de ocio, deporte y cultura en plena naturaleza.<\/p><\/div><\/div>\t\t\t\t<\/div>\n\t\t\t\t<div class=\"elementor-element elementor-element-da7d320 elementor-view-framed elementor-widget__width-auto elementor-shape-circle elementor-widget elementor-widget-icon\" data-id=\"da7d320\" data-element_type=\"widget\" data-e-type=\"widget\" data-widget_type=\"icon.default\">\n\t\t\t\t\t\t\t<div class=\"elementor-icon-wrapper\">\n\t\t\t<a class=\"elementor-icon\" href=\"https:\/\/concellodezas.gal\/que-facer\/\">\n\t\t\t<i aria-hidden=\"true\" class=\"jki jki-arrow-up-right-line\"><\/i>\t\t\t<\/a>\n\t\t<\/div>\n\t\t\t\t\t\t<\/div>\n\t\t\t\t<\/div>\n\t\t\t\t<\/div>\n\t\t<div class=\"elementor-element elementor-element-5b89ebe e-con-full e-flex e-con e-child\" data-id=\"5b89ebe\" data-element_type=\"container\" data-e-type=\"container\" data-settings=\"{&quot;jet_parallax_layout_list&quot;:[]}\">\n\t\t<div class=\"elementor-element elementor-element-2ab9a13 e-con-full e-flex e-con e-child\" data-id=\"2ab9a13\" data-element_type=\"container\" data-e-type=\"container\" data-settings=\"{&quot;background_background&quot;:&quot;classic&quot;,&quot;jet_parallax_layout_list&quot;:[]}\">\n\t\t\t\t<div class=\"elementor-element elementor-element-3a0fde9 elementor-widget__width-initial elementor-widget elementor-widget-image-box\" data-id=\"3a0fde9\" data-element_type=\"widget\" data-e-type=\"widget\" data-widget_type=\"image-box.default\">\n\t\t\t\t\t<div class=\"elementor-image-box-wrapper\"><div class=\"elementor-image-box-content\"><h3 class=\"elementor-image-box-title\">Donde Dormir<\/h3><p class=\"elementor-image-box-description\">Encuentra alojamientos con encanto para gozar de una estad\u00eda tranquila.<\/p><\/div><\/div>\t\t\t\t<\/div>\n\t\t\t\t<div class=\"elementor-element elementor-element-e9d519f elementor-view-framed elementor-widget__width-auto elementor-shape-circle elementor-widget elementor-widget-icon\" data-id=\"e9d519f\" data-element_type=\"widget\" data-e-type=\"widget\" data-widget_type=\"icon.default\">\n\t\t\t\t\t\t\t<div class=\"elementor-icon-wrapper\">\n\t\t\t<a class=\"elementor-icon\" href=\"https:\/\/concellodezas.gal\/onde-durmir\/\">\n\t\t\t<i aria-hidden=\"true\" class=\"jki jki-arrow-up-right-line\"><\/i>\t\t\t<\/a>\n\t\t<\/div>\n\t\t\t\t\t\t<\/div>\n\t\t\t\t<\/div>\n\t\t<div class=\"elementor-element elementor-element-0d32e3b e-con-full e-flex e-con e-child\" data-id=\"0d32e3b\" data-element_type=\"container\" data-e-type=\"container\" data-settings=\"{&quot;background_background&quot;:&quot;classic&quot;,&quot;jet_parallax_layout_list&quot;:[]}\">\n\t\t\t\t<div class=\"elementor-element elementor-element-b63178a elementor-widget__width-initial elementor-widget elementor-widget-image-box\" data-id=\"b63178a\" data-element_type=\"widget\" data-e-type=\"widget\" data-widget_type=\"image-box.default\">\n\t\t\t\t\t<div class=\"elementor-image-box-wrapper\"><div class=\"elementor-image-box-content\"><h3 class=\"elementor-image-box-title\">Donde comer<\/h3><p class=\"elementor-image-box-description\">Degusta la gastronom\u00eda local con productos de proximidad.<\/p><\/div><\/div>\t\t\t\t<\/div>\n\t\t\t\t<div class=\"elementor-element elementor-element-2323f93 elementor-view-framed elementor-widget__width-auto elementor-shape-circle elementor-widget elementor-widget-icon\" data-id=\"2323f93\" data-element_type=\"widget\" data-e-type=\"widget\" data-widget_type=\"icon.default\">\n\t\t\t\t\t\t\t<div class=\"elementor-icon-wrapper\">\n\t\t\t<a class=\"elementor-icon\" href=\"https:\/\/concellodezas.gal\/onde-comer\/\">\n\t\t\t<i aria-hidden=\"true\" class=\"jki jki-arrow-up-right-line\"><\/i>\t\t\t<\/a>\n\t\t<\/div>\n\t\t\t\t\t\t<\/div>\n\t\t\t\t<\/div>\n\t\t\t\t<\/div>\n\t\t\t\t<\/div>\n\t\t<div class=\"elementor-element elementor-element-dc39700 e-con-full e-flex e-con e-child\" data-id=\"dc39700\" data-element_type=\"container\" data-e-type=\"container\" data-settings=\"{&quot;jet_parallax_layout_list&quot;:[]}\">\n\t\t<div class=\"elementor-element elementor-element-d7bde3a e-con-full e-flex e-con e-child\" data-id=\"d7bde3a\" data-element_type=\"container\" data-e-type=\"container\" data-settings=\"{&quot;jet_parallax_layout_list&quot;:[]}\">\n\t\t<div class=\"elementor-element elementor-element-895d970 e-con-full e-flex e-con e-child\" data-id=\"895d970\" data-element_type=\"container\" data-e-type=\"container\" data-settings=\"{&quot;background_background&quot;:&quot;classic&quot;,&quot;jet_parallax_layout_list&quot;:[]}\">\n\t\t\t\t<div class=\"elementor-element elementor-element-a75737f elementor-widget__width-initial elementor-widget elementor-widget-image-box\" data-id=\"a75737f\" data-element_type=\"widget\" data-e-type=\"widget\" data-widget_type=\"image-box.default\">\n\t\t\t\t\t<div class=\"elementor-image-box-wrapper\"><div class=\"elementor-image-box-content\"><h3 class=\"elementor-image-box-title\">Mapa interactivo<\/h3><p class=\"elementor-image-box-description\">Explora Zas de forma sencilla y visual con nuestros puntos de inter\u00e9s.<\/p><\/div><\/div>\t\t\t\t<\/div>\n\t\t\t\t<div class=\"elementor-element elementor-element-5d308ae elementor-view-framed elementor-widget__width-auto elementor-shape-circle elementor-widget elementor-widget-icon\" data-id=\"5d308ae\" data-element_type=\"widget\" data-e-type=\"widget\" data-widget_type=\"icon.default\">\n\t\t\t\t\t\t\t<div class=\"elementor-icon-wrapper\">\n\t\t\t<a class=\"elementor-icon\" href=\"https:\/\/concellodezas.gal\/mapa-interactivo\/\">\n\t\t\t<i aria-hidden=\"true\" class=\"jki jki-arrow-up-right-line\"><\/i>\t\t\t<\/a>\n\t\t<\/div>\n\t\t\t\t\t\t<\/div>\n\t\t\t\t<\/div>\n\t\t\t\t<\/div>\n\t\t\t\t<\/div>\n\t\t\t\t\t<\/div>\n\t\t\t\t<\/div>\n\t\t<div class=\"elementor-element elementor-element-622f19d e-flex e-con-boxed e-con e-parent\" data-id=\"622f19d\" data-element_type=\"container\" data-e-type=\"container\" data-settings=\"{&quot;background_background&quot;:&quot;classic&quot;,&quot;jet_parallax_layout_list&quot;:[]}\">\n\t\t\t\t\t<div class=\"e-con-inner\">\n\t\t<div class=\"elementor-element elementor-element-4244a82 e-con-full e-flex e-con e-child\" data-id=\"4244a82\" data-element_type=\"container\" data-e-type=\"container\" data-settings=\"{&quot;jet_parallax_layout_list&quot;:[]}\">\n\t\t<div class=\"elementor-element elementor-element-c605842 e-con-full e-flex e-con e-child\" data-id=\"c605842\" data-element_type=\"container\" data-e-type=\"container\" data-settings=\"{&quot;jet_parallax_layout_list&quot;:[]}\">\n\t\t\t\t<div class=\"elementor-element elementor-element-18b01fd elementor-widget elementor-widget-heading\" data-id=\"18b01fd\" data-element_type=\"widget\" data-e-type=\"widget\" data-widget_type=\"heading.default\">\n\t\t\t\t\t<h2 class=\"elementor-heading-title elementor-size-default\">Las 16 parroquias del Ayuntamiento de Zas<\/h2>\t\t\t\t<\/div>\n\t\t\t\t<div class=\"elementor-element elementor-element-f30d205 elementor-widget elementor-widget-text-editor\" data-id=\"f30d205\" data-element_type=\"widget\" data-e-type=\"widget\" data-widget_type=\"text-editor.default\">\n\t\t\t\t\t\t\t\t\t<p>El municipio de Zas est\u00e1 formado por un conjunto de parroquias que conservan la esencia del mundo rural gallego. Cada una de ellas posee su propia historia, patrimonio y tradiciones, ofreciendo al visitante una forma \u00fanica de conocer la vida, la cultura y la identidad de este territorio. A trav\u00e9s de esta lista, podr\u00e1 acceder a informaci\u00f3n sobre cada parroquia y descubrir todo lo que las hace especiales.  <\/p>\t\t\t\t\t\t\t\t<\/div>\n\t\t\t\t<div class=\"elementor-element elementor-element-fc77d81 elementor-widget elementor-widget-jet-listing-grid\" data-id=\"fc77d81\" data-element_type=\"widget\" data-e-type=\"widget\" data-settings=\"{&quot;columns&quot;:&quot;4&quot;,&quot;columns_tablet&quot;:&quot;2&quot;}\" data-widget_type=\"jet-listing-grid.default\">\n\t\t\t\t\t<div class=\"jet-listing-grid jet-listing\"><div class=\"jet-listing-grid__slider slick-lib\" data-slider_options=\"{&quot;autoplaySpeed&quot;:5000,&quot;autoplay&quot;:true,&quot;pauseOnHover&quot;:true,&quot;infinite&quot;:true,&quot;centerMode&quot;:false,&quot;speed&quot;:500,&quot;arrows&quot;:true,&quot;dots&quot;:false,&quot;slidesToScroll&quot;:1,&quot;prevArrow&quot;:&quot;\\u003Cdiv class=\\u0027jet-listing-grid__slider-icon prev-arrow \\u0027 role=\\u0027button\\u0027 aria-label=\\u0027Previous\\u0027\\u003E\\u003Csvg width=\\u0027180\\u0027 height=\\u0027180\\u0027 viewBox=\\u00270 0 180 180\\u0027 fill=\\u0027none\\u0027 xmlns=\\u0027http:\\\/\\\/www.w3.org\\\/2000\\\/svg\\u0027\\u003E\\u003Cpath d=\\u0027M119 47.3166C119 48.185 118.668 48.9532 118.003 49.6212L78.8385 89L118.003 128.379C118.668 129.047 119 129.815 119 130.683C119 131.552 118.668 132.32 118.003 132.988L113.021 137.998C112.356 138.666 111.592 139 110.729 139C109.865 139 109.101 138.666 108.436 137.998L61.9966 91.3046C61.3322 90.6366 61 89.8684 61 89C61 88.1316 61.3322 87.3634 61.9966 86.6954L108.436 40.002C109.101 39.334 109.865 39 110.729 39C111.592 39 112.356 39.334 113.021 40.002L118.003 45.012C118.668 45.68 119 46.4482 119 47.3166Z\\u0027 fill=\\u0027black\\u0027\\\/\\u003E\\u003C\\\/svg\\u003E\\u003C\\\/div\\u003E&quot;,&quot;nextArrow&quot;:&quot;\\u003Cdiv class=\\u0027jet-listing-grid__slider-icon next-arrow \\u0027 role=\\u0027button\\u0027 aria-label=\\u0027Next\\u0027\\u003E\\u003Csvg width=\\u0027180\\u0027 height=\\u0027180\\u0027 viewBox=\\u00270 0 180 180\\u0027 fill=\\u0027none\\u0027 xmlns=\\u0027http:\\\/\\\/www.w3.org\\\/2000\\\/svg\\u0027\\u003E\\u003Cpath d=\\u0027M119 47.3166C119 48.185 118.668 48.9532 118.003 49.6212L78.8385 89L118.003 128.379C118.668 129.047 119 129.815 119 130.683C119 131.552 118.668 132.32 118.003 132.988L113.021 137.998C112.356 138.666 111.592 139 110.729 139C109.865 139 109.101 138.666 108.436 137.998L61.9966 91.3046C61.3322 90.6366 61 89.8684 61 89C61 88.1316 61.3322 87.3634 61.9966 86.6954L108.436 40.002C109.101 39.334 109.865 39 110.729 39C111.592 39 112.356 39.334 113.021 40.002L118.003 45.012C118.668 45.68 119 46.4482 119 47.3166Z\\u0027 fill=\\u0027black\\u0027\\\/\\u003E\\u003C\\\/svg\\u003E\\u003C\\\/div\\u003E&quot;,&quot;rtl&quot;:false,&quot;itemsCount&quot;:16,&quot;fade&quot;:false,&quot;slidesToShow&quot;:{&quot;desktop&quot;:4,&quot;tablet&quot;:2,&quot;mobile&quot;:2}}\" dir=\"ltr\"><ul class=\"jet-listing-grid__items grid-col-desk-4 grid-col-tablet-2 grid-col-mobile-2 jet-listing-grid--21300 jet-equal-columns__wrapper\" data-queried-id=\"28040|WP_Post\" data-is-list data-nav=\"{&quot;enabled&quot;:false,&quot;type&quot;:null,&quot;more_el&quot;:null,&quot;query&quot;:[],&quot;widget_settings&quot;:{&quot;lisitng_id&quot;:21300,&quot;posts_num&quot;:20,&quot;columns&quot;:4,&quot;columns_tablet&quot;:2,&quot;columns_mobile&quot;:2,&quot;column_min_width&quot;:240,&quot;column_min_width_tablet&quot;:240,&quot;column_min_width_mobile&quot;:240,&quot;inline_columns_css&quot;:false,&quot;is_archive_template&quot;:&quot;&quot;,&quot;post_status&quot;:[&quot;publish&quot;],&quot;use_random_posts_num&quot;:&quot;&quot;,&quot;max_posts_num&quot;:9,&quot;not_found_message&quot;:&quot;No hemos encontrado nada&quot;,&quot;is_masonry&quot;:false,&quot;equal_columns_height&quot;:&quot;yes&quot;,&quot;use_load_more&quot;:&quot;&quot;,&quot;load_more_id&quot;:&quot;&quot;,&quot;load_more_type&quot;:&quot;click&quot;,&quot;load_more_offset&quot;:null,&quot;use_custom_post_types&quot;:&quot;&quot;,&quot;custom_post_types&quot;:[],&quot;hide_widget_if&quot;:&quot;&quot;,&quot;carousel_enabled&quot;:&quot;yes&quot;,&quot;slides_to_scroll&quot;:&quot;1&quot;,&quot;arrows&quot;:&quot;true&quot;,&quot;arrow_icon&quot;:&quot;fa fa-angle-left&quot;,&quot;dots&quot;:&quot;&quot;,&quot;autoplay&quot;:&quot;true&quot;,&quot;pause_on_hover&quot;:&quot;true&quot;,&quot;autoplay_speed&quot;:5000,&quot;infinite&quot;:&quot;true&quot;,&quot;center_mode&quot;:&quot;&quot;,&quot;effect&quot;:&quot;slide&quot;,&quot;speed&quot;:500,&quot;inject_alternative_items&quot;:&quot;&quot;,&quot;injection_items&quot;:[],&quot;scroll_slider_enabled&quot;:&quot;&quot;,&quot;scroll_slider_on&quot;:[&quot;desktop&quot;,&quot;tablet&quot;,&quot;mobile&quot;],&quot;custom_query&quot;:false,&quot;custom_query_id&quot;:&quot;&quot;,&quot;_element_id&quot;:&quot;&quot;,&quot;collapse_first_last_gap&quot;:false,&quot;list_tag_selection&quot;:&quot;&quot;,&quot;list_items_wrapper_tag&quot;:&quot;ul&quot;,&quot;list_item_tag&quot;:&quot;li&quot;,&quot;empty_items_wrapper_tag&quot;:&quot;div&quot;}}\" data-page=\"1\" data-pages=\"1\" data-listing-source=\"posts\" data-listing-id=\"21300\" data-query-id=\"\"><li class=\"jet-listing-grid__item jet-listing-dynamic-post-28154 jet-equal-columns jet-listing-grid__list_item\" data-post-id=\"28154\"  ><style type=\"text\/css\">.jet-listing-dynamic-post-28154 .elementor-element.elementor-element-b33b157:not(.elementor-motion-effects-element-type-background), .jet-listing-dynamic-post-28154 .elementor-element.elementor-element-b33b157 > .elementor-motion-effects-container > .elementor-motion-effects-layer{background-image:url(\"https:\/\/concellodezas.gal\/wp-content\/uploads\/2025\/08\/Santiago-de-Carreira-en-Zas-00005.jpg\");}<\/style>\t\t<div data-elementor-type=\"jet-listing-items\" data-elementor-id=\"21300\" class=\"elementor elementor-21300\" data-elementor-post-type=\"jet-engine\">\n\t\t\t\t<div class=\"elementor-element elementor-element-b33b157 e-con-full e-flex e-con e-child\" data-id=\"b33b157\" data-element_type=\"container\" data-e-type=\"container\" data-settings=\"{&quot;background_background&quot;:&quot;classic&quot;,&quot;jet_parallax_layout_list&quot;:[]}\">\n\t\t\t\t<div class=\"elementor-element elementor-element-684e59d elementor-widget elementor-widget-heading\" data-id=\"684e59d\" data-element_type=\"widget\" data-e-type=\"widget\" data-widget_type=\"heading.default\">\n\t\t\t\t\t<h3 class=\"elementor-heading-title elementor-size-default\"><a href=\"https:\/\/concellodezas.gal\/es\/parroquia\/carreira\/\">Carreira<\/a><\/h3>\t\t\t\t<\/div>\n\t\t\t\t<\/div>\n\t\t\t\t<\/div>\n\t\t<\/li><li class=\"jet-listing-grid__item jet-listing-dynamic-post-28149 jet-equal-columns jet-listing-grid__list_item\" data-post-id=\"28149\"  ><style type=\"text\/css\">.jet-listing-dynamic-post-28149 .elementor-element.elementor-element-b33b157:not(.elementor-motion-effects-element-type-background), .jet-listing-dynamic-post-28149 .elementor-element.elementor-element-b33b157 > .elementor-motion-effects-container > .elementor-motion-effects-layer{background-image:url(\"https:\/\/concellodezas.gal\/wp-content\/uploads\/2025\/08\/Gandara-no-Concello-de-Zas-00027.jpg\");}<\/style>\t\t<div data-elementor-type=\"jet-listing-items\" data-elementor-id=\"21300\" class=\"elementor elementor-21300\" data-elementor-post-type=\"jet-engine\">\n\t\t\t\t<div class=\"elementor-element elementor-element-b33b157 e-con-full e-flex e-con e-child\" data-id=\"b33b157\" data-element_type=\"container\" data-e-type=\"container\" data-settings=\"{&quot;background_background&quot;:&quot;classic&quot;,&quot;jet_parallax_layout_list&quot;:[]}\">\n\t\t\t\t<div class=\"elementor-element elementor-element-684e59d elementor-widget elementor-widget-heading\" data-id=\"684e59d\" data-element_type=\"widget\" data-e-type=\"widget\" data-widget_type=\"heading.default\">\n\t\t\t\t\t<h3 class=\"elementor-heading-title elementor-size-default\"><a href=\"https:\/\/concellodezas.gal\/es\/parroquia\/gandara\/\">G\u00e1ndara<\/a><\/h3>\t\t\t\t<\/div>\n\t\t\t\t<\/div>\n\t\t\t\t<\/div>\n\t\t<\/li><li class=\"jet-listing-grid__item jet-listing-dynamic-post-28145 jet-equal-columns jet-listing-grid__list_item\" data-post-id=\"28145\"  ><style type=\"text\/css\">.jet-listing-dynamic-post-28145 .elementor-element.elementor-element-b33b157:not(.elementor-motion-effects-element-type-background), .jet-listing-dynamic-post-28145 .elementor-element.elementor-element-b33b157 > .elementor-motion-effects-container > .elementor-motion-effects-layer{background-image:url(\"https:\/\/concellodezas.gal\/wp-content\/uploads\/2025\/08\/San-Cremenzo-de-Pazos-Concello-de-Zas-00004.jpg\");}<\/style>\t\t<div data-elementor-type=\"jet-listing-items\" data-elementor-id=\"21300\" class=\"elementor elementor-21300\" data-elementor-post-type=\"jet-engine\">\n\t\t\t\t<div class=\"elementor-element elementor-element-b33b157 e-con-full e-flex e-con e-child\" data-id=\"b33b157\" data-element_type=\"container\" data-e-type=\"container\" data-settings=\"{&quot;background_background&quot;:&quot;classic&quot;,&quot;jet_parallax_layout_list&quot;:[]}\">\n\t\t\t\t<div class=\"elementor-element elementor-element-684e59d elementor-widget elementor-widget-heading\" data-id=\"684e59d\" data-element_type=\"widget\" data-e-type=\"widget\" data-widget_type=\"heading.default\">\n\t\t\t\t\t<h3 class=\"elementor-heading-title elementor-size-default\"><a href=\"https:\/\/concellodezas.gal\/es\/parroquia\/san-cremenzo-de-pazos\/\">San Cremenzo de Pazos<\/a><\/h3>\t\t\t\t<\/div>\n\t\t\t\t<\/div>\n\t\t\t\t<\/div>\n\t\t<\/li><li class=\"jet-listing-grid__item jet-listing-dynamic-post-28222 jet-equal-columns jet-listing-grid__list_item\" data-post-id=\"28222\"  ><style type=\"text\/css\">.jet-listing-dynamic-post-28222 .elementor-element.elementor-element-b33b157:not(.elementor-motion-effects-element-type-background), .jet-listing-dynamic-post-28222 .elementor-element.elementor-element-b33b157 > .elementor-motion-effects-container > .elementor-motion-effects-layer{background-image:url(\"https:\/\/concellodezas.gal\/wp-content\/uploads\/2025\/08\/Santa-Sia-de-Roma-Concello-de-Zas-00001-scaled.jpg\");}<\/style>\t\t<div data-elementor-type=\"jet-listing-items\" data-elementor-id=\"21300\" class=\"elementor elementor-21300\" data-elementor-post-type=\"jet-engine\">\n\t\t\t\t<div class=\"elementor-element elementor-element-b33b157 e-con-full e-flex e-con e-child\" data-id=\"b33b157\" data-element_type=\"container\" data-e-type=\"container\" data-settings=\"{&quot;background_background&quot;:&quot;classic&quot;,&quot;jet_parallax_layout_list&quot;:[]}\">\n\t\t\t\t<div class=\"elementor-element elementor-element-684e59d elementor-widget elementor-widget-heading\" data-id=\"684e59d\" data-element_type=\"widget\" data-e-type=\"widget\" data-widget_type=\"heading.default\">\n\t\t\t\t\t<h3 class=\"elementor-heading-title elementor-size-default\"><a href=\"https:\/\/concellodezas.gal\/es\/parroquia\/santa-sia-de-roma\/\">Santa S\u00eda de Roma<\/a><\/h3>\t\t\t\t<\/div>\n\t\t\t\t<\/div>\n\t\t\t\t<\/div>\n\t\t<\/li><li class=\"jet-listing-grid__item jet-listing-dynamic-post-28130 jet-equal-columns jet-listing-grid__list_item\" data-post-id=\"28130\"  ><style type=\"text\/css\">.jet-listing-dynamic-post-28130 .elementor-element.elementor-element-b33b157:not(.elementor-motion-effects-element-type-background), .jet-listing-dynamic-post-28130 .elementor-element.elementor-element-b33b157 > .elementor-motion-effects-container > .elementor-motion-effects-layer{background-image:url(\"https:\/\/concellodezas.gal\/wp-content\/uploads\/2021\/05\/Rua_Bispo_Romero_Lema_de_Baio._FOTO_EDR.jpg\");}<\/style>\t\t<div data-elementor-type=\"jet-listing-items\" data-elementor-id=\"21300\" class=\"elementor elementor-21300\" data-elementor-post-type=\"jet-engine\">\n\t\t\t\t<div class=\"elementor-element elementor-element-b33b157 e-con-full e-flex e-con e-child\" data-id=\"b33b157\" data-element_type=\"container\" data-e-type=\"container\" data-settings=\"{&quot;background_background&quot;:&quot;classic&quot;,&quot;jet_parallax_layout_list&quot;:[]}\">\n\t\t\t\t<div class=\"elementor-element elementor-element-684e59d elementor-widget elementor-widget-heading\" data-id=\"684e59d\" data-element_type=\"widget\" data-e-type=\"widget\" data-widget_type=\"heading.default\">\n\t\t\t\t\t<h3 class=\"elementor-heading-title elementor-size-default\"><a href=\"https:\/\/concellodezas.gal\/es\/parroquia\/baio\/\">Baio<\/a><\/h3>\t\t\t\t<\/div>\n\t\t\t\t<\/div>\n\t\t\t\t<\/div>\n\t\t<\/li><li class=\"jet-listing-grid__item jet-listing-dynamic-post-28203 jet-equal-columns jet-listing-grid__list_item\" data-post-id=\"28203\"  ><style type=\"text\/css\">.jet-listing-dynamic-post-28203 .elementor-element.elementor-element-b33b157:not(.elementor-motion-effects-element-type-background), .jet-listing-dynamic-post-28203 .elementor-element.elementor-element-b33b157 > .elementor-motion-effects-container > .elementor-motion-effects-layer{background-image:url(\"https:\/\/concellodezas.gal\/wp-content\/uploads\/2021\/06\/img65.jpg\");}<\/style>\t\t<div data-elementor-type=\"jet-listing-items\" data-elementor-id=\"21300\" class=\"elementor elementor-21300\" data-elementor-post-type=\"jet-engine\">\n\t\t\t\t<div class=\"elementor-element elementor-element-b33b157 e-con-full e-flex e-con e-child\" data-id=\"b33b157\" data-element_type=\"container\" data-e-type=\"container\" data-settings=\"{&quot;background_background&quot;:&quot;classic&quot;,&quot;jet_parallax_layout_list&quot;:[]}\">\n\t\t\t\t<div class=\"elementor-element elementor-element-684e59d elementor-widget elementor-widget-heading\" data-id=\"684e59d\" data-element_type=\"widget\" data-e-type=\"widget\" data-widget_type=\"heading.default\">\n\t\t\t\t\t<h3 class=\"elementor-heading-title elementor-size-default\"><a href=\"https:\/\/concellodezas.gal\/es\/parroquia\/lorono\/\">Loro\u00f1o<\/a><\/h3>\t\t\t\t<\/div>\n\t\t\t\t<\/div>\n\t\t\t\t<\/div>\n\t\t<\/li><li class=\"jet-listing-grid__item jet-listing-dynamic-post-28240 jet-equal-columns jet-listing-grid__list_item\" data-post-id=\"28240\"  ><style type=\"text\/css\">.jet-listing-dynamic-post-28240 .elementor-element.elementor-element-b33b157:not(.elementor-motion-effects-element-type-background), .jet-listing-dynamic-post-28240 .elementor-element.elementor-element-b33b157 > .elementor-motion-effects-container > .elementor-motion-effects-layer{background-image:url(\"https:\/\/concellodezas.gal\/wp-content\/uploads\/2021\/06\/Igrexa_Muinho.jpg\");}<\/style>\t\t<div data-elementor-type=\"jet-listing-items\" data-elementor-id=\"21300\" class=\"elementor elementor-21300\" data-elementor-post-type=\"jet-engine\">\n\t\t\t\t<div class=\"elementor-element elementor-element-b33b157 e-con-full e-flex e-con e-child\" data-id=\"b33b157\" data-element_type=\"container\" data-e-type=\"container\" data-settings=\"{&quot;background_background&quot;:&quot;classic&quot;,&quot;jet_parallax_layout_list&quot;:[]}\">\n\t\t\t\t<div class=\"elementor-element elementor-element-684e59d elementor-widget elementor-widget-heading\" data-id=\"684e59d\" data-element_type=\"widget\" data-e-type=\"widget\" data-widget_type=\"heading.default\">\n\t\t\t\t\t<h3 class=\"elementor-heading-title elementor-size-default\"><a href=\"https:\/\/concellodezas.gal\/es\/parroquia\/muino\/\">Mu\u00ed\u00f1o<\/a><\/h3>\t\t\t\t<\/div>\n\t\t\t\t<\/div>\n\t\t\t\t<\/div>\n\t\t<\/li><li class=\"jet-listing-grid__item jet-listing-dynamic-post-28236 jet-equal-columns jet-listing-grid__list_item\" data-post-id=\"28236\"  ><style type=\"text\/css\">.jet-listing-dynamic-post-28236 .elementor-element.elementor-element-b33b157:not(.elementor-motion-effects-element-type-background), .jet-listing-dynamic-post-28236 .elementor-element.elementor-element-b33b157 > .elementor-motion-effects-container > .elementor-motion-effects-layer{background-image:url(\"https:\/\/concellodezas.gal\/wp-content\/uploads\/2021\/06\/rutabrandomil_2_640x480.jpg\");}<\/style>\t\t<div data-elementor-type=\"jet-listing-items\" data-elementor-id=\"21300\" class=\"elementor elementor-21300\" data-elementor-post-type=\"jet-engine\">\n\t\t\t\t<div class=\"elementor-element elementor-element-b33b157 e-con-full e-flex e-con e-child\" data-id=\"b33b157\" data-element_type=\"container\" data-e-type=\"container\" data-settings=\"{&quot;background_background&quot;:&quot;classic&quot;,&quot;jet_parallax_layout_list&quot;:[]}\">\n\t\t\t\t<div class=\"elementor-element elementor-element-684e59d elementor-widget elementor-widget-heading\" data-id=\"684e59d\" data-element_type=\"widget\" data-e-type=\"widget\" data-widget_type=\"heading.default\">\n\t\t\t\t\t<h3 class=\"elementor-heading-title elementor-size-default\"><a href=\"https:\/\/concellodezas.gal\/es\/parroquia\/brandomil\/\">Brandomil<\/a><\/h3>\t\t\t\t<\/div>\n\t\t\t\t<\/div>\n\t\t\t\t<\/div>\n\t\t<\/li><li class=\"jet-listing-grid__item jet-listing-dynamic-post-28195 jet-equal-columns jet-listing-grid__list_item\" data-post-id=\"28195\"  ><style type=\"text\/css\">.jet-listing-dynamic-post-28195 .elementor-element.elementor-element-b33b157:not(.elementor-motion-effects-element-type-background), .jet-listing-dynamic-post-28195 .elementor-element.elementor-element-b33b157 > .elementor-motion-effects-container > .elementor-motion-effects-layer{background-image:url(\"https:\/\/concellodezas.gal\/wp-content\/uploads\/2021\/05\/Vilar_desde__o_NO_Foto_EDR_min.jpg\");}<\/style>\t\t<div data-elementor-type=\"jet-listing-items\" data-elementor-id=\"21300\" class=\"elementor elementor-21300\" data-elementor-post-type=\"jet-engine\">\n\t\t\t\t<div class=\"elementor-element elementor-element-b33b157 e-con-full e-flex e-con e-child\" data-id=\"b33b157\" data-element_type=\"container\" data-e-type=\"container\" data-settings=\"{&quot;background_background&quot;:&quot;classic&quot;,&quot;jet_parallax_layout_list&quot;:[]}\">\n\t\t\t\t<div class=\"elementor-element elementor-element-684e59d elementor-widget elementor-widget-heading\" data-id=\"684e59d\" data-element_type=\"widget\" data-e-type=\"widget\" data-widget_type=\"heading.default\">\n\t\t\t\t\t<h3 class=\"elementor-heading-title elementor-size-default\"><a href=\"https:\/\/concellodezas.gal\/es\/parroquia\/vilar\/\">Vilar<\/a><\/h3>\t\t\t\t<\/div>\n\t\t\t\t<\/div>\n\t\t\t\t<\/div>\n\t\t<\/li><li class=\"jet-listing-grid__item jet-listing-dynamic-post-28227 jet-equal-columns jet-listing-grid__list_item\" data-post-id=\"28227\"  ><style type=\"text\/css\">.jet-listing-dynamic-post-28227 .elementor-element.elementor-element-b33b157:not(.elementor-motion-effects-element-type-background), .jet-listing-dynamic-post-28227 .elementor-element.elementor-element-b33b157 > .elementor-motion-effects-container > .elementor-motion-effects-layer{background-image:url(\"https:\/\/concellodezas.gal\/wp-content\/uploads\/2025\/08\/Pazo-de-Menos-Zas-00002.jpg\");}<\/style>\t\t<div data-elementor-type=\"jet-listing-items\" data-elementor-id=\"21300\" class=\"elementor elementor-21300\" data-elementor-post-type=\"jet-engine\">\n\t\t\t\t<div class=\"elementor-element elementor-element-b33b157 e-con-full e-flex e-con e-child\" data-id=\"b33b157\" data-element_type=\"container\" data-e-type=\"container\" data-settings=\"{&quot;background_background&quot;:&quot;classic&quot;,&quot;jet_parallax_layout_list&quot;:[]}\">\n\t\t\t\t<div class=\"elementor-element elementor-element-684e59d elementor-widget elementor-widget-heading\" data-id=\"684e59d\" data-element_type=\"widget\" data-e-type=\"widget\" data-widget_type=\"heading.default\">\n\t\t\t\t\t<h3 class=\"elementor-heading-title elementor-size-default\"><a href=\"https:\/\/concellodezas.gal\/es\/parroquia\/meanos\/\">Meanos<\/a><\/h3>\t\t\t\t<\/div>\n\t\t\t\t<\/div>\n\t\t\t\t<\/div>\n\t\t<\/li><li class=\"jet-listing-grid__item jet-listing-dynamic-post-28142 jet-equal-columns jet-listing-grid__list_item\" data-post-id=\"28142\"  ><style type=\"text\/css\">.jet-listing-dynamic-post-28142 .elementor-element.elementor-element-b33b157:not(.elementor-motion-effects-element-type-background), .jet-listing-dynamic-post-28142 .elementor-element.elementor-element-b33b157 > .elementor-motion-effects-container > .elementor-motion-effects-layer{background-image:url(\"https:\/\/concellodezas.gal\/wp-content\/uploads\/2025\/08\/Santa-Maria-de-Mira-Concello-de-Zas-00019.jpg\");}<\/style>\t\t<div data-elementor-type=\"jet-listing-items\" data-elementor-id=\"21300\" class=\"elementor elementor-21300\" data-elementor-post-type=\"jet-engine\">\n\t\t\t\t<div class=\"elementor-element elementor-element-b33b157 e-con-full e-flex e-con e-child\" data-id=\"b33b157\" data-element_type=\"container\" data-e-type=\"container\" data-settings=\"{&quot;background_background&quot;:&quot;classic&quot;,&quot;jet_parallax_layout_list&quot;:[]}\">\n\t\t\t\t<div class=\"elementor-element elementor-element-684e59d elementor-widget elementor-widget-heading\" data-id=\"684e59d\" data-element_type=\"widget\" data-e-type=\"widget\" data-widget_type=\"heading.default\">\n\t\t\t\t\t<h3 class=\"elementor-heading-title elementor-size-default\"><a href=\"https:\/\/concellodezas.gal\/es\/parroquia\/mira\/\">Mira<\/a><\/h3>\t\t\t\t<\/div>\n\t\t\t\t<\/div>\n\t\t\t\t<\/div>\n\t\t<\/li><li class=\"jet-listing-grid__item jet-listing-dynamic-post-28134 jet-equal-columns jet-listing-grid__list_item\" data-post-id=\"28134\"  ><style type=\"text\/css\">.jet-listing-dynamic-post-28134 .elementor-element.elementor-element-b33b157:not(.elementor-motion-effects-element-type-background), .jet-listing-dynamic-post-28134 .elementor-element.elementor-element-b33b157 > .elementor-motion-effects-container > .elementor-motion-effects-layer{background-image:url(\"https:\/\/concellodezas.gal\/wp-content\/uploads\/2025\/08\/Santa-Maria-de-Lamas-00001.jpg\");}<\/style>\t\t<div data-elementor-type=\"jet-listing-items\" data-elementor-id=\"21300\" class=\"elementor elementor-21300\" data-elementor-post-type=\"jet-engine\">\n\t\t\t\t<div class=\"elementor-element elementor-element-b33b157 e-con-full e-flex e-con e-child\" data-id=\"b33b157\" data-element_type=\"container\" data-e-type=\"container\" data-settings=\"{&quot;background_background&quot;:&quot;classic&quot;,&quot;jet_parallax_layout_list&quot;:[]}\">\n\t\t\t\t<div class=\"elementor-element elementor-element-684e59d elementor-widget elementor-widget-heading\" data-id=\"684e59d\" data-element_type=\"widget\" data-e-type=\"widget\" data-widget_type=\"heading.default\">\n\t\t\t\t\t<h3 class=\"elementor-heading-title elementor-size-default\"><a href=\"https:\/\/concellodezas.gal\/es\/parroquia\/lamas\/\">Lamas<\/a><\/h3>\t\t\t\t<\/div>\n\t\t\t\t<\/div>\n\t\t\t\t<\/div>\n\t\t<\/li><li class=\"jet-listing-grid__item jet-listing-dynamic-post-28231 jet-equal-columns jet-listing-grid__list_item\" data-post-id=\"28231\"  ><style type=\"text\/css\">.jet-listing-dynamic-post-28231 .elementor-element.elementor-element-b33b157:not(.elementor-motion-effects-element-type-background), .jet-listing-dynamic-post-28231 .elementor-element.elementor-element-b33b157 > .elementor-motion-effects-container > .elementor-motion-effects-layer{background-image:url(\"https:\/\/concellodezas.gal\/wp-content\/uploads\/2021\/06\/img56.jpg\");}<\/style>\t\t<div data-elementor-type=\"jet-listing-items\" data-elementor-id=\"21300\" class=\"elementor elementor-21300\" data-elementor-post-type=\"jet-engine\">\n\t\t\t\t<div class=\"elementor-element elementor-element-b33b157 e-con-full e-flex e-con e-child\" data-id=\"b33b157\" data-element_type=\"container\" data-e-type=\"container\" data-settings=\"{&quot;background_background&quot;:&quot;classic&quot;,&quot;jet_parallax_layout_list&quot;:[]}\">\n\t\t\t\t<div class=\"elementor-element elementor-element-684e59d elementor-widget elementor-widget-heading\" data-id=\"684e59d\" data-element_type=\"widget\" data-e-type=\"widget\" data-widget_type=\"heading.default\">\n\t\t\t\t\t<h3 class=\"elementor-heading-title elementor-size-default\"><a href=\"https:\/\/concellodezas.gal\/es\/parroquia\/brandonas\/\">Brando\u00f1as<\/a><\/h3>\t\t\t\t<\/div>\n\t\t\t\t<\/div>\n\t\t\t\t<\/div>\n\t\t<\/li><li class=\"jet-listing-grid__item jet-listing-dynamic-post-28138 jet-equal-columns jet-listing-grid__list_item\" data-post-id=\"28138\"  ><style type=\"text\/css\">.jet-listing-dynamic-post-28138 .elementor-element.elementor-element-b33b157:not(.elementor-motion-effects-element-type-background), .jet-listing-dynamic-post-28138 .elementor-element.elementor-element-b33b157 > .elementor-motion-effects-container > .elementor-motion-effects-layer{background-image:url(\"https:\/\/concellodezas.gal\/wp-content\/uploads\/2025\/08\/Santo-Andre-de-Zas-00022.jpg\");}<\/style>\t\t<div data-elementor-type=\"jet-listing-items\" data-elementor-id=\"21300\" class=\"elementor elementor-21300\" data-elementor-post-type=\"jet-engine\">\n\t\t\t\t<div class=\"elementor-element elementor-element-b33b157 e-con-full e-flex e-con e-child\" data-id=\"b33b157\" data-element_type=\"container\" data-e-type=\"container\" data-settings=\"{&quot;background_background&quot;:&quot;classic&quot;,&quot;jet_parallax_layout_list&quot;:[]}\">\n\t\t\t\t<div class=\"elementor-element elementor-element-684e59d elementor-widget elementor-widget-heading\" data-id=\"684e59d\" data-element_type=\"widget\" data-e-type=\"widget\" data-widget_type=\"heading.default\">\n\t\t\t\t\t<h3 class=\"elementor-heading-title elementor-size-default\"><a href=\"https:\/\/concellodezas.gal\/es\/parroquia\/zas\/\">Zas<\/a><\/h3>\t\t\t\t<\/div>\n\t\t\t\t<\/div>\n\t\t\t\t<\/div>\n\t\t<\/li><li class=\"jet-listing-grid__item jet-listing-dynamic-post-28215 jet-equal-columns jet-listing-grid__list_item\" data-post-id=\"28215\"  ><style type=\"text\/css\">.jet-listing-dynamic-post-28215 .elementor-element.elementor-element-b33b157:not(.elementor-motion-effects-element-type-background), .jet-listing-dynamic-post-28215 .elementor-element.elementor-element-b33b157 > .elementor-motion-effects-container > .elementor-motion-effects-layer{background-image:url(\"https:\/\/concellodezas.gal\/wp-content\/uploads\/2021\/05\/Aldea_de_Santo_Adrian_o__fondo_o_monte_do_Castro_Foto_EDR.jpg\");}<\/style>\t\t<div data-elementor-type=\"jet-listing-items\" data-elementor-id=\"21300\" class=\"elementor elementor-21300\" data-elementor-post-type=\"jet-engine\">\n\t\t\t\t<div class=\"elementor-element elementor-element-b33b157 e-con-full e-flex e-con e-child\" data-id=\"b33b157\" data-element_type=\"container\" data-e-type=\"container\" data-settings=\"{&quot;background_background&quot;:&quot;classic&quot;,&quot;jet_parallax_layout_list&quot;:[]}\">\n\t\t\t\t<div class=\"elementor-element elementor-element-684e59d elementor-widget elementor-widget-heading\" data-id=\"684e59d\" data-element_type=\"widget\" data-e-type=\"widget\" data-widget_type=\"heading.default\">\n\t\t\t\t\t<h3 class=\"elementor-heading-title elementor-size-default\"><a href=\"https:\/\/concellodezas.gal\/es\/parroquia\/santo-adrian-de-castro\/\">Santo Adri\u00e1n de Castro<\/a><\/h3>\t\t\t\t<\/div>\n\t\t\t\t<\/div>\n\t\t\t\t<\/div>\n\t\t<\/li><li class=\"jet-listing-grid__item jet-listing-dynamic-post-28126 jet-equal-columns jet-listing-grid__list_item\" data-post-id=\"28126\"  ><style type=\"text\/css\">.jet-listing-dynamic-post-28126 .elementor-element.elementor-element-b33b157:not(.elementor-motion-effects-element-type-background), .jet-listing-dynamic-post-28126 .elementor-element.elementor-element-b33b157 > .elementor-motion-effects-container > .elementor-motion-effects-layer{background-image:url(\"https:\/\/concellodezas.gal\/wp-content\/uploads\/2021\/05\/As_Torres_e_o_monte_Castelo_XMLS.jpg\");}<\/style>\t\t<div data-elementor-type=\"jet-listing-items\" data-elementor-id=\"21300\" class=\"elementor elementor-21300\" data-elementor-post-type=\"jet-engine\">\n\t\t\t\t<div class=\"elementor-element elementor-element-b33b157 e-con-full e-flex e-con e-child\" data-id=\"b33b157\" data-element_type=\"container\" data-e-type=\"container\" data-settings=\"{&quot;background_background&quot;:&quot;classic&quot;,&quot;jet_parallax_layout_list&quot;:[]}\">\n\t\t\t\t<div class=\"elementor-element elementor-element-684e59d elementor-widget elementor-widget-heading\" data-id=\"684e59d\" data-element_type=\"widget\" data-e-type=\"widget\" data-widget_type=\"heading.default\">\n\t\t\t\t\t<h3 class=\"elementor-heading-title elementor-size-default\"><a href=\"https:\/\/concellodezas.gal\/es\/parroquia\/o-allo\/\">O Allo<\/a><\/h3>\t\t\t\t<\/div>\n\t\t\t\t<\/div>\n\t\t\t\t<\/div>\n\t\t<\/li><\/ul><\/div><\/div>\t\t\t\t<\/div>\n\t\t\t\t<\/div>\n\t\t<div class=\"elementor-element elementor-element-9b90cdd e-con-full e-flex e-con e-child\" data-id=\"9b90cdd\" data-element_type=\"container\" data-e-type=\"container\" data-settings=\"{&quot;jet_parallax_layout_list&quot;:[]}\">\n\t\t<div class=\"elementor-element elementor-element-41911e4 e-con-full e-flex e-con e-child\" data-id=\"41911e4\" data-element_type=\"container\" data-e-type=\"container\" data-settings=\"{&quot;jet_parallax_layout_list&quot;:[]}\">\n\t\t\t\t<div class=\"elementor-element elementor-element-b30d4bf elementor-widget elementor-widget-n-accordion\" data-id=\"b30d4bf\" data-element_type=\"widget\" data-e-type=\"widget\" data-settings=\"{&quot;default_state&quot;:&quot;all_collapsed&quot;,&quot;max_items_expended&quot;:&quot;one&quot;,&quot;n_accordion_animation_duration&quot;:{&quot;unit&quot;:&quot;ms&quot;,&quot;size&quot;:400,&quot;sizes&quot;:[]}}\" data-widget_type=\"nested-accordion.default\">\n\t\t\t\t\t\t\t<div class=\"e-n-accordion\" aria-label=\"Accordion. Open links with Enter or Space, close with Escape, and navigate with Arrow Keys\">\n\t\t\t\t\t\t<details id=\"e-n-accordion-item-1870\" class=\"e-n-accordion-item\" >\n\t\t\t\t<summary class=\"e-n-accordion-item-title\" data-accordion-index=\"1\" tabindex=\"0\" aria-expanded=\"false\" aria-controls=\"e-n-accordion-item-1870\" >\n\t\t\t\t\t<span class='e-n-accordion-item-title-header'><h3 class=\"e-n-accordion-item-title-text\"> Historia del Ayuntamiento <\/h3><\/span>\n\t\t\t\t\t\t\t<span class='e-n-accordion-item-title-icon'>\n\t\t\t<span class='e-opened' ><svg aria-hidden=\"true\" class=\"e-font-icon-svg e-fas-chevron-up\" viewBox=\"0 0 448 512\" xmlns=\"http:\/\/www.w3.org\/2000\/svg\"><path d=\"M240.971 130.524l194.343 194.343c9.373 9.373 9.373 24.569 0 33.941l-22.667 22.667c-9.357 9.357-24.522 9.375-33.901.04L224 227.495 69.255 381.516c-9.379 9.335-24.544 9.317-33.901-.04l-22.667-22.667c-9.373-9.373-9.373-24.569 0-33.941L207.03 130.525c9.372-9.373 24.568-9.373 33.941-.001z\"><\/path><\/svg><\/span>\n\t\t\t<span class='e-closed'><svg aria-hidden=\"true\" class=\"e-font-icon-svg e-fas-chevron-down\" viewBox=\"0 0 448 512\" xmlns=\"http:\/\/www.w3.org\/2000\/svg\"><path d=\"M207.029 381.476L12.686 187.132c-9.373-9.373-9.373-24.569 0-33.941l22.667-22.667c9.357-9.357 24.522-9.375 33.901-.04L224 284.505l154.745-154.021c9.379-9.335 24.544-9.317 33.901.04l22.667 22.667c9.373 9.373 9.373 24.569 0 33.941L240.971 381.476c-9.373 9.372-24.569 9.372-33.942 0z\"><\/path><\/svg><\/span>\n\t\t<\/span>\n\n\t\t\t\t\t\t<\/summary>\n\t\t\t\t<div role=\"region\" aria-labelledby=\"e-n-accordion-item-1870\" class=\"elementor-element elementor-element-f9be49d e-con-full e-flex e-con e-child\" data-id=\"f9be49d\" data-element_type=\"container\" data-e-type=\"container\" data-settings=\"{&quot;jet_parallax_layout_list&quot;:[]}\">\n\t\t\t\t<div class=\"elementor-element elementor-element-936753b elementor-widget elementor-widget-text-editor\" data-id=\"936753b\" data-element_type=\"widget\" data-e-type=\"widget\" data-widget_type=\"text-editor.default\">\n\t\t\t\t\t\t\t\t\t<p>El municipio de Zas posee un rico pasado que se remonta a la \u00e9poca romana, cuando la V\u00eda XX Per Loca Mar\u00edtima cruzaba el r\u00edo Xallas a trav\u00e9s del hist\u00f3rico Puente Brandomil. La presencia de oro en el r\u00edo dio origen a la explotaci\u00f3n minera, y en sus orillas tambi\u00e9n se encuentran restos de castros celtas. Este territorio fue, durante siglos, un punto de encuentro y paso de culturas.  <\/p><p>A lo largo de la Edad Media y la Edad Moderna, la huella se\u00f1orial estuvo presente en las casas solariegas que a\u00fan se conservan, como las de Romelle, As Edreiras, Daneiro o Follente. Tambi\u00e9n son destacables sus iglesias barrocas, como San Andr\u00e9s de Zas o Santa Mar\u00eda de Lamas, y elementos singulares como el Cristo de piedra de San Marti\u00f1o de Meanos o la ermita de Santa Margarida con su manantial curativo. La memoria hist\u00f3rica se complementa con una notable riqueza megal\u00edtica, con el Arca da Piosa como s\u00edmbolo legendario asociado al guerrero celta Brandomil.  <\/p>\t\t\t\t\t\t\t\t<\/div>\n\t\t\t\t<\/div>\n\t\t\t\t\t<\/details>\n\t\t\t\t\t\t<details id=\"e-n-accordion-item-1871\" class=\"e-n-accordion-item\" >\n\t\t\t\t<summary class=\"e-n-accordion-item-title\" data-accordion-index=\"2\" tabindex=\"-1\" aria-expanded=\"false\" aria-controls=\"e-n-accordion-item-1871\" >\n\t\t\t\t\t<span class='e-n-accordion-item-title-header'><h3 class=\"e-n-accordion-item-title-text\"> Naturaleza y paisaje <\/h3><\/span>\n\t\t\t\t\t\t\t<span class='e-n-accordion-item-title-icon'>\n\t\t\t<span class='e-opened' ><svg aria-hidden=\"true\" class=\"e-font-icon-svg e-fas-chevron-up\" viewBox=\"0 0 448 512\" xmlns=\"http:\/\/www.w3.org\/2000\/svg\"><path d=\"M240.971 130.524l194.343 194.343c9.373 9.373 9.373 24.569 0 33.941l-22.667 22.667c-9.357 9.357-24.522 9.375-33.901.04L224 227.495 69.255 381.516c-9.379 9.335-24.544 9.317-33.901-.04l-22.667-22.667c-9.373-9.373-9.373-24.569 0-33.941L207.03 130.525c9.372-9.373 24.568-9.373 33.941-.001z\"><\/path><\/svg><\/span>\n\t\t\t<span class='e-closed'><svg aria-hidden=\"true\" class=\"e-font-icon-svg e-fas-chevron-down\" viewBox=\"0 0 448 512\" xmlns=\"http:\/\/www.w3.org\/2000\/svg\"><path d=\"M207.029 381.476L12.686 187.132c-9.373-9.373-9.373-24.569 0-33.941l22.667-22.667c9.357-9.357 24.522-9.375 33.901-.04L224 284.505l154.745-154.021c9.379-9.335 24.544-9.317 33.901.04l22.667 22.667c9.373 9.373 9.373 24.569 0 33.941L240.971 381.476c-9.373 9.372-24.569 9.372-33.942 0z\"><\/path><\/svg><\/span>\n\t\t<\/span>\n\n\t\t\t\t\t\t<\/summary>\n\t\t\t\t<div role=\"region\" aria-labelledby=\"e-n-accordion-item-1871\" class=\"elementor-element elementor-element-f0ccb73 e-con-full e-flex e-con e-child\" data-id=\"f0ccb73\" data-element_type=\"container\" data-e-type=\"container\" data-settings=\"{&quot;jet_parallax_layout_list&quot;:[]}\">\n\t\t\t\t<div class=\"elementor-element elementor-element-1be0b4f elementor-widget elementor-widget-text-editor\" data-id=\"1be0b4f\" data-element_type=\"widget\" data-e-type=\"widget\" data-widget_type=\"text-editor.default\">\n\t\t\t\t\t\t\t\t\t<p>Zas se encuentra en el coraz\u00f3n verde de la Costa da Morte, un territorio de prados, r\u00edos y robledales que invita al descanso. El r\u00edo Xallas y sus afluentes conforman un paisaje repleto de cascadas, molinos y \u00e1reas recreativas que preservan el esp\u00edritu del campo gallego. Lugares como el paraje natural de Pedra Vix\u00eda o los paseos fluviales de Baio y Zas ofrecen espacios ideales para pasear en contacto con la naturaleza.  <\/p><p>En su punto m\u00e1s alto, el mirador del Pico de Meda se alza a 556 metros, ofreciendo una panor\u00e1mica privilegiada del Valle de Soneira y su fauna en libertad. Adem\u00e1s, la Carballeira da Devesa, con sus robles centenarios, se ha convertido en un s\u00edmbolo natural y cultural. Es un municipio que combina naturaleza salvaje y tranquilidad, ideal para quienes buscan senderismo, avistamiento de aves o simplemente disfrutar de la tranquilidad.  <\/p>\t\t\t\t\t\t\t\t<\/div>\n\t\t\t\t<\/div>\n\t\t\t\t\t<\/details>\n\t\t\t\t\t\t<details id=\"e-n-accordion-item-1872\" class=\"e-n-accordion-item\" >\n\t\t\t\t<summary class=\"e-n-accordion-item-title\" data-accordion-index=\"3\" tabindex=\"-1\" aria-expanded=\"false\" aria-controls=\"e-n-accordion-item-1872\" >\n\t\t\t\t\t<span class='e-n-accordion-item-title-header'><h3 class=\"e-n-accordion-item-title-text\"> Patrimonio <\/h3><\/span>\n\t\t\t\t\t\t\t<span class='e-n-accordion-item-title-icon'>\n\t\t\t<span class='e-opened' ><svg aria-hidden=\"true\" class=\"e-font-icon-svg e-fas-chevron-up\" viewBox=\"0 0 448 512\" xmlns=\"http:\/\/www.w3.org\/2000\/svg\"><path d=\"M240.971 130.524l194.343 194.343c9.373 9.373 9.373 24.569 0 33.941l-22.667 22.667c-9.357 9.357-24.522 9.375-33.901.04L224 227.495 69.255 381.516c-9.379 9.335-24.544 9.317-33.901-.04l-22.667-22.667c-9.373-9.373-9.373-24.569 0-33.941L207.03 130.525c9.372-9.373 24.568-9.373 33.941-.001z\"><\/path><\/svg><\/span>\n\t\t\t<span class='e-closed'><svg aria-hidden=\"true\" class=\"e-font-icon-svg e-fas-chevron-down\" viewBox=\"0 0 448 512\" xmlns=\"http:\/\/www.w3.org\/2000\/svg\"><path d=\"M207.029 381.476L12.686 187.132c-9.373-9.373-9.373-24.569 0-33.941l22.667-22.667c9.357-9.357 24.522-9.375 33.901-.04L224 284.505l154.745-154.021c9.379-9.335 24.544-9.317 33.901.04l22.667 22.667c9.373 9.373 9.373 24.569 0 33.941L240.971 381.476c-9.373 9.372-24.569 9.372-33.942 0z\"><\/path><\/svg><\/span>\n\t\t<\/span>\n\n\t\t\t\t\t\t<\/summary>\n\t\t\t\t<div role=\"region\" aria-labelledby=\"e-n-accordion-item-1872\" class=\"elementor-element elementor-element-c4d54c5 e-con-full e-flex e-con e-child\" data-id=\"c4d54c5\" data-element_type=\"container\" data-e-type=\"container\" data-settings=\"{&quot;jet_parallax_layout_list&quot;:[]}\">\n\t\t\t\t<div class=\"elementor-element elementor-element-c16b643 elementor-widget elementor-widget-text-editor\" data-id=\"c16b643\" data-element_type=\"widget\" data-e-type=\"widget\" data-widget_type=\"text-editor.default\">\n\t\t\t\t\t\t\t\t\t<p>El patrimonio de Zas es diverso y da testimonio de su pasado hist\u00f3rico y cultural. El Puente Brandomil, construido en piedra sobre el r\u00edo Xallas, conecta el presente con una calzada romana que convirti\u00f3 este lugar en un punto estrat\u00e9gico. Las numerosas tumbas y d\u00f3lmenes, como el Arca da Piosa o la Pedra Vix\u00eda, recuerdan la importancia megal\u00edtica de la zona.  <\/p><p>En el entorno se\u00f1orial, destacan casas solariegas como las Torres do Allo \u2014hoy convertidas en centro de interpretaci\u00f3n del patrimonio de la Costa da Morte\u2014 o las casas nobles que salpican el territorio. En el \u00e1mbito religioso, destacan iglesias barrocas y neocl\u00e1sicas, junto con capillas de tradici\u00f3n popular. Cruces, h\u00f3rreos y molinos completan un mosaico de elementos patrimoniales que hablan de la identidad rural gallega.  <\/p>\t\t\t\t\t\t\t\t<\/div>\n\t\t\t\t<\/div>\n\t\t\t\t\t<\/details>\n\t\t\t\t\t<\/div>\n\t\t\t\t\t\t<\/div>\n\t\t\t\t<\/div>\n\t\t<div class=\"elementor-element elementor-element-1907534 e-con-full e-flex e-con e-child\" data-id=\"1907534\" data-element_type=\"container\" data-e-type=\"container\" data-settings=\"{&quot;jet_parallax_layout_list&quot;:[]}\">\n\t\t\t\t<div class=\"elementor-element elementor-element-33633c4 elementor-widget elementor-widget-n-accordion\" data-id=\"33633c4\" data-element_type=\"widget\" data-e-type=\"widget\" data-settings=\"{&quot;default_state&quot;:&quot;all_collapsed&quot;,&quot;max_items_expended&quot;:&quot;one&quot;,&quot;n_accordion_animation_duration&quot;:{&quot;unit&quot;:&quot;ms&quot;,&quot;size&quot;:400,&quot;sizes&quot;:[]}}\" data-widget_type=\"nested-accordion.default\">\n\t\t\t\t\t\t\t<div class=\"e-n-accordion\" aria-label=\"Accordion. Open links with Enter or Space, close with Escape, and navigate with Arrow Keys\">\n\t\t\t\t\t\t<details id=\"e-n-accordion-item-5380\" class=\"e-n-accordion-item\" >\n\t\t\t\t<summary class=\"e-n-accordion-item-title\" data-accordion-index=\"1\" tabindex=\"0\" aria-expanded=\"false\" aria-controls=\"e-n-accordion-item-5380\" >\n\t\t\t\t\t<span class='e-n-accordion-item-title-header'><h3 class=\"e-n-accordion-item-title-text\"> Tradiciones y fiestas <\/h3><\/span>\n\t\t\t\t\t\t\t<span class='e-n-accordion-item-title-icon'>\n\t\t\t<span class='e-opened' ><svg aria-hidden=\"true\" class=\"e-font-icon-svg e-fas-chevron-up\" viewBox=\"0 0 448 512\" xmlns=\"http:\/\/www.w3.org\/2000\/svg\"><path d=\"M240.971 130.524l194.343 194.343c9.373 9.373 9.373 24.569 0 33.941l-22.667 22.667c-9.357 9.357-24.522 9.375-33.901.04L224 227.495 69.255 381.516c-9.379 9.335-24.544 9.317-33.901-.04l-22.667-22.667c-9.373-9.373-9.373-24.569 0-33.941L207.03 130.525c9.372-9.373 24.568-9.373 33.941-.001z\"><\/path><\/svg><\/span>\n\t\t\t<span class='e-closed'><svg aria-hidden=\"true\" class=\"e-font-icon-svg e-fas-chevron-down\" viewBox=\"0 0 448 512\" xmlns=\"http:\/\/www.w3.org\/2000\/svg\"><path d=\"M207.029 381.476L12.686 187.132c-9.373-9.373-9.373-24.569 0-33.941l22.667-22.667c9.357-9.357 24.522-9.375 33.901-.04L224 284.505l154.745-154.021c9.379-9.335 24.544-9.317 33.901.04l22.667 22.667c9.373 9.373 9.373 24.569 0 33.941L240.971 381.476c-9.373 9.372-24.569 9.372-33.942 0z\"><\/path><\/svg><\/span>\n\t\t<\/span>\n\n\t\t\t\t\t\t<\/summary>\n\t\t\t\t<div role=\"region\" aria-labelledby=\"e-n-accordion-item-5380\" class=\"elementor-element elementor-element-2d6632c e-con-full e-flex e-con e-child\" data-id=\"2d6632c\" data-element_type=\"container\" data-e-type=\"container\" data-settings=\"{&quot;jet_parallax_layout_list&quot;:[]}\">\n\t\t\t\t<div class=\"elementor-element elementor-element-0e8ed80 elementor-widget elementor-widget-text-editor\" data-id=\"0e8ed80\" data-element_type=\"widget\" data-e-type=\"widget\" data-widget_type=\"text-editor.default\">\n\t\t\t\t\t\t\t\t\t<p>La vida en el municipio de Zas est\u00e1 marcada por sus fiestas, romer\u00edas y celebraciones populares. La Festa da Carballeira, que se celebra el \u00faltimo domingo de junio bajo los robles centenarios de A Devesa, es uno de los encuentros m\u00e1s singulares. El Festival Folcl\u00f3rico da Carballeira, organizado por j\u00f3venes, se ha convertido ya en un evento musical de referencia en Galicia.  <\/p><p>Tambi\u00e9n cabe destacar la Rapa das Bestas, romer\u00edas como la de Santa Margarida y las fiestas patronales que llenan las parroquias de m\u00fasica y devoci\u00f3n durante todo el a\u00f1o: San Cristovo en Baio, Virxe do Carme en Zas, Santa Mar\u00eda en Baio o San Andr\u00e9s en Zas. Ferias mensuales y eventos como el Feirauto completan un calendario lleno de tradici\u00f3n y vida comunitaria. <\/p>\t\t\t\t\t\t\t\t<\/div>\n\t\t\t\t<\/div>\n\t\t\t\t\t<\/details>\n\t\t\t\t\t\t<details id=\"e-n-accordion-item-5381\" class=\"e-n-accordion-item\" >\n\t\t\t\t<summary class=\"e-n-accordion-item-title\" data-accordion-index=\"2\" tabindex=\"-1\" aria-expanded=\"false\" aria-controls=\"e-n-accordion-item-5381\" >\n\t\t\t\t\t<span class='e-n-accordion-item-title-header'><h3 class=\"e-n-accordion-item-title-text\"> Caminos y rutas <\/h3><\/span>\n\t\t\t\t\t\t\t<span class='e-n-accordion-item-title-icon'>\n\t\t\t<span class='e-opened' ><svg aria-hidden=\"true\" class=\"e-font-icon-svg e-fas-chevron-up\" viewBox=\"0 0 448 512\" xmlns=\"http:\/\/www.w3.org\/2000\/svg\"><path d=\"M240.971 130.524l194.343 194.343c9.373 9.373 9.373 24.569 0 33.941l-22.667 22.667c-9.357 9.357-24.522 9.375-33.901.04L224 227.495 69.255 381.516c-9.379 9.335-24.544 9.317-33.901-.04l-22.667-22.667c-9.373-9.373-9.373-24.569 0-33.941L207.03 130.525c9.372-9.373 24.568-9.373 33.941-.001z\"><\/path><\/svg><\/span>\n\t\t\t<span class='e-closed'><svg aria-hidden=\"true\" class=\"e-font-icon-svg e-fas-chevron-down\" viewBox=\"0 0 448 512\" xmlns=\"http:\/\/www.w3.org\/2000\/svg\"><path d=\"M207.029 381.476L12.686 187.132c-9.373-9.373-9.373-24.569 0-33.941l22.667-22.667c9.357-9.357 24.522-9.375 33.901-.04L224 284.505l154.745-154.021c9.379-9.335 24.544-9.317 33.901.04l22.667 22.667c9.373 9.373 9.373 24.569 0 33.941L240.971 381.476c-9.373 9.372-24.569 9.372-33.942 0z\"><\/path><\/svg><\/span>\n\t\t<\/span>\n\n\t\t\t\t\t\t<\/summary>\n\t\t\t\t<div role=\"region\" aria-labelledby=\"e-n-accordion-item-5381\" class=\"elementor-element elementor-element-1959de0 e-con-full e-flex e-con e-child\" data-id=\"1959de0\" data-element_type=\"container\" data-e-type=\"container\" data-settings=\"{&quot;jet_parallax_layout_list&quot;:[]}\">\n\t\t\t\t<div class=\"elementor-element elementor-element-41cef60 elementor-widget elementor-widget-text-editor\" data-id=\"41cef60\" data-element_type=\"widget\" data-e-type=\"widget\" data-widget_type=\"text-editor.default\">\n\t\t\t\t\t\t\t\t\t<p>El municipio de Zas est\u00e1 atravesado por senderos hist\u00f3ricos que conectan parroquias, monta\u00f1as y valles. Los visitantes pueden seguir las huellas del pasado romano en los alrededores de Brandomil, explorar los senderos fluviales que acompa\u00f1an a los r\u00edos Baio y Zas, o aventurarse hacia las tumbas y d\u00f3lmenes que hablan de tiempos prehist\u00f3ricos. <\/p><p>Estas rutas permiten descubrir la belleza natural y el patrimonio cultural en un mismo recorrido. La variedad de senderos ofrece opciones tanto para senderistas tranquilos como para amantes de las caminatas m\u00e1s largas, siempre con el aliciente de descubrir paisajes sorprendentes y rincones llenos de historia. <\/p>\t\t\t\t\t\t\t\t<\/div>\n\t\t\t\t<\/div>\n\t\t\t\t\t<\/details>\n\t\t\t\t\t\t<details id=\"e-n-accordion-item-5382\" class=\"e-n-accordion-item\" >\n\t\t\t\t<summary class=\"e-n-accordion-item-title\" data-accordion-index=\"3\" tabindex=\"-1\" aria-expanded=\"false\" aria-controls=\"e-n-accordion-item-5382\" >\n\t\t\t\t\t<span class='e-n-accordion-item-title-header'><h3 class=\"e-n-accordion-item-title-text\"> La vida en el rural <\/h3><\/span>\n\t\t\t\t\t\t\t<span class='e-n-accordion-item-title-icon'>\n\t\t\t<span class='e-opened' ><svg aria-hidden=\"true\" class=\"e-font-icon-svg e-fas-chevron-up\" viewBox=\"0 0 448 512\" xmlns=\"http:\/\/www.w3.org\/2000\/svg\"><path d=\"M240.971 130.524l194.343 194.343c9.373 9.373 9.373 24.569 0 33.941l-22.667 22.667c-9.357 9.357-24.522 9.375-33.901.04L224 227.495 69.255 381.516c-9.379 9.335-24.544 9.317-33.901-.04l-22.667-22.667c-9.373-9.373-9.373-24.569 0-33.941L207.03 130.525c9.372-9.373 24.568-9.373 33.941-.001z\"><\/path><\/svg><\/span>\n\t\t\t<span class='e-closed'><svg aria-hidden=\"true\" class=\"e-font-icon-svg e-fas-chevron-down\" viewBox=\"0 0 448 512\" xmlns=\"http:\/\/www.w3.org\/2000\/svg\"><path d=\"M207.029 381.476L12.686 187.132c-9.373-9.373-9.373-24.569 0-33.941l22.667-22.667c9.357-9.357 24.522-9.375 33.901-.04L224 284.505l154.745-154.021c9.379-9.335 24.544-9.317 33.901.04l22.667 22.667c9.373 9.373 9.373 24.569 0 33.941L240.971 381.476c-9.373 9.372-24.569 9.372-33.942 0z\"><\/path><\/svg><\/span>\n\t\t<\/span>\n\n\t\t\t\t\t\t<\/summary>\n\t\t\t\t<div role=\"region\" aria-labelledby=\"e-n-accordion-item-5382\" class=\"elementor-element elementor-element-babd471 e-con-full e-flex e-con e-child\" data-id=\"babd471\" data-element_type=\"container\" data-e-type=\"container\" data-settings=\"{&quot;jet_parallax_layout_list&quot;:[]}\">\n\t\t\t\t<div class=\"elementor-element elementor-element-17ec68f elementor-widget elementor-widget-text-editor\" data-id=\"17ec68f\" data-element_type=\"widget\" data-e-type=\"widget\" data-widget_type=\"text-editor.default\">\n\t\t\t\t\t\t\t\t\t<p>Zas es un municipio eminentemente agr\u00edcola y ganadero, donde la vida cotidiana a\u00fan conserva el ritmo de la Galicia rural. La actividad agr\u00edcola convive con el peque\u00f1o comercio, la hosteler\u00eda y las nuevas iniciativas culturales y sociales que mantienen vivas las parroquias. <\/p><p>Las asociaciones de vecinos desempe\u00f1an un papel fundamental en la preservaci\u00f3n de tradiciones como el lino, recuperado por la Asociaci\u00f3n O Santiagui\u00f1o, o en la valorizaci\u00f3n de espacios como el \u00e1rea recreativa de Fonte. La hospitalidad de sus gentes, junto con una gastronom\u00eda de productos locales, hacen que cualquiera que visite Zas se sienta parte de la comunidad. <\/p>\t\t\t\t\t\t\t\t<\/div>\n\t\t\t\t<\/div>\n\t\t\t\t\t<\/details>\n\t\t\t\t\t<\/div>\n\t\t\t\t\t\t<\/div>\n\t\t\t\t<\/div>\n\t\t\t\t<\/div>\n\t\t\t\t<\/div>\n\t\t\t\t\t<\/div>\n\t\t\t\t<\/div>\n\t\t<div class=\"elementor-element elementor-element-b9c0d0a e-flex e-con-boxed e-con e-parent\" data-id=\"b9c0d0a\" data-element_type=\"container\" data-e-type=\"container\" data-settings=\"{&quot;jet_parallax_layout_list&quot;:[]}\">\n\t\t\t\t\t<div class=\"e-con-inner\">\n\t\t<div class=\"elementor-element elementor-element-a9cf455 e-con-full e-flex e-con e-child\" data-id=\"a9cf455\" data-element_type=\"container\" data-e-type=\"container\" data-settings=\"{&quot;jet_parallax_layout_list&quot;:[]}\">\n\t\t\t\t<div class=\"elementor-element elementor-element-1f583a5 elementor-widget elementor-widget-heading\" data-id=\"1f583a5\" data-element_type=\"widget\" data-e-type=\"widget\" data-widget_type=\"heading.default\">\n\t\t\t\t\t<h2 class=\"elementor-heading-title elementor-size-default\">Descubre Zas a tu ritmo<\/h2>\t\t\t\t<\/div>\n\t\t\t\t<div class=\"elementor-element elementor-element-f04b8e5 elementor-widget elementor-widget-text-editor\" data-id=\"f04b8e5\" data-element_type=\"widget\" data-e-type=\"widget\" data-widget_type=\"text-editor.default\">\n\t\t\t\t\t\t\t\t\t<p>Ya sea que dispongas de un solo d\u00eda, un fin de semana o varios para disfrutar del municipio, en Zas siempre encontrar\u00e1s experiencias inolvidables. Paseos por robledales centenarios, visitas a palacios llenos de historia, vistas panor\u00e1micas desde el Pico de Meda o romer\u00edas que mantienen vivas nuestras tradiciones.  <span style=\"letter-spacing: -0.2px;\">Elige el plan que mejor se adapte a tu tiempo y prep\u00e1rate para sorprenderte con un territorio aut\u00e9ntico, donde naturaleza, cultura y hospitalidad van de la mano.<\/span><\/p>\t\t\t\t\t\t\t\t<\/div>\n\t\t\t\t<div class=\"elementor-element elementor-element-9232ae7 elementor-widget elementor-widget-jet-listing-grid\" data-id=\"9232ae7\" data-element_type=\"widget\" data-e-type=\"widget\" data-settings=\"{&quot;columns&quot;:&quot;1&quot;}\" data-widget_type=\"jet-listing-grid.default\">\n\t\t\t\t\t<div class=\"jet-listing-grid jet-listing\"><div class=\"jet-listing-grid__items grid-col-desk-1 grid-col-tablet-1 grid-col-mobile-1 jet-listing-grid--22192\" data-queried-id=\"28040|WP_Post\" data-nav=\"{&quot;enabled&quot;:false,&quot;type&quot;:null,&quot;more_el&quot;:null,&quot;query&quot;:[],&quot;widget_settings&quot;:{&quot;lisitng_id&quot;:22192,&quot;posts_num&quot;:1,&quot;columns&quot;:1,&quot;columns_tablet&quot;:1,&quot;columns_mobile&quot;:1,&quot;column_min_width&quot;:240,&quot;column_min_width_tablet&quot;:240,&quot;column_min_width_mobile&quot;:240,&quot;inline_columns_css&quot;:false,&quot;is_archive_template&quot;:&quot;&quot;,&quot;post_status&quot;:[&quot;publish&quot;],&quot;use_random_posts_num&quot;:&quot;&quot;,&quot;max_posts_num&quot;:9,&quot;not_found_message&quot;:&quot;No hemos encontrado nada&quot;,&quot;is_masonry&quot;:false,&quot;equal_columns_height&quot;:&quot;&quot;,&quot;use_load_more&quot;:&quot;&quot;,&quot;load_more_id&quot;:&quot;&quot;,&quot;load_more_type&quot;:&quot;click&quot;,&quot;load_more_offset&quot;:null,&quot;use_custom_post_types&quot;:&quot;&quot;,&quot;custom_post_types&quot;:[],&quot;hide_widget_if&quot;:&quot;&quot;,&quot;carousel_enabled&quot;:&quot;&quot;,&quot;slides_to_scroll&quot;:&quot;1&quot;,&quot;arrows&quot;:&quot;true&quot;,&quot;arrow_icon&quot;:&quot;fa fa-angle-left&quot;,&quot;dots&quot;:&quot;&quot;,&quot;autoplay&quot;:&quot;true&quot;,&quot;pause_on_hover&quot;:&quot;true&quot;,&quot;autoplay_speed&quot;:5000,&quot;infinite&quot;:&quot;true&quot;,&quot;center_mode&quot;:&quot;&quot;,&quot;effect&quot;:&quot;slide&quot;,&quot;speed&quot;:500,&quot;inject_alternative_items&quot;:&quot;&quot;,&quot;injection_items&quot;:[],&quot;scroll_slider_enabled&quot;:&quot;&quot;,&quot;scroll_slider_on&quot;:[&quot;desktop&quot;,&quot;tablet&quot;,&quot;mobile&quot;],&quot;custom_query&quot;:false,&quot;custom_query_id&quot;:&quot;&quot;,&quot;_element_id&quot;:&quot;&quot;,&quot;collapse_first_last_gap&quot;:false,&quot;list_tag_selection&quot;:&quot;&quot;,&quot;list_items_wrapper_tag&quot;:&quot;div&quot;,&quot;list_item_tag&quot;:&quot;div&quot;,&quot;empty_items_wrapper_tag&quot;:&quot;div&quot;}}\" data-page=\"1\" data-pages=\"1\" data-listing-source=\"posts\" data-listing-id=\"22192\" data-query-id=\"\"><div class=\"jet-listing-grid__item jet-listing-dynamic-post-28458\" data-post-id=\"28458\"  >\t\t<div data-elementor-type=\"jet-listing-items\" data-elementor-id=\"22192\" class=\"elementor elementor-22192\" data-elementor-post-type=\"jet-engine\">\n\t\t\t\t<div class=\"elementor-element elementor-element-c6707e3 e-flex e-con-boxed e-con e-parent\" data-id=\"c6707e3\" data-element_type=\"container\" data-e-type=\"container\" data-settings=\"{&quot;jet_parallax_layout_list&quot;:[]}\">\n\t\t\t\t\t<div class=\"e-con-inner\">\n\t\t\t\t<div class=\"elementor-element elementor-element-edb74bb elementor-widget elementor-widget-image\" data-id=\"edb74bb\" data-element_type=\"widget\" data-e-type=\"widget\" data-widget_type=\"image.default\">\n\t\t\t\t\t\t\t\t\t\t\t\t\t\t\t\t<a href=\"https:\/\/concellodezas.gal\/es\/que-ver-un-fin-de-semana-concello-de-zas\/\">\n\t\t\t\t\t\t\t<img decoding=\"async\" src=\"https:\/\/concellodezas.gal\/wp-content\/uploads\/elementor\/thumbs\/Carballeira_de_entrada_a_Daneiro_polo_S._Foto_EDR-r31m82bfsk9xqi2jnj7yo1lpmjxuthinyhknxv173c.jpg\" title=\"Carballeira_de_entrada_a_Daneiro_polo_S._Foto_EDR\" alt=\"Carballeira_de_entrada_a_Daneiro_polo_S._Foto_EDR\" loading=\"lazy\" \/>\t\t\t\t\t\t\t\t<\/a>\n\t\t\t\t\t\t\t\t\t\t\t\t\t\t\t<\/div>\n\t\t\t\t<div class=\"elementor-element elementor-element-4b45953 elementor-widget elementor-widget-jet-listing-dynamic-field\" data-id=\"4b45953\" data-element_type=\"widget\" data-e-type=\"widget\" data-widget_type=\"jet-listing-dynamic-field.default\">\n\t\t\t\t\t<div class=\"jet-listing jet-listing-dynamic-field display-inline\"><div class=\"jet-listing-dynamic-field__inline-wrap\"><div class=\"jet-listing-dynamic-field__content\" >22 septiembre, 2025<\/div><\/div><\/div>\t\t\t\t<\/div>\n\t\t\t\t<div class=\"elementor-element elementor-element-70592cb elementor-widget__width-inherit elementor-widget elementor-widget-heading\" data-id=\"70592cb\" data-element_type=\"widget\" data-e-type=\"widget\" data-widget_type=\"heading.default\">\n\t\t\t\t\t<h3 class=\"elementor-heading-title elementor-size-default\"><a href=\"https:\/\/concellodezas.gal\/es\/que-ver-un-fin-de-semana-concello-de-zas\/\">Que ver en un fin de semana en el Ayuntamiento de Zas<\/a><\/h3>\t\t\t\t<\/div>\n\t\t\t\t<div class=\"elementor-element elementor-element-64ec17f elementor-widget elementor-widget-jet-listing-dynamic-field\" data-id=\"64ec17f\" data-element_type=\"widget\" data-e-type=\"widget\" data-widget_type=\"jet-listing-dynamic-field.default\">\n\t\t\t\t\t<div class=\"jet-listing jet-listing-dynamic-field display-inline\"><div class=\"jet-listing-dynamic-field__inline-wrap\"><div class=\"jet-listing-dynamic-field__content\" >Que ver en Zas un s\u00e1bado\n\nPor la ma\u00f1ana, te proponemos un paseo relajante por la carballeira de Baio, espacio natural ba\u00f1ado por las aguas del r\u00edo Grande. Desde su margen izquierda podr\u00e1s dirigirte hacia el \u00e1rea recreativa de Pedra Vix\u00eda y, por el ca...<\/div><\/div><\/div>\t\t\t\t<\/div>\n\t\t\t\t\t<\/div>\n\t\t\t\t<\/div>\n\t\t\t\t<\/div>\n\t\t<\/div><\/div><\/div>\t\t\t\t<\/div>\n\t\t\t\t<\/div>\n\t\t<div class=\"elementor-element elementor-element-b395e67 e-con-full e-flex e-con e-child\" data-id=\"b395e67\" data-element_type=\"container\" data-e-type=\"container\" data-settings=\"{&quot;jet_parallax_layout_list&quot;:[]}\">\n\t\t\t\t<div class=\"elementor-element elementor-element-3c0ab04 elementor-widget elementor-widget-jet-listing-grid\" data-id=\"3c0ab04\" data-element_type=\"widget\" data-e-type=\"widget\" data-settings=\"{&quot;columns&quot;:&quot;1&quot;}\" data-widget_type=\"jet-listing-grid.default\">\n\t\t\t\t\t<div class=\"jet-listing-grid jet-listing\"><div class=\"jet-listing-grid__items grid-col-desk-1 grid-col-tablet-1 grid-col-mobile-1 jet-listing-grid--21655\" data-queried-id=\"28040|WP_Post\" data-nav=\"{&quot;enabled&quot;:false,&quot;type&quot;:null,&quot;more_el&quot;:null,&quot;query&quot;:[],&quot;widget_settings&quot;:{&quot;lisitng_id&quot;:21655,&quot;posts_num&quot;:2,&quot;columns&quot;:1,&quot;columns_tablet&quot;:1,&quot;columns_mobile&quot;:1,&quot;column_min_width&quot;:240,&quot;column_min_width_tablet&quot;:240,&quot;column_min_width_mobile&quot;:240,&quot;inline_columns_css&quot;:false,&quot;is_archive_template&quot;:&quot;&quot;,&quot;post_status&quot;:[&quot;publish&quot;],&quot;use_random_posts_num&quot;:&quot;&quot;,&quot;max_posts_num&quot;:9,&quot;not_found_message&quot;:&quot;No hemos encontrado nada&quot;,&quot;is_masonry&quot;:false,&quot;equal_columns_height&quot;:&quot;&quot;,&quot;use_load_more&quot;:&quot;&quot;,&quot;load_more_id&quot;:&quot;&quot;,&quot;load_more_type&quot;:&quot;click&quot;,&quot;load_more_offset&quot;:null,&quot;use_custom_post_types&quot;:&quot;&quot;,&quot;custom_post_types&quot;:[],&quot;hide_widget_if&quot;:&quot;&quot;,&quot;carousel_enabled&quot;:&quot;&quot;,&quot;slides_to_scroll&quot;:&quot;1&quot;,&quot;arrows&quot;:&quot;true&quot;,&quot;arrow_icon&quot;:&quot;fa fa-angle-left&quot;,&quot;dots&quot;:&quot;&quot;,&quot;autoplay&quot;:&quot;true&quot;,&quot;pause_on_hover&quot;:&quot;true&quot;,&quot;autoplay_speed&quot;:5000,&quot;infinite&quot;:&quot;true&quot;,&quot;center_mode&quot;:&quot;&quot;,&quot;effect&quot;:&quot;slide&quot;,&quot;speed&quot;:500,&quot;inject_alternative_items&quot;:&quot;&quot;,&quot;injection_items&quot;:[],&quot;scroll_slider_enabled&quot;:&quot;&quot;,&quot;scroll_slider_on&quot;:[&quot;desktop&quot;,&quot;tablet&quot;,&quot;mobile&quot;],&quot;custom_query&quot;:false,&quot;custom_query_id&quot;:&quot;&quot;,&quot;_element_id&quot;:&quot;&quot;,&quot;collapse_first_last_gap&quot;:false,&quot;list_tag_selection&quot;:&quot;&quot;,&quot;list_items_wrapper_tag&quot;:&quot;div&quot;,&quot;list_item_tag&quot;:&quot;div&quot;,&quot;empty_items_wrapper_tag&quot;:&quot;div&quot;}}\" data-page=\"1\" data-pages=\"1\" data-listing-source=\"posts\" data-listing-id=\"21655\" data-query-id=\"\"><div class=\"jet-listing-grid__item jet-listing-dynamic-post-28469\" data-post-id=\"28469\"  >\t\t<div data-elementor-type=\"jet-listing-items\" data-elementor-id=\"21655\" class=\"elementor elementor-21655\" data-elementor-post-type=\"jet-engine\">\n\t\t\t\t<div class=\"elementor-element elementor-element-556d1c5 e-flex e-con-boxed e-con e-parent\" data-id=\"556d1c5\" data-element_type=\"container\" data-e-type=\"container\" data-settings=\"{&quot;jet_parallax_layout_list&quot;:[]}\">\n\t\t\t\t\t<div class=\"e-con-inner\">\n\t\t\t\t<div class=\"elementor-element elementor-element-af532fd elementor-widget elementor-widget-image\" data-id=\"af532fd\" data-element_type=\"widget\" data-e-type=\"widget\" data-widget_type=\"image.default\">\n\t\t\t\t\t\t\t\t\t\t\t\t\t\t\t\t<a href=\"https:\/\/concellodezas.gal\/es\/que-ver-en-ayuntamiento-de-zas-unos-dias\/\">\n\t\t\t\t\t\t\t<img decoding=\"async\" src=\"https:\/\/concellodezas.gal\/wp-content\/uploads\/elementor\/thumbs\/Santa-Maria-de-Lamas-00005-rav90m9u8d2sy02mq5vy2fmfiwveizhmn8slty31ko.jpg\" title=\"Santa Mar\u00eda de Lamas 00005\" alt=\"Santa mar\u00eda de lamas 00005\" loading=\"lazy\" \/>\t\t\t\t\t\t\t\t<\/a>\n\t\t\t\t\t\t\t\t\t\t\t\t\t\t\t<\/div>\n\t\t\t\t<div class=\"elementor-element elementor-element-d58caf0 elementor-widget elementor-widget-jet-listing-dynamic-field\" data-id=\"d58caf0\" data-element_type=\"widget\" data-e-type=\"widget\" data-widget_type=\"jet-listing-dynamic-field.default\">\n\t\t\t\t\t<div class=\"jet-listing jet-listing-dynamic-field display-inline\"><div class=\"jet-listing-dynamic-field__inline-wrap\"><div class=\"jet-listing-dynamic-field__content\" >22 septiembre, 2025<\/div><\/div><\/div>\t\t\t\t<\/div>\n\t\t\t\t<div class=\"elementor-element elementor-element-4fba17b elementor-widget__width-inherit elementor-widget elementor-widget-heading\" data-id=\"4fba17b\" data-element_type=\"widget\" data-e-type=\"widget\" data-widget_type=\"heading.default\">\n\t\t\t\t\t<h3 class=\"elementor-heading-title elementor-size-default\"><a href=\"https:\/\/concellodezas.gal\/es\/que-ver-en-ayuntamiento-de-zas-unos-dias\/\">Qu\u00e9 ver en unos d\u00edas en el Ayuntamiento de Zas<\/a><\/h3>\t\t\t\t<\/div>\n\t\t\t\t<div class=\"elementor-element elementor-element-1acbf69 elementor-widget elementor-widget-jet-listing-dynamic-field\" data-id=\"1acbf69\" data-element_type=\"widget\" data-e-type=\"widget\" data-widget_type=\"jet-listing-dynamic-field.default\">\n\t\t\t\t\t<div class=\"jet-listing jet-listing-dynamic-field display-inline\"><div class=\"jet-listing-dynamic-field__inline-wrap\"><div class=\"jet-listing-dynamic-field__content\" >Si tu estancia en nuestro municipio va a ser de varios d\u00edas, puedes tomar las indicaciones dise\u00f1adas para la propuesta de escapada...<\/div><\/div><\/div>\t\t\t\t<\/div>\n\t\t\t\t\t<\/div>\n\t\t\t\t<\/div>\n\t\t\t\t<\/div>\n\t\t<\/div><div class=\"jet-listing-grid__item jet-listing-dynamic-post-28490\" data-post-id=\"28490\"  >\t\t<div data-elementor-type=\"jet-listing-items\" data-elementor-id=\"21655\" class=\"elementor elementor-21655\" data-elementor-post-type=\"jet-engine\">\n\t\t\t\t<div class=\"elementor-element elementor-element-556d1c5 e-flex e-con-boxed e-con e-parent\" data-id=\"556d1c5\" data-element_type=\"container\" data-e-type=\"container\" data-settings=\"{&quot;jet_parallax_layout_list&quot;:[]}\">\n\t\t\t\t\t<div class=\"e-con-inner\">\n\t\t\t\t<div class=\"elementor-element elementor-element-af532fd elementor-widget elementor-widget-image\" data-id=\"af532fd\" data-element_type=\"widget\" data-e-type=\"widget\" data-widget_type=\"image.default\">\n\t\t\t\t\t\t\t\t\t\t\t\t\t\t\t\t<a href=\"https:\/\/concellodezas.gal\/es\/que-ver-ayuntamiento-de-zas-en-24-horas\/\">\n\t\t\t\t\t\t\t<img decoding=\"async\" src=\"https:\/\/concellodezas.gal\/wp-content\/uploads\/elementor\/thumbs\/Ponte-de-Brandomil-1-rc9nwfv9sgw53059exjzq608icx68c6a5jej3k0cs8.jpg\" title=\"Puente de Brandomil\" alt=\"Ponte de brandomil\" loading=\"lazy\" \/>\t\t\t\t\t\t\t\t<\/a>\n\t\t\t\t\t\t\t\t\t\t\t\t\t\t\t<\/div>\n\t\t\t\t<div class=\"elementor-element elementor-element-d58caf0 elementor-widget elementor-widget-jet-listing-dynamic-field\" data-id=\"d58caf0\" data-element_type=\"widget\" data-e-type=\"widget\" data-widget_type=\"jet-listing-dynamic-field.default\">\n\t\t\t\t\t<div class=\"jet-listing jet-listing-dynamic-field display-inline\"><div class=\"jet-listing-dynamic-field__inline-wrap\"><div class=\"jet-listing-dynamic-field__content\" >22 septiembre, 2025<\/div><\/div><\/div>\t\t\t\t<\/div>\n\t\t\t\t<div class=\"elementor-element elementor-element-4fba17b elementor-widget__width-inherit elementor-widget elementor-widget-heading\" data-id=\"4fba17b\" data-element_type=\"widget\" data-e-type=\"widget\" data-widget_type=\"heading.default\">\n\t\t\t\t\t<h3 class=\"elementor-heading-title elementor-size-default\"><a href=\"https:\/\/concellodezas.gal\/es\/que-ver-ayuntamiento-de-zas-en-24-horas\/\">Qu\u00e9 ver en el Ayuntamiento de Zas en 24 horas<\/a><\/h3>\t\t\t\t<\/div>\n\t\t\t\t<div class=\"elementor-element elementor-element-1acbf69 elementor-widget elementor-widget-jet-listing-dynamic-field\" data-id=\"1acbf69\" data-element_type=\"widget\" data-e-type=\"widget\" data-widget_type=\"jet-listing-dynamic-field.default\">\n\t\t\t\t\t<div class=\"jet-listing jet-listing-dynamic-field display-inline\"><div class=\"jet-listing-dynamic-field__inline-wrap\"><div class=\"jet-listing-dynamic-field__content\" >Que ver en Zas por la ma\u00f1ana\n\nSi s\u00f3lo dispone de un d\u00eda para descubrir nuestro municipio, aconsejamos llegar a jornada visitando e...<\/div><\/div><\/div>\t\t\t\t<\/div>\n\t\t\t\t\t<\/div>\n\t\t\t\t<\/div>\n\t\t\t\t<\/div>\n\t\t<\/div><\/div><\/div>\t\t\t\t<\/div>\n\t\t\t\t<\/div>\n\t\t\t\t\t<\/div>\n\t\t\t\t<\/div>\n\t\t<div class=\"elementor-element elementor-element-f5f264b e-flex e-con-boxed e-con e-parent\" data-id=\"f5f264b\" data-element_type=\"container\" data-e-type=\"container\" data-settings=\"{&quot;background_background&quot;:&quot;classic&quot;,&quot;jet_parallax_layout_list&quot;:[]}\">\n\t\t\t\t\t<div class=\"e-con-inner\">\n\t\t<div class=\"elementor-element elementor-element-960a2c5 e-con-full e-flex e-con e-child\" data-id=\"960a2c5\" data-element_type=\"container\" data-e-type=\"container\" data-settings=\"{&quot;jet_parallax_layout_list&quot;:[]}\">\n\t\t\t\t<div class=\"elementor-element elementor-element-b7dd33a elementor-widget elementor-widget-heading\" data-id=\"b7dd33a\" data-element_type=\"widget\" data-e-type=\"widget\" data-widget_type=\"heading.default\">\n\t\t\t\t\t<h2 class=\"elementor-heading-title elementor-size-default\">No te pierdas nuestra agenda<\/h2>\t\t\t\t<\/div>\n\t\t\t\t<div class=\"elementor-element elementor-element-4f568ad elementor-widget elementor-widget-text-editor\" data-id=\"4f568ad\" data-element_type=\"widget\" data-e-type=\"widget\" data-widget_type=\"text-editor.default\">\n\t\t\t\t\t\t\t\t\t<p>En Zas siempre hay algo que celebrar. Consulta nuestro calendario para estar al d\u00eda de las fiestas populares, ferias, eventos culturales y actos religiosos que llenan de vida cada parroquia del municipio. Un lugar perfecto para descubrir cu\u00e1ndo y d\u00f3nde disfrutar de las tradiciones y la cultura locales.  <\/p>\t\t\t\t\t\t\t\t<\/div>\n\t\t\t\t<div class=\"elementor-element elementor-element-f2c84e3 elementor-align-center elementor-widget elementor-widget-button\" data-id=\"f2c84e3\" data-element_type=\"widget\" data-e-type=\"widget\" data-widget_type=\"button.default\">\n\t\t\t\t\t\t\t\t\t\t<a class=\"elementor-button elementor-button-link elementor-size-sm\" href=\"https:\/\/concellodezas.gal\/es\/agenda\/\">\n\t\t\t\t\t\t<span class=\"elementor-button-content-wrapper\">\n\t\t\t\t\t\t\t\t\t<span class=\"elementor-button-text\">Descubre la agenda<\/span>\n\t\t\t\t\t<\/span>\n\t\t\t\t\t<\/a>\n\t\t\t\t\t\t\t\t<\/div>\n\t\t\t\t<\/div>\n\t\t\t\t\t<\/div>\n\t\t\t\t<\/div>\n\t\t\t\t<\/div>\n\t\t","protected":false},"excerpt":{"rendered":"<p>Zas, el coraz\u00f3n verde de la Costa da Morte El municipio de Zas es un territorio rural en el interior de la Costa da Morte, un espacio natural privilegiado, marcado por r\u00edos, cascadas, prados y monta\u00f1as que invitan a la calma y al descubrimiento. Un lugar de tradiciones vivas y gente acogedora, que combina el [&hellip;]<\/p>\n","protected":false},"author":3,"featured_media":27023,"parent":0,"menu_order":0,"comment_status":"closed","ping_status":"closed","template":"","meta":{"slim_seo":{"title":"Sobre Zas - Concello de Zas","description":"Zas, el coraz\u00f3n verde de la Costa da Morte El municipio de Zas es un territorio rural en el interior de la Costa da Morte, un espacio natural privilegiado, marc"},"footnotes":""},"class_list":["post-28040","page","type-page","status-publish","has-post-thumbnail","hentry"],"_links":{"self":[{"href":"https:\/\/concellodezas.gal\/es\/wp-json\/wp\/v2\/pages\/28040","targetHints":{"allow":["GET"]}}],"collection":[{"href":"https:\/\/concellodezas.gal\/es\/wp-json\/wp\/v2\/pages"}],"about":[{"href":"https:\/\/concellodezas.gal\/es\/wp-json\/wp\/v2\/types\/page"}],"author":[{"embeddable":true,"href":"https:\/\/concellodezas.gal\/es\/wp-json\/wp\/v2\/users\/3"}],"replies":[{"embeddable":true,"href":"https:\/\/concellodezas.gal\/es\/wp-json\/wp\/v2\/comments?post=28040"}],"version-history":[{"count":2,"href":"https:\/\/concellodezas.gal\/es\/wp-json\/wp\/v2\/pages\/28040\/revisions"}],"predecessor-version":[{"id":30764,"href":"https:\/\/concellodezas.gal\/es\/wp-json\/wp\/v2\/pages\/28040\/revisions\/30764"}],"wp:featuredmedia":[{"embeddable":true,"href":"https:\/\/concellodezas.gal\/es\/wp-json\/wp\/v2\/media\/27023"}],"wp:attachment":[{"href":"https:\/\/concellodezas.gal\/es\/wp-json\/wp\/v2\/media?parent=28040"}],"curies":[{"name":"wp","href":"https:\/\/api.w.org\/{rel}","templated":true}]}}