{"id":27685,"date":"2025-11-17T13:42:17","date_gmt":"2025-11-17T12:42:17","guid":{"rendered":"https:\/\/concellodezas.gal\/multimedia-y-descargas\/"},"modified":"2026-01-15T18:06:39","modified_gmt":"2026-01-15T17:06:39","slug":"multimedia-y-descargas","status":"publish","type":"page","link":"https:\/\/concellodezas.gal\/es\/multimedia-y-descargas\/","title":{"rendered":"Multimedia y descargas"},"content":{"rendered":"\t\t<div data-elementor-type=\"wp-page\" data-elementor-id=\"27685\" class=\"elementor elementor-27685 elementor-27346\" data-elementor-post-type=\"page\">\n\t\t\t\t<div class=\"elementor-element elementor-element-b2235ce e-flex e-con-boxed e-con e-parent\" data-id=\"b2235ce\" data-element_type=\"container\" data-e-type=\"container\" data-settings=\"{&quot;jet_parallax_layout_list&quot;:[]}\">\n\t\t\t\t\t<div class=\"e-con-inner\">\n\t\t<div class=\"elementor-element elementor-element-f74598f e-con-full e-flex e-con e-child\" data-id=\"f74598f\" data-element_type=\"container\" data-e-type=\"container\" data-settings=\"{&quot;jet_parallax_layout_list&quot;:[]}\">\n\t\t\t\t<div class=\"elementor-element elementor-element-8d30539 elementor-widget elementor-widget-heading\" data-id=\"8d30539\" data-element_type=\"widget\" data-e-type=\"widget\" data-widget_type=\"heading.default\">\n\t\t\t\t\t<h2 class=\"elementor-heading-title elementor-size-default\">Zas en abierto: libros, v\u00eddeos y memoria viva<\/h2>\t\t\t\t<\/div>\n\t\t\t\t<div class=\"elementor-element elementor-element-5507d85 elementor-widget elementor-widget-text-editor\" data-id=\"5507d85\" data-element_type=\"widget\" data-e-type=\"widget\" data-widget_type=\"text-editor.default\">\n\t\t\t\t\t\t\t\t\t<p>En esta secci\u00f3n pondremos a la t\u00fa disposici\u00f3n, en abierto y para descarga gratuita, parte del patrimonio editorial y audiovisual del Ayuntamiento de Zas. Aqu\u00ed podr\u00e1s descargar los libros \u00abZas por el Mi\u00fado\u00bb de Jos\u00e9 Mar\u00eda Lema y Evaristo Dom\u00ednguez Rial, as\u00ed como \u00abBadius: Historia de un grupo de teatro aficionado (1984-2024)\u00bb, junto con otras publicaciones promovidas por el Ayuntamiento de Zas a lo largo de los a\u00f1os. Completan este espacio varios v\u00eddeos divulgativos sobre la procedencia de los nombres de las parroquias del municipio y otras piezas audiovisuales de inter\u00e9s que ayudan a conocer mejor la historia, la cultura y la vida cotidiana de nuestro ayuntamiento.  <\/p>\t\t\t\t\t\t\t\t<\/div>\n\t\t\t\t<\/div>\n\t\t\t\t\t<\/div>\n\t\t\t\t<\/div>\n\t\t<div class=\"elementor-element elementor-element-b7e0e42 e-flex e-con-boxed e-con e-parent\" data-id=\"b7e0e42\" data-element_type=\"container\" data-e-type=\"container\" data-settings=\"{&quot;jet_parallax_layout_list&quot;:[]}\">\n\t\t\t\t\t<div class=\"e-con-inner\">\n\t\t\t\t<div class=\"elementor-element elementor-element-7d279d9 elementor-widget elementor-widget-heading\" data-id=\"7d279d9\" data-element_type=\"widget\" data-e-type=\"widget\" data-widget_type=\"heading.default\">\n\t\t\t\t\t<h2 class=\"elementor-heading-title elementor-size-default\">V\u00eddeos sobre el Ayuntamiento de Zas<\/h2>\t\t\t\t<\/div>\n\t\t\t\t<div class=\"elementor-element elementor-element-1caa0ec e-tabs-view-vertical elementor-layout-end elementor-widget elementor-widget-video-playlist\" data-id=\"1caa0ec\" data-element_type=\"widget\" data-e-type=\"widget\" data-settings=\"{&quot;playlist_title&quot;:&quot;Toponimia de Zas&quot;,&quot;tabs&quot;:[{&quot;title&quot;:&quot;A Cebola&quot;,&quot;youtube_url&quot;:&quot;https:\\\/\\\/www.youtube.com\\\/watch?v=nFIS37MYOsc&quot;,&quot;duration&quot;:&quot;0:16&quot;,&quot;thumbnail&quot;:{&quot;url&quot;:&quot;https:\\\/\\\/concellodezas.gal\\\/wp-content\\\/uploads\\\/2021\\\/05\\\/A_aldea_de_Mira_coa_igrexa_parroquial_visto_desde_preto_de_Rosende.jpg&quot;,&quot;id&quot;:27683,&quot;size&quot;:&quot;&quot;,&quot;alt&quot;:&quot;A aldea de Mira coa igrexa parroquial visto desde preto de Rosende&quot;,&quot;source&quot;:&quot;library&quot;},&quot;_id&quot;:&quot;4e4a1c8&quot;,&quot;vimeo_url&quot;:null,&quot;type&quot;:&quot;youtube&quot;,&quot;is_external_url&quot;:null,&quot;hosted_url&quot;:null,&quot;external_url&quot;:null,&quot;section_html_tag&quot;:null,&quot;video_html_tag&quot;:&quot;h4&quot;,&quot;inner_tab_is_content_visible&quot;:&quot;&quot;,&quot;inner_tab_content_1&quot;:null,&quot;inner_tab_content_2&quot;:null},{&quot;title&quot;:&quot;Brandomil&quot;,&quot;youtube_url&quot;:&quot;https:\\\/\\\/www.youtube.com\\\/watch?v=KKShTku6nm8&quot;,&quot;duration&quot;:&quot;0:16&quot;,&quot;thumbnail&quot;:{&quot;url&quot;:&quot;https:\\\/\\\/concellodezas.gal\\\/wp-content\\\/uploads\\\/2021\\\/06\\\/img55.jpg&quot;,&quot;id&quot;:3236,&quot;size&quot;:&quot;&quot;,&quot;alt&quot;:&quot;Brandomil&quot;,&quot;source&quot;:&quot;library&quot;},&quot;vimeo_url&quot;:null,&quot;_id&quot;:&quot;227c7ff&quot;,&quot;type&quot;:&quot;youtube&quot;,&quot;is_external_url&quot;:null,&quot;hosted_url&quot;:null,&quot;external_url&quot;:null,&quot;section_html_tag&quot;:null,&quot;video_html_tag&quot;:&quot;h4&quot;,&quot;inner_tab_is_content_visible&quot;:&quot;&quot;,&quot;inner_tab_content_1&quot;:null,&quot;inner_tab_content_2&quot;:null},{&quot;title&quot;:&quot;Brandomil y Brando\\u00f1as&quot;,&quot;youtube_url&quot;:&quot;https:\\\/\\\/www.youtube.com\\\/watch?v=BEopCg0sPQI&quot;,&quot;duration&quot;:&quot;0:16&quot;,&quot;thumbnail&quot;:{&quot;url&quot;:&quot;https:\\\/\\\/concellodezas.gal\\\/wp-content\\\/uploads\\\/2021\\\/06\\\/Brandomil_P4.jpg&quot;,&quot;id&quot;:2884,&quot;size&quot;:&quot;&quot;,&quot;alt&quot;:&quot;Brandomil P4&quot;,&quot;source&quot;:&quot;library&quot;},&quot;vimeo_url&quot;:null,&quot;_id&quot;:&quot;26c0552&quot;,&quot;type&quot;:&quot;youtube&quot;,&quot;is_external_url&quot;:null,&quot;hosted_url&quot;:null,&quot;external_url&quot;:null,&quot;section_html_tag&quot;:null,&quot;video_html_tag&quot;:&quot;h4&quot;,&quot;inner_tab_is_content_visible&quot;:&quot;&quot;,&quot;inner_tab_content_1&quot;:null,&quot;inner_tab_content_2&quot;:null},{&quot;title&quot;:&quot;O Allo&quot;,&quot;youtube_url&quot;:&quot;https:\\\/\\\/www.youtube.com\\\/watch?v=m3ZepOYF484&quot;,&quot;duration&quot;:&quot;6:12&quot;,&quot;thumbnail&quot;:{&quot;url&quot;:&quot;https:\\\/\\\/img.youtube.com\\\/vi\\\/m3ZepOYF484\\\/maxresdefault.jpg&quot;,&quot;id&quot;:&quot;&quot;,&quot;size&quot;:&quot;&quot;},&quot;_id&quot;:&quot;108d030&quot;,&quot;vimeo_url&quot;:null,&quot;inner_tab_content_2&quot;:null,&quot;type&quot;:&quot;youtube&quot;,&quot;is_external_url&quot;:null,&quot;hosted_url&quot;:null,&quot;external_url&quot;:null,&quot;section_html_tag&quot;:null,&quot;video_html_tag&quot;:&quot;h4&quot;,&quot;inner_tab_is_content_visible&quot;:&quot;&quot;,&quot;inner_tab_content_1&quot;:null},{&quot;title&quot;:&quot;Zas&quot;,&quot;youtube_url&quot;:&quot;https:\\\/\\\/www.youtube.com\\\/watch?v=Px-i13IB4NA&quot;,&quot;duration&quot;:&quot;0:16&quot;,&quot;thumbnail&quot;:{&quot;url&quot;:&quot;https:\\\/\\\/concellodezas.gal\\\/wp-content\\\/uploads\\\/2025\\\/09\\\/Casa_consistorial_de_Zas.jpg&quot;,&quot;id&quot;:27684,&quot;size&quot;:&quot;&quot;,&quot;alt&quot;:&quot;Casa consistorial de Zas&quot;,&quot;source&quot;:&quot;library&quot;},&quot;_id&quot;:&quot;378638d&quot;,&quot;vimeo_url&quot;:null,&quot;type&quot;:&quot;youtube&quot;,&quot;is_external_url&quot;:null,&quot;hosted_url&quot;:null,&quot;external_url&quot;:null,&quot;section_html_tag&quot;:null,&quot;video_html_tag&quot;:&quot;h4&quot;,&quot;inner_tab_is_content_visible&quot;:&quot;&quot;,&quot;inner_tab_content_1&quot;:null,&quot;inner_tab_content_2&quot;:null}],&quot;inner_tab_title_1&quot;:&quot;Tab #1&quot;,&quot;inner_tab_title_2&quot;:&quot;Tab #2&quot;}\" data-widget_type=\"video-playlist.default\">\n\t\t\t\t\t\n\t\t<div class=\"e-tabs\" role=\"region\" aria-labelledby=\"e-playlist-1caa0ec\">\n\t\t\t<div class=\"e-tabs-main-area\">\n\t\t\t\t<div class=\"e-tabs-wrapper\">\n\t\t\t\t\t<div class=\"e-tabs-header\">\n\t\t\t\t\t\t<h3 class=\"e-tabs-title\" id=\"e-playlist-1caa0ec\">Toponimia de Zas<\/h3>\n\t\t\t\t\t\t<div class=\"e-tabs-header-right-side\">\n\t\t\t\t\t\t\t\t\t\t\t\t\t\t\t<span class=\"e-tabs-videos-count\">5 V\u00eddeos<\/span>\n\t\t\t\t\t\t\t\t\t\t\t\t\t\t<svg aria-hidden=\"true\" class=\"e-tabs-toggle-videos-display-button rotate-down e-font-icon-svg e-eicon-caret-down\" viewBox=\"0 0 571.4 571.4\" xmlns=\"http:\/\/www.w3.org\/2000\/svg\"><path d=\"M571 393Q571 407 561 418L311 668Q300 679 286 679T261 668L11 418Q0 407 0 393T11 368 36 357H536Q550 357 561 368T571 393Z\"><\/path><\/svg>\t\t\t\t\t\t<\/div>\n\t\t\t\t\t<\/div>\n\t\t\t\t\t<div class=\"e-tabs-items-wrapper\">\n\t\t\t\t\t\t<div class=\"e-tabs-items\" role=\"tablist\">\n\t\t\t\t\t\t\t\t\t\t\t\t\t\t\t\t\t\t\t\t\t\t\t\t<div id=\"e-tab-title-3001\" class=\"e-tab-title e-tab-desktop-title\" aria-selected=\"true\" data-tab=\"1\" role=\"tab\" tabindex=\"0\" aria-controls=\"e-tab-content-3001\">\n\t\t\t\t\t\t\t\t\t\t\t\t\t\t\t\t\t\t\t\t\t<div class=\"e-tab-thumbnail\">\n\t\t\t\t\t\t\t\t\t\t\t\t\t\t\t\t\t\t\t\t\t\t\t\t\t<img decoding=\"async\" src=\"https:\/\/concellodezas.gal\/wp-content\/uploads\/2021\/05\/A_aldea_de_Mira_coa_igrexa_parroquial_visto_desde_preto_de_Rosende.jpg\" alt=\"A Cebola\" loading=\"lazy\" \/>\n\t\t\t\t\t\t\t\t\t\t\t\t\t\t\t\t\t\t\t\t\t\t\t\t<span class=\"icon-play\"><svg aria-hidden=\"true\" class=\"e-font-icon-svg e-fas-play-circle\" viewBox=\"0 0 512 512\" xmlns=\"http:\/\/www.w3.org\/2000\/svg\"><path d=\"M256 8C119 8 8 119 8 256s111 248 248 248 248-111 248-248S393 8 256 8zm115.7 272l-176 101c-15.8 8.8-35.7-2.5-35.7-21V152c0-18.4 19.8-29.8 35.7-21l176 107c16.4 9.2 16.4 32.9 0 42z\"><\/path><\/svg><\/span>\n\t\t\t\t\t\t\t\t\t\t\t\t<span class=\"icon-watched\"><svg aria-hidden=\"true\" class=\"e-font-icon-svg e-fas-check-circle\" viewBox=\"0 0 512 512\" xmlns=\"http:\/\/www.w3.org\/2000\/svg\"><path d=\"M504 256c0 136.967-111.033 248-248 248S8 392.967 8 256 119.033 8 256 8s248 111.033 248 248zM227.314 387.314l184-184c6.248-6.248 6.248-16.379 0-22.627l-22.627-22.627c-6.248-6.249-16.379-6.249-22.628 0L216 308.118l-70.059-70.059c-6.248-6.248-16.379-6.248-22.628 0l-22.627 22.627c-6.248 6.248-6.248 16.379 0 22.627l104 104c6.249 6.249 16.379 6.249 22.628.001z\"><\/path><\/svg><\/span>\n\t\t\t\t\t\t\t\t\t\t\t<\/div>\n\t\t\t\t\t\t\t\t\t\t\t\t\t\t\t\t\t\t\t\t<h4 class=\"e-tab-title-text\">\n\t\t\t\t\t\t\t\t\t\t\t<button type=\"button\">A Cebola<\/button>\n\t\t\t\t\t\t\t\t\t\t<\/h4>\n\t\t\t\t\t\t\t\t\t\t\t\t\t\t\t\t\t\t\t\t\t<span class=\"e-tab-duration\">0:16<\/span>\n\t\t\t\t\t\t\t\t\t\t\t\t\t\t\t\t\t\t\t<\/div>\n\t\t\t\t\t\t\t\t\t\t\t\t\t\t\t\t\t\t\t\t\t\t\t\t\t\t\t\t\t\t\t\t<div id=\"e-tab-title-3002\" class=\"e-tab-title e-tab-desktop-title\" aria-selected=\"false\" data-tab=\"2\" role=\"tab\" tabindex=\"-1\" aria-controls=\"e-tab-content-3002\">\n\t\t\t\t\t\t\t\t\t\t\t\t\t\t\t\t\t\t\t\t\t<div class=\"e-tab-thumbnail\">\n\t\t\t\t\t\t\t\t\t\t\t\t\t\t\t\t\t\t\t\t\t\t\t\t\t<img decoding=\"async\" src=\"https:\/\/concellodezas.gal\/wp-content\/uploads\/2021\/06\/img55.jpg\" alt=\"Brandomil\" loading=\"lazy\" \/>\n\t\t\t\t\t\t\t\t\t\t\t\t\t\t\t\t\t\t\t\t\t\t\t\t<span class=\"icon-play\"><svg aria-hidden=\"true\" class=\"e-font-icon-svg e-fas-play-circle\" viewBox=\"0 0 512 512\" xmlns=\"http:\/\/www.w3.org\/2000\/svg\"><path d=\"M256 8C119 8 8 119 8 256s111 248 248 248 248-111 248-248S393 8 256 8zm115.7 272l-176 101c-15.8 8.8-35.7-2.5-35.7-21V152c0-18.4 19.8-29.8 35.7-21l176 107c16.4 9.2 16.4 32.9 0 42z\"><\/path><\/svg><\/span>\n\t\t\t\t\t\t\t\t\t\t\t\t<span class=\"icon-watched\"><svg aria-hidden=\"true\" class=\"e-font-icon-svg e-fas-check-circle\" viewBox=\"0 0 512 512\" xmlns=\"http:\/\/www.w3.org\/2000\/svg\"><path d=\"M504 256c0 136.967-111.033 248-248 248S8 392.967 8 256 119.033 8 256 8s248 111.033 248 248zM227.314 387.314l184-184c6.248-6.248 6.248-16.379 0-22.627l-22.627-22.627c-6.248-6.249-16.379-6.249-22.628 0L216 308.118l-70.059-70.059c-6.248-6.248-16.379-6.248-22.628 0l-22.627 22.627c-6.248 6.248-6.248 16.379 0 22.627l104 104c6.249 6.249 16.379 6.249 22.628.001z\"><\/path><\/svg><\/span>\n\t\t\t\t\t\t\t\t\t\t\t<\/div>\n\t\t\t\t\t\t\t\t\t\t\t\t\t\t\t\t\t\t\t\t<h4 class=\"e-tab-title-text\">\n\t\t\t\t\t\t\t\t\t\t\t<button type=\"button\">Brandomil<\/button>\n\t\t\t\t\t\t\t\t\t\t<\/h4>\n\t\t\t\t\t\t\t\t\t\t\t\t\t\t\t\t\t\t\t\t\t<span class=\"e-tab-duration\">0:16<\/span>\n\t\t\t\t\t\t\t\t\t\t\t\t\t\t\t\t\t\t\t<\/div>\n\t\t\t\t\t\t\t\t\t\t\t\t\t\t\t\t\t\t\t\t\t\t\t\t\t\t\t\t\t\t\t\t<div id=\"e-tab-title-3003\" class=\"e-tab-title e-tab-desktop-title\" aria-selected=\"false\" data-tab=\"3\" role=\"tab\" tabindex=\"-1\" aria-controls=\"e-tab-content-3003\">\n\t\t\t\t\t\t\t\t\t\t\t\t\t\t\t\t\t\t\t\t\t<div class=\"e-tab-thumbnail\">\n\t\t\t\t\t\t\t\t\t\t\t\t\t\t\t\t\t\t\t\t\t\t\t\t\t<img decoding=\"async\" src=\"https:\/\/concellodezas.gal\/wp-content\/uploads\/2021\/06\/Brandomil_P4.jpg\" alt=\"Brandomil y Brando\u00f1as\" loading=\"lazy\" \/>\n\t\t\t\t\t\t\t\t\t\t\t\t\t\t\t\t\t\t\t\t\t\t\t\t<span class=\"icon-play\"><svg aria-hidden=\"true\" class=\"e-font-icon-svg e-fas-play-circle\" viewBox=\"0 0 512 512\" xmlns=\"http:\/\/www.w3.org\/2000\/svg\"><path d=\"M256 8C119 8 8 119 8 256s111 248 248 248 248-111 248-248S393 8 256 8zm115.7 272l-176 101c-15.8 8.8-35.7-2.5-35.7-21V152c0-18.4 19.8-29.8 35.7-21l176 107c16.4 9.2 16.4 32.9 0 42z\"><\/path><\/svg><\/span>\n\t\t\t\t\t\t\t\t\t\t\t\t<span class=\"icon-watched\"><svg aria-hidden=\"true\" class=\"e-font-icon-svg e-fas-check-circle\" viewBox=\"0 0 512 512\" xmlns=\"http:\/\/www.w3.org\/2000\/svg\"><path d=\"M504 256c0 136.967-111.033 248-248 248S8 392.967 8 256 119.033 8 256 8s248 111.033 248 248zM227.314 387.314l184-184c6.248-6.248 6.248-16.379 0-22.627l-22.627-22.627c-6.248-6.249-16.379-6.249-22.628 0L216 308.118l-70.059-70.059c-6.248-6.248-16.379-6.248-22.628 0l-22.627 22.627c-6.248 6.248-6.248 16.379 0 22.627l104 104c6.249 6.249 16.379 6.249 22.628.001z\"><\/path><\/svg><\/span>\n\t\t\t\t\t\t\t\t\t\t\t<\/div>\n\t\t\t\t\t\t\t\t\t\t\t\t\t\t\t\t\t\t\t\t<h4 class=\"e-tab-title-text\">\n\t\t\t\t\t\t\t\t\t\t\t<button type=\"button\">Brandomil y Brando\u00f1as<\/button>\n\t\t\t\t\t\t\t\t\t\t<\/h4>\n\t\t\t\t\t\t\t\t\t\t\t\t\t\t\t\t\t\t\t\t\t<span class=\"e-tab-duration\">0:16<\/span>\n\t\t\t\t\t\t\t\t\t\t\t\t\t\t\t\t\t\t\t<\/div>\n\t\t\t\t\t\t\t\t\t\t\t\t\t\t\t\t\t\t\t\t\t\t\t\t\t\t\t\t\t\t\t\t<div id=\"e-tab-title-3004\" class=\"e-tab-title e-tab-desktop-title\" aria-selected=\"false\" data-tab=\"4\" role=\"tab\" tabindex=\"-1\" aria-controls=\"e-tab-content-3004\">\n\t\t\t\t\t\t\t\t\t\t\t\t\t\t\t\t\t\t\t\t\t<div class=\"e-tab-thumbnail\">\n\t\t\t\t\t\t\t\t\t\t\t\t\t\t\t\t\t\t\t\t\t\t\t\t\t<img decoding=\"async\" src=\"https:\/\/img.youtube.com\/vi\/m3ZepOYF484\/maxresdefault.jpg\" alt=\"O Allo\" loading=\"lazy\" \/>\n\t\t\t\t\t\t\t\t\t\t\t\t\t\t\t\t\t\t\t\t\t\t\t\t<span class=\"icon-play\"><svg aria-hidden=\"true\" class=\"e-font-icon-svg e-fas-play-circle\" viewBox=\"0 0 512 512\" xmlns=\"http:\/\/www.w3.org\/2000\/svg\"><path d=\"M256 8C119 8 8 119 8 256s111 248 248 248 248-111 248-248S393 8 256 8zm115.7 272l-176 101c-15.8 8.8-35.7-2.5-35.7-21V152c0-18.4 19.8-29.8 35.7-21l176 107c16.4 9.2 16.4 32.9 0 42z\"><\/path><\/svg><\/span>\n\t\t\t\t\t\t\t\t\t\t\t\t<span class=\"icon-watched\"><svg aria-hidden=\"true\" class=\"e-font-icon-svg e-fas-check-circle\" viewBox=\"0 0 512 512\" xmlns=\"http:\/\/www.w3.org\/2000\/svg\"><path d=\"M504 256c0 136.967-111.033 248-248 248S8 392.967 8 256 119.033 8 256 8s248 111.033 248 248zM227.314 387.314l184-184c6.248-6.248 6.248-16.379 0-22.627l-22.627-22.627c-6.248-6.249-16.379-6.249-22.628 0L216 308.118l-70.059-70.059c-6.248-6.248-16.379-6.248-22.628 0l-22.627 22.627c-6.248 6.248-6.248 16.379 0 22.627l104 104c6.249 6.249 16.379 6.249 22.628.001z\"><\/path><\/svg><\/span>\n\t\t\t\t\t\t\t\t\t\t\t<\/div>\n\t\t\t\t\t\t\t\t\t\t\t\t\t\t\t\t\t\t\t\t<h4 class=\"e-tab-title-text\">\n\t\t\t\t\t\t\t\t\t\t\t<button type=\"button\">O Allo<\/button>\n\t\t\t\t\t\t\t\t\t\t<\/h4>\n\t\t\t\t\t\t\t\t\t\t\t\t\t\t\t\t\t\t\t\t\t<span class=\"e-tab-duration\">6:12<\/span>\n\t\t\t\t\t\t\t\t\t\t\t\t\t\t\t\t\t\t\t<\/div>\n\t\t\t\t\t\t\t\t\t\t\t\t\t\t\t\t\t\t\t\t\t\t\t\t\t\t\t\t\t\t\t\t<div id=\"e-tab-title-3005\" class=\"e-tab-title e-tab-desktop-title\" aria-selected=\"false\" data-tab=\"5\" role=\"tab\" tabindex=\"-1\" aria-controls=\"e-tab-content-3005\">\n\t\t\t\t\t\t\t\t\t\t\t\t\t\t\t\t\t\t\t\t\t<div class=\"e-tab-thumbnail\">\n\t\t\t\t\t\t\t\t\t\t\t\t\t\t\t\t\t\t\t\t\t\t\t\t\t<img decoding=\"async\" src=\"https:\/\/concellodezas.gal\/wp-content\/uploads\/2025\/09\/Casa_consistorial_de_Zas.jpg\" alt=\"Zas\" loading=\"lazy\" \/>\n\t\t\t\t\t\t\t\t\t\t\t\t\t\t\t\t\t\t\t\t\t\t\t\t<span class=\"icon-play\"><svg aria-hidden=\"true\" class=\"e-font-icon-svg e-fas-play-circle\" viewBox=\"0 0 512 512\" xmlns=\"http:\/\/www.w3.org\/2000\/svg\"><path d=\"M256 8C119 8 8 119 8 256s111 248 248 248 248-111 248-248S393 8 256 8zm115.7 272l-176 101c-15.8 8.8-35.7-2.5-35.7-21V152c0-18.4 19.8-29.8 35.7-21l176 107c16.4 9.2 16.4 32.9 0 42z\"><\/path><\/svg><\/span>\n\t\t\t\t\t\t\t\t\t\t\t\t<span class=\"icon-watched\"><svg aria-hidden=\"true\" class=\"e-font-icon-svg e-fas-check-circle\" viewBox=\"0 0 512 512\" xmlns=\"http:\/\/www.w3.org\/2000\/svg\"><path d=\"M504 256c0 136.967-111.033 248-248 248S8 392.967 8 256 119.033 8 256 8s248 111.033 248 248zM227.314 387.314l184-184c6.248-6.248 6.248-16.379 0-22.627l-22.627-22.627c-6.248-6.249-16.379-6.249-22.628 0L216 308.118l-70.059-70.059c-6.248-6.248-16.379-6.248-22.628 0l-22.627 22.627c-6.248 6.248-6.248 16.379 0 22.627l104 104c6.249 6.249 16.379 6.249 22.628.001z\"><\/path><\/svg><\/span>\n\t\t\t\t\t\t\t\t\t\t\t<\/div>\n\t\t\t\t\t\t\t\t\t\t\t\t\t\t\t\t\t\t\t\t<h4 class=\"e-tab-title-text\">\n\t\t\t\t\t\t\t\t\t\t\t<button type=\"button\">Zas<\/button>\n\t\t\t\t\t\t\t\t\t\t<\/h4>\n\t\t\t\t\t\t\t\t\t\t\t\t\t\t\t\t\t\t\t\t\t<span class=\"e-tab-duration\">0:16<\/span>\n\t\t\t\t\t\t\t\t\t\t\t\t\t\t\t\t\t\t\t<\/div>\n\t\t\t\t\t\t\t\t\t\t\t\t\t\t\t\t\t\t\t\t\t<\/div>\n\t\t\t\t\t\t<div class=\"shadow shadow-top\" aria-hidden=\"true\"><\/div>\n\t\t\t\t\t\t<div class=\"shadow shadow-bottom\" aria-hidden=\"true\"><\/div>\n\t\t\t\t\t<\/div>\n\t\t\t\t<\/div>\n\n\t\t\t\t<div class=\"e-tabs-content-wrapper\" role=\"tablist\" aria-orientation=\"vertical\">\n\t\t\t\t\t\t\t\t\t\t\t<div id=\"e-tab-content-3001\" class=\"e-tab-content elementor-clearfix\" data-tab=\"1\" role=\"tabpanel\" aria-labelledby=\"e-tab-title-3001\" tabindex=\"0\" data-video-url=\"https:\/\/www.youtube.com\/watch?v=nFIS37MYOsc\" data-video-type=\"youtube\" data-video-title=\"A Cebola\" data-video-duration=\"0:16\">\n\t\t\t\t\t\t\t<div><\/div>\n\t\t\t\t\t\t\t\t\t\t\t\t\t<\/div>\n\t\t\t\t\t\t\t\t\t\t\t<div id=\"e-tab-content-3002\" class=\"e-tab-content elementor-clearfix\" data-tab=\"2\" role=\"tabpanel\" aria-labelledby=\"e-tab-title-3002\" tabindex=\"0\" data-video-url=\"https:\/\/www.youtube.com\/watch?v=KKShTku6nm8\" data-video-type=\"youtube\" data-video-title=\"Brandomil\" data-video-duration=\"0:16\" hidden=\"hidden\">\n\t\t\t\t\t\t\t<div><\/div>\n\t\t\t\t\t\t\t\t\t\t\t\t\t<\/div>\n\t\t\t\t\t\t\t\t\t\t\t<div id=\"e-tab-content-3003\" class=\"e-tab-content elementor-clearfix\" data-tab=\"3\" role=\"tabpanel\" aria-labelledby=\"e-tab-title-3003\" tabindex=\"0\" data-video-url=\"https:\/\/www.youtube.com\/watch?v=BEopCg0sPQI\" data-video-type=\"youtube\" data-video-title=\"Brandomil y Brando\u00f1as\" data-video-duration=\"0:16\" hidden=\"hidden\">\n\t\t\t\t\t\t\t<div><\/div>\n\t\t\t\t\t\t\t\t\t\t\t\t\t<\/div>\n\t\t\t\t\t\t\t\t\t\t\t<div id=\"e-tab-content-3004\" class=\"e-tab-content elementor-clearfix\" data-tab=\"4\" role=\"tabpanel\" aria-labelledby=\"e-tab-title-3004\" tabindex=\"0\" data-video-url=\"https:\/\/www.youtube.com\/watch?v=m3ZepOYF484\" data-video-type=\"youtube\" data-video-title=\"O Allo\" data-video-duration=\"6:12\" hidden=\"hidden\">\n\t\t\t\t\t\t\t<div><\/div>\n\t\t\t\t\t\t\t\t\t\t\t\t\t<\/div>\n\t\t\t\t\t\t\t\t\t\t\t<div id=\"e-tab-content-3005\" class=\"e-tab-content elementor-clearfix\" data-tab=\"5\" role=\"tabpanel\" aria-labelledby=\"e-tab-title-3005\" tabindex=\"0\" data-video-url=\"https:\/\/www.youtube.com\/watch?v=Px-i13IB4NA\" data-video-type=\"youtube\" data-video-title=\"Zas\" data-video-duration=\"0:16\" hidden=\"hidden\">\n\t\t\t\t\t\t\t<div><\/div>\n\t\t\t\t\t\t\t\t\t\t\t\t\t<\/div>\n\t\t\t\t\t\t\t\t\t<\/div>\n\t\t\t<\/div>\n\n\t\t\t<div class=\"e-tabs-inner-tabs\" >\n\t\t\t\t\t\t\t\t\t\t\t\t\t\t\t\t\t\t\t\t\t\t\t\t\t\t\t\t\t\t\t\t\t\t\t\t\t\t\t\t\t\t\t\t\t\t\t\t\t\t\t\t<\/div>\n\t\t<\/div>\n\t\t\t\t\t\t<\/div>\n\t\t\t\t<div class=\"elementor-element elementor-element-ee185ed e-tabs-view-vertical elementor-layout-end elementor-widget elementor-widget-video-playlist\" data-id=\"ee185ed\" data-element_type=\"widget\" data-e-type=\"widget\" data-settings=\"{&quot;playlist_title&quot;:&quot;Actividades sobre Labarta Pose&quot;,&quot;tabs&quot;:[{&quot;title&quot;:&quot;\\&quot;Enrique Labarta Pose. O poeta da terra\\&quot;&quot;,&quot;youtube_url&quot;:&quot;https:\\\/\\\/www.youtube.com\\\/watch?v=3Qq0ufM-uNw&quot;,&quot;duration&quot;:&quot;0:16&quot;,&quot;thumbnail&quot;:{&quot;url&quot;:&quot;https:\\\/\\\/concellodezas.gal\\\/wp-content\\\/uploads\\\/2022\\\/10\\\/7.AspegadasdeLabarta-coloquio-1.jpeg&quot;,&quot;id&quot;:9079,&quot;size&quot;:&quot;&quot;,&quot;alt&quot;:&quot;7.AspegadasdeLabarta coloquio&quot;,&quot;source&quot;:&quot;library&quot;},&quot;_id&quot;:&quot;4e4a1c8&quot;,&quot;vimeo_url&quot;:null,&quot;type&quot;:&quot;youtube&quot;,&quot;is_external_url&quot;:null,&quot;hosted_url&quot;:null,&quot;external_url&quot;:null,&quot;section_html_tag&quot;:null,&quot;video_html_tag&quot;:&quot;h4&quot;,&quot;inner_tab_is_content_visible&quot;:&quot;&quot;,&quot;inner_tab_content_1&quot;:null,&quot;inner_tab_content_2&quot;:null},{&quot;title&quot;:&quot;Proyecto literario infantil sobre Enrique Labarta Pose&quot;,&quot;youtube_url&quot;:&quot;https:\\\/\\\/www.youtube.com\\\/watch?v=0eQ0zPqrcIE&quot;,&quot;duration&quot;:&quot;0:16&quot;,&quot;thumbnail&quot;:{&quot;url&quot;:&quot;https:\\\/\\\/concellodezas.gal\\\/wp-content\\\/uploads\\\/2022\\\/10\\\/7.AspegadasdeLabarta-coloquio-1.jpeg&quot;,&quot;id&quot;:9079,&quot;size&quot;:&quot;&quot;,&quot;alt&quot;:&quot;7.AspegadasdeLabarta coloquio&quot;,&quot;source&quot;:&quot;library&quot;},&quot;vimeo_url&quot;:null,&quot;_id&quot;:&quot;c3afea9&quot;,&quot;type&quot;:&quot;youtube&quot;,&quot;is_external_url&quot;:null,&quot;hosted_url&quot;:null,&quot;external_url&quot;:null,&quot;section_html_tag&quot;:null,&quot;video_html_tag&quot;:&quot;h4&quot;,&quot;inner_tab_is_content_visible&quot;:&quot;&quot;,&quot;inner_tab_content_1&quot;:null,&quot;inner_tab_content_2&quot;:null},{&quot;title&quot;:&quot;\\&quot;Antolog\\u00eda Po\\u00e9tica\\&quot; de Enrique Labarta Pose&quot;,&quot;youtube_url&quot;:&quot;https:\\\/\\\/www.youtube.com\\\/watch?v=zDzWeQjCT5g&quot;,&quot;duration&quot;:&quot;0:16&quot;,&quot;thumbnail&quot;:{&quot;url&quot;:&quot;https:\\\/\\\/concellodezas.gal\\\/wp-content\\\/uploads\\\/2022\\\/10\\\/7.AspegadasdeLabarta-coloquio-1.jpeg&quot;,&quot;id&quot;:9079,&quot;size&quot;:&quot;&quot;,&quot;alt&quot;:&quot;7.AspegadasdeLabarta coloquio&quot;,&quot;source&quot;:&quot;library&quot;},&quot;vimeo_url&quot;:null,&quot;_id&quot;:&quot;789659b&quot;,&quot;type&quot;:&quot;youtube&quot;,&quot;is_external_url&quot;:null,&quot;hosted_url&quot;:null,&quot;external_url&quot;:null,&quot;section_html_tag&quot;:null,&quot;video_html_tag&quot;:&quot;h4&quot;,&quot;inner_tab_is_content_visible&quot;:&quot;&quot;,&quot;inner_tab_content_1&quot;:null,&quot;inner_tab_content_2&quot;:null},{&quot;title&quot;:&quot;\\&quot;Enrique Labarta Pose, a pluma da terra\\&quot; en el Colegio de Fonseca&quot;,&quot;youtube_url&quot;:&quot;https:\\\/\\\/www.youtube.com\\\/watch?v=JQC6lr0A618&quot;,&quot;duration&quot;:&quot;0:16&quot;,&quot;thumbnail&quot;:{&quot;url&quot;:&quot;https:\\\/\\\/concellodezas.gal\\\/wp-content\\\/uploads\\\/2022\\\/10\\\/7.AspegadasdeLabarta-coloquio-1.jpeg&quot;,&quot;id&quot;:9079,&quot;size&quot;:&quot;&quot;,&quot;alt&quot;:&quot;7.AspegadasdeLabarta coloquio&quot;,&quot;source&quot;:&quot;library&quot;},&quot;vimeo_url&quot;:null,&quot;_id&quot;:&quot;8e81a5f&quot;,&quot;type&quot;:&quot;youtube&quot;,&quot;is_external_url&quot;:null,&quot;hosted_url&quot;:null,&quot;external_url&quot;:null,&quot;section_html_tag&quot;:null,&quot;video_html_tag&quot;:&quot;h4&quot;,&quot;inner_tab_is_content_visible&quot;:&quot;&quot;,&quot;inner_tab_content_1&quot;:null,&quot;inner_tab_content_2&quot;:null},{&quot;title&quot;:&quot;Jornada \\&quot;As m\\u00faltiples pegadas de Enrique Labarta Pose\\&quot;&quot;,&quot;youtube_url&quot;:&quot;https:\\\/\\\/www.youtube.com\\\/watch?v=9UGdWRuEbEY&quot;,&quot;duration&quot;:&quot;0:16&quot;,&quot;thumbnail&quot;:{&quot;url&quot;:&quot;https:\\\/\\\/concellodezas.gal\\\/wp-content\\\/uploads\\\/2022\\\/10\\\/7.AspegadasdeLabarta-coloquio-1.jpeg&quot;,&quot;id&quot;:9079,&quot;size&quot;:&quot;&quot;,&quot;alt&quot;:&quot;7.AspegadasdeLabarta coloquio&quot;,&quot;source&quot;:&quot;library&quot;},&quot;vimeo_url&quot;:null,&quot;_id&quot;:&quot;412caa2&quot;,&quot;type&quot;:&quot;youtube&quot;,&quot;is_external_url&quot;:null,&quot;hosted_url&quot;:null,&quot;external_url&quot;:null,&quot;section_html_tag&quot;:null,&quot;video_html_tag&quot;:&quot;h4&quot;,&quot;inner_tab_is_content_visible&quot;:&quot;&quot;,&quot;inner_tab_content_1&quot;:null,&quot;inner_tab_content_2&quot;:null},{&quot;title&quot;:&quot;Jornada \\&quot;As m\\u00faltiples pegadas de Enrique Labarta Pose\\&quot;&quot;,&quot;youtube_url&quot;:&quot;https:\\\/\\\/www.youtube.com\\\/watch?v=zC9tzulSfGU&quot;,&quot;duration&quot;:&quot;0:16&quot;,&quot;thumbnail&quot;:{&quot;url&quot;:&quot;https:\\\/\\\/concellodezas.gal\\\/wp-content\\\/uploads\\\/2022\\\/10\\\/7.AspegadasdeLabarta-coloquio-1.jpeg&quot;,&quot;id&quot;:9079,&quot;size&quot;:&quot;&quot;,&quot;alt&quot;:&quot;7.AspegadasdeLabarta coloquio&quot;,&quot;source&quot;:&quot;library&quot;},&quot;vimeo_url&quot;:null,&quot;_id&quot;:&quot;7ab41d8&quot;,&quot;type&quot;:&quot;youtube&quot;,&quot;is_external_url&quot;:null,&quot;hosted_url&quot;:null,&quot;external_url&quot;:null,&quot;section_html_tag&quot;:null,&quot;video_html_tag&quot;:&quot;h4&quot;,&quot;inner_tab_is_content_visible&quot;:&quot;&quot;,&quot;inner_tab_content_1&quot;:null,&quot;inner_tab_content_2&quot;:null},{&quot;title&quot;:&quot;Jornada \\&quot;As m\\u00faltiples pegadas de Enrique Labarta Pose\\&quot;&quot;,&quot;youtube_url&quot;:&quot;https:\\\/\\\/www.youtube.com\\\/watch?v=ng6Ep5rGcLg&quot;,&quot;duration&quot;:&quot;0:16&quot;,&quot;thumbnail&quot;:{&quot;url&quot;:&quot;https:\\\/\\\/concellodezas.gal\\\/wp-content\\\/uploads\\\/2022\\\/10\\\/7.AspegadasdeLabarta-coloquio-1.jpeg&quot;,&quot;id&quot;:9079,&quot;size&quot;:&quot;&quot;,&quot;alt&quot;:&quot;7.AspegadasdeLabarta coloquio&quot;,&quot;source&quot;:&quot;library&quot;},&quot;vimeo_url&quot;:null,&quot;_id&quot;:&quot;927eb64&quot;,&quot;type&quot;:&quot;youtube&quot;,&quot;is_external_url&quot;:null,&quot;hosted_url&quot;:null,&quot;external_url&quot;:null,&quot;section_html_tag&quot;:null,&quot;video_html_tag&quot;:&quot;h4&quot;,&quot;inner_tab_is_content_visible&quot;:&quot;&quot;,&quot;inner_tab_content_1&quot;:null,&quot;inner_tab_content_2&quot;:null},{&quot;title&quot;:&quot;Jornada \\&quot;As m\\u00faltiples pegadas de Enrique Labarta Pose\\&quot;&quot;,&quot;youtube_url&quot;:&quot;youtube.com\\\/watch?v=5kjXG_ixcUo&amp;pp=0gcJCU8KAYcqIYzv&quot;,&quot;duration&quot;:&quot;0:16&quot;,&quot;thumbnail&quot;:{&quot;url&quot;:&quot;https:\\\/\\\/concellodezas.gal\\\/wp-content\\\/uploads\\\/2022\\\/10\\\/7.AspegadasdeLabarta-coloquio-1.jpeg&quot;,&quot;id&quot;:9079,&quot;size&quot;:&quot;&quot;,&quot;alt&quot;:&quot;7.AspegadasdeLabarta coloquio&quot;,&quot;source&quot;:&quot;library&quot;},&quot;vimeo_url&quot;:null,&quot;_id&quot;:&quot;4388f16&quot;,&quot;type&quot;:&quot;youtube&quot;,&quot;is_external_url&quot;:null,&quot;hosted_url&quot;:null,&quot;external_url&quot;:null,&quot;section_html_tag&quot;:null,&quot;video_html_tag&quot;:&quot;h4&quot;,&quot;inner_tab_is_content_visible&quot;:&quot;&quot;,&quot;inner_tab_content_1&quot;:null,&quot;inner_tab_content_2&quot;:null},{&quot;title&quot;:&quot;Jornada \\&quot;As m\\u00faltiples pegadas de Enrique Labarta Pose\\&quot;&quot;,&quot;youtube_url&quot;:&quot;youtube.com\\\/watch?v=5kjXG_ixcUo&amp;pp=0gcJCU8KAYcqIYzv&quot;,&quot;duration&quot;:&quot;0:16&quot;,&quot;thumbnail&quot;:{&quot;url&quot;:&quot;https:\\\/\\\/concellodezas.gal\\\/wp-content\\\/uploads\\\/2022\\\/10\\\/7.AspegadasdeLabarta-coloquio-1.jpeg&quot;,&quot;id&quot;:9079,&quot;size&quot;:&quot;&quot;,&quot;alt&quot;:&quot;7.AspegadasdeLabarta coloquio&quot;,&quot;source&quot;:&quot;library&quot;},&quot;vimeo_url&quot;:null,&quot;_id&quot;:&quot;3d9731b&quot;,&quot;type&quot;:&quot;youtube&quot;,&quot;is_external_url&quot;:null,&quot;hosted_url&quot;:null,&quot;external_url&quot;:null,&quot;section_html_tag&quot;:null,&quot;video_html_tag&quot;:&quot;h4&quot;,&quot;inner_tab_is_content_visible&quot;:&quot;&quot;,&quot;inner_tab_content_1&quot;:null,&quot;inner_tab_content_2&quot;:null},{&quot;title&quot;:&quot;Jornada \\&quot;As m\\u00faltiples pegadas de Enrique Labarta Pose\\&quot;&quot;,&quot;youtube_url&quot;:&quot;https:\\\/\\\/www.youtube.com\\\/watch?v=wITUG_MYkdk&quot;,&quot;duration&quot;:&quot;0:16&quot;,&quot;thumbnail&quot;:{&quot;url&quot;:&quot;https:\\\/\\\/concellodezas.gal\\\/wp-content\\\/uploads\\\/2022\\\/10\\\/7.AspegadasdeLabarta-coloquio-1.jpeg&quot;,&quot;id&quot;:9079,&quot;size&quot;:&quot;&quot;,&quot;alt&quot;:&quot;7.AspegadasdeLabarta coloquio&quot;,&quot;source&quot;:&quot;library&quot;},&quot;vimeo_url&quot;:null,&quot;_id&quot;:&quot;b46d8ee&quot;,&quot;type&quot;:&quot;youtube&quot;,&quot;is_external_url&quot;:null,&quot;hosted_url&quot;:null,&quot;external_url&quot;:null,&quot;section_html_tag&quot;:null,&quot;video_html_tag&quot;:&quot;h4&quot;,&quot;inner_tab_is_content_visible&quot;:&quot;&quot;,&quot;inner_tab_content_1&quot;:null,&quot;inner_tab_content_2&quot;:null}],&quot;inner_tab_title_1&quot;:&quot;Tab #1d&quot;,&quot;inner_tab_title_2&quot;:&quot;Tab #2&quot;}\" data-widget_type=\"video-playlist.default\">\n\t\t\t\t\t\n\t\t<div class=\"e-tabs\" role=\"region\" aria-labelledby=\"e-playlist-ee185ed\">\n\t\t\t<div class=\"e-tabs-main-area\">\n\t\t\t\t<div class=\"e-tabs-wrapper\">\n\t\t\t\t\t<div class=\"e-tabs-header\">\n\t\t\t\t\t\t<h3 class=\"e-tabs-title\" id=\"e-playlist-ee185ed\">Actividades sobre Labarta Pose<\/h3>\n\t\t\t\t\t\t<div class=\"e-tabs-header-right-side\">\n\t\t\t\t\t\t\t\t\t\t\t\t\t\t\t<span class=\"e-tabs-videos-count\">10 V\u00eddeos<\/span>\n\t\t\t\t\t\t\t\t\t\t\t\t\t\t<svg aria-hidden=\"true\" class=\"e-tabs-toggle-videos-display-button rotate-down e-font-icon-svg e-eicon-caret-down\" viewBox=\"0 0 571.4 571.4\" xmlns=\"http:\/\/www.w3.org\/2000\/svg\"><path d=\"M571 393Q571 407 561 418L311 668Q300 679 286 679T261 668L11 418Q0 407 0 393T11 368 36 357H536Q550 357 561 368T571 393Z\"><\/path><\/svg>\t\t\t\t\t\t<\/div>\n\t\t\t\t\t<\/div>\n\t\t\t\t\t<div class=\"e-tabs-items-wrapper\">\n\t\t\t\t\t\t<div class=\"e-tabs-items\" role=\"tablist\">\n\t\t\t\t\t\t\t\t\t\t\t\t\t\t\t\t\t\t\t\t\t\t\t\t<div id=\"e-tab-title-2491\" class=\"e-tab-title e-tab-desktop-title\" aria-selected=\"true\" data-tab=\"1\" role=\"tab\" tabindex=\"0\" aria-controls=\"e-tab-content-2491\">\n\t\t\t\t\t\t\t\t\t\t\t\t\t\t\t\t\t\t\t\t\t<div class=\"e-tab-thumbnail\">\n\t\t\t\t\t\t\t\t\t\t\t\t\t\t\t\t\t\t\t\t\t\t\t\t\t<img decoding=\"async\" src=\"https:\/\/concellodezas.gal\/wp-content\/uploads\/2022\/10\/7.AspegadasdeLabarta-coloquio-1.jpeg\" alt=\"&quot;Enrique Labarta Pose. O poeta da terra&quot;\" loading=\"lazy\" \/>\n\t\t\t\t\t\t\t\t\t\t\t\t\t\t\t\t\t\t\t\t\t\t\t\t<span class=\"icon-play\"><svg aria-hidden=\"true\" class=\"e-font-icon-svg e-fas-play-circle\" viewBox=\"0 0 512 512\" xmlns=\"http:\/\/www.w3.org\/2000\/svg\"><path d=\"M256 8C119 8 8 119 8 256s111 248 248 248 248-111 248-248S393 8 256 8zm115.7 272l-176 101c-15.8 8.8-35.7-2.5-35.7-21V152c0-18.4 19.8-29.8 35.7-21l176 107c16.4 9.2 16.4 32.9 0 42z\"><\/path><\/svg><\/span>\n\t\t\t\t\t\t\t\t\t\t\t\t<span class=\"icon-watched\"><svg aria-hidden=\"true\" class=\"e-font-icon-svg e-fas-check-circle\" viewBox=\"0 0 512 512\" xmlns=\"http:\/\/www.w3.org\/2000\/svg\"><path d=\"M504 256c0 136.967-111.033 248-248 248S8 392.967 8 256 119.033 8 256 8s248 111.033 248 248zM227.314 387.314l184-184c6.248-6.248 6.248-16.379 0-22.627l-22.627-22.627c-6.248-6.249-16.379-6.249-22.628 0L216 308.118l-70.059-70.059c-6.248-6.248-16.379-6.248-22.628 0l-22.627 22.627c-6.248 6.248-6.248 16.379 0 22.627l104 104c6.249 6.249 16.379 6.249 22.628.001z\"><\/path><\/svg><\/span>\n\t\t\t\t\t\t\t\t\t\t\t<\/div>\n\t\t\t\t\t\t\t\t\t\t\t\t\t\t\t\t\t\t\t\t<h4 class=\"e-tab-title-text\">\n\t\t\t\t\t\t\t\t\t\t\t<button type=\"button\">\"Enrique Labarta Pose. O poeta da terra\"<\/button>\n\t\t\t\t\t\t\t\t\t\t<\/h4>\n\t\t\t\t\t\t\t\t\t\t\t\t\t\t\t\t\t\t\t\t\t<span class=\"e-tab-duration\">0:16<\/span>\n\t\t\t\t\t\t\t\t\t\t\t\t\t\t\t\t\t\t\t<\/div>\n\t\t\t\t\t\t\t\t\t\t\t\t\t\t\t\t\t\t\t\t\t\t\t\t\t\t\t\t\t\t\t\t<div id=\"e-tab-title-2492\" class=\"e-tab-title e-tab-desktop-title\" aria-selected=\"false\" data-tab=\"2\" role=\"tab\" tabindex=\"-1\" aria-controls=\"e-tab-content-2492\">\n\t\t\t\t\t\t\t\t\t\t\t\t\t\t\t\t\t\t\t\t\t<div class=\"e-tab-thumbnail\">\n\t\t\t\t\t\t\t\t\t\t\t\t\t\t\t\t\t\t\t\t\t\t\t\t\t<img decoding=\"async\" src=\"https:\/\/concellodezas.gal\/wp-content\/uploads\/2022\/10\/7.AspegadasdeLabarta-coloquio-1.jpeg\" alt=\"Proyecto literario infantil sobre Enrique Labarta Pose\" loading=\"lazy\" \/>\n\t\t\t\t\t\t\t\t\t\t\t\t\t\t\t\t\t\t\t\t\t\t\t\t<span class=\"icon-play\"><svg aria-hidden=\"true\" class=\"e-font-icon-svg e-fas-play-circle\" viewBox=\"0 0 512 512\" xmlns=\"http:\/\/www.w3.org\/2000\/svg\"><path d=\"M256 8C119 8 8 119 8 256s111 248 248 248 248-111 248-248S393 8 256 8zm115.7 272l-176 101c-15.8 8.8-35.7-2.5-35.7-21V152c0-18.4 19.8-29.8 35.7-21l176 107c16.4 9.2 16.4 32.9 0 42z\"><\/path><\/svg><\/span>\n\t\t\t\t\t\t\t\t\t\t\t\t<span class=\"icon-watched\"><svg aria-hidden=\"true\" class=\"e-font-icon-svg e-fas-check-circle\" viewBox=\"0 0 512 512\" xmlns=\"http:\/\/www.w3.org\/2000\/svg\"><path d=\"M504 256c0 136.967-111.033 248-248 248S8 392.967 8 256 119.033 8 256 8s248 111.033 248 248zM227.314 387.314l184-184c6.248-6.248 6.248-16.379 0-22.627l-22.627-22.627c-6.248-6.249-16.379-6.249-22.628 0L216 308.118l-70.059-70.059c-6.248-6.248-16.379-6.248-22.628 0l-22.627 22.627c-6.248 6.248-6.248 16.379 0 22.627l104 104c6.249 6.249 16.379 6.249 22.628.001z\"><\/path><\/svg><\/span>\n\t\t\t\t\t\t\t\t\t\t\t<\/div>\n\t\t\t\t\t\t\t\t\t\t\t\t\t\t\t\t\t\t\t\t<h4 class=\"e-tab-title-text\">\n\t\t\t\t\t\t\t\t\t\t\t<button type=\"button\">Proyecto literario infantil sobre Enrique Labarta Pose<\/button>\n\t\t\t\t\t\t\t\t\t\t<\/h4>\n\t\t\t\t\t\t\t\t\t\t\t\t\t\t\t\t\t\t\t\t\t<span class=\"e-tab-duration\">0:16<\/span>\n\t\t\t\t\t\t\t\t\t\t\t\t\t\t\t\t\t\t\t<\/div>\n\t\t\t\t\t\t\t\t\t\t\t\t\t\t\t\t\t\t\t\t\t\t\t\t\t\t\t\t\t\t\t\t<div id=\"e-tab-title-2493\" class=\"e-tab-title e-tab-desktop-title\" aria-selected=\"false\" data-tab=\"3\" role=\"tab\" tabindex=\"-1\" aria-controls=\"e-tab-content-2493\">\n\t\t\t\t\t\t\t\t\t\t\t\t\t\t\t\t\t\t\t\t\t<div class=\"e-tab-thumbnail\">\n\t\t\t\t\t\t\t\t\t\t\t\t\t\t\t\t\t\t\t\t\t\t\t\t\t<img decoding=\"async\" src=\"https:\/\/concellodezas.gal\/wp-content\/uploads\/2022\/10\/7.AspegadasdeLabarta-coloquio-1.jpeg\" alt=\"&quot;Antolog\u00eda Po\u00e9tica&quot; de Enrique Labarta Pose\" loading=\"lazy\" \/>\n\t\t\t\t\t\t\t\t\t\t\t\t\t\t\t\t\t\t\t\t\t\t\t\t<span class=\"icon-play\"><svg aria-hidden=\"true\" class=\"e-font-icon-svg e-fas-play-circle\" viewBox=\"0 0 512 512\" xmlns=\"http:\/\/www.w3.org\/2000\/svg\"><path d=\"M256 8C119 8 8 119 8 256s111 248 248 248 248-111 248-248S393 8 256 8zm115.7 272l-176 101c-15.8 8.8-35.7-2.5-35.7-21V152c0-18.4 19.8-29.8 35.7-21l176 107c16.4 9.2 16.4 32.9 0 42z\"><\/path><\/svg><\/span>\n\t\t\t\t\t\t\t\t\t\t\t\t<span class=\"icon-watched\"><svg aria-hidden=\"true\" class=\"e-font-icon-svg e-fas-check-circle\" viewBox=\"0 0 512 512\" xmlns=\"http:\/\/www.w3.org\/2000\/svg\"><path d=\"M504 256c0 136.967-111.033 248-248 248S8 392.967 8 256 119.033 8 256 8s248 111.033 248 248zM227.314 387.314l184-184c6.248-6.248 6.248-16.379 0-22.627l-22.627-22.627c-6.248-6.249-16.379-6.249-22.628 0L216 308.118l-70.059-70.059c-6.248-6.248-16.379-6.248-22.628 0l-22.627 22.627c-6.248 6.248-6.248 16.379 0 22.627l104 104c6.249 6.249 16.379 6.249 22.628.001z\"><\/path><\/svg><\/span>\n\t\t\t\t\t\t\t\t\t\t\t<\/div>\n\t\t\t\t\t\t\t\t\t\t\t\t\t\t\t\t\t\t\t\t<h4 class=\"e-tab-title-text\">\n\t\t\t\t\t\t\t\t\t\t\t<button type=\"button\">\"Antolog\u00eda Po\u00e9tica\" de Enrique Labarta Pose<\/button>\n\t\t\t\t\t\t\t\t\t\t<\/h4>\n\t\t\t\t\t\t\t\t\t\t\t\t\t\t\t\t\t\t\t\t\t<span class=\"e-tab-duration\">0:16<\/span>\n\t\t\t\t\t\t\t\t\t\t\t\t\t\t\t\t\t\t\t<\/div>\n\t\t\t\t\t\t\t\t\t\t\t\t\t\t\t\t\t\t\t\t\t\t\t\t\t\t\t\t\t\t\t\t<div id=\"e-tab-title-2494\" class=\"e-tab-title e-tab-desktop-title\" aria-selected=\"false\" data-tab=\"4\" role=\"tab\" tabindex=\"-1\" aria-controls=\"e-tab-content-2494\">\n\t\t\t\t\t\t\t\t\t\t\t\t\t\t\t\t\t\t\t\t\t<div class=\"e-tab-thumbnail\">\n\t\t\t\t\t\t\t\t\t\t\t\t\t\t\t\t\t\t\t\t\t\t\t\t\t<img decoding=\"async\" src=\"https:\/\/concellodezas.gal\/wp-content\/uploads\/2022\/10\/7.AspegadasdeLabarta-coloquio-1.jpeg\" alt=\"&quot;Enrique Labarta Pose, a pluma da terra&quot; en el Colegio de Fonseca\" loading=\"lazy\" \/>\n\t\t\t\t\t\t\t\t\t\t\t\t\t\t\t\t\t\t\t\t\t\t\t\t<span class=\"icon-play\"><svg aria-hidden=\"true\" class=\"e-font-icon-svg e-fas-play-circle\" viewBox=\"0 0 512 512\" xmlns=\"http:\/\/www.w3.org\/2000\/svg\"><path d=\"M256 8C119 8 8 119 8 256s111 248 248 248 248-111 248-248S393 8 256 8zm115.7 272l-176 101c-15.8 8.8-35.7-2.5-35.7-21V152c0-18.4 19.8-29.8 35.7-21l176 107c16.4 9.2 16.4 32.9 0 42z\"><\/path><\/svg><\/span>\n\t\t\t\t\t\t\t\t\t\t\t\t<span class=\"icon-watched\"><svg aria-hidden=\"true\" class=\"e-font-icon-svg e-fas-check-circle\" viewBox=\"0 0 512 512\" xmlns=\"http:\/\/www.w3.org\/2000\/svg\"><path d=\"M504 256c0 136.967-111.033 248-248 248S8 392.967 8 256 119.033 8 256 8s248 111.033 248 248zM227.314 387.314l184-184c6.248-6.248 6.248-16.379 0-22.627l-22.627-22.627c-6.248-6.249-16.379-6.249-22.628 0L216 308.118l-70.059-70.059c-6.248-6.248-16.379-6.248-22.628 0l-22.627 22.627c-6.248 6.248-6.248 16.379 0 22.627l104 104c6.249 6.249 16.379 6.249 22.628.001z\"><\/path><\/svg><\/span>\n\t\t\t\t\t\t\t\t\t\t\t<\/div>\n\t\t\t\t\t\t\t\t\t\t\t\t\t\t\t\t\t\t\t\t<h4 class=\"e-tab-title-text\">\n\t\t\t\t\t\t\t\t\t\t\t<button type=\"button\">\"Enrique Labarta Pose, a pluma da terra\" en el Colegio de Fonseca<\/button>\n\t\t\t\t\t\t\t\t\t\t<\/h4>\n\t\t\t\t\t\t\t\t\t\t\t\t\t\t\t\t\t\t\t\t\t<span class=\"e-tab-duration\">0:16<\/span>\n\t\t\t\t\t\t\t\t\t\t\t\t\t\t\t\t\t\t\t<\/div>\n\t\t\t\t\t\t\t\t\t\t\t\t\t\t\t\t\t\t\t\t\t\t\t\t\t\t\t\t\t\t\t\t<div id=\"e-tab-title-2495\" class=\"e-tab-title e-tab-desktop-title\" aria-selected=\"false\" data-tab=\"5\" role=\"tab\" tabindex=\"-1\" aria-controls=\"e-tab-content-2495\">\n\t\t\t\t\t\t\t\t\t\t\t\t\t\t\t\t\t\t\t\t\t<div class=\"e-tab-thumbnail\">\n\t\t\t\t\t\t\t\t\t\t\t\t\t\t\t\t\t\t\t\t\t\t\t\t\t<img decoding=\"async\" src=\"https:\/\/concellodezas.gal\/wp-content\/uploads\/2022\/10\/7.AspegadasdeLabarta-coloquio-1.jpeg\" alt=\"Jornada &quot;As m\u00faltiples pegadas de Enrique Labarta Pose&quot;\" loading=\"lazy\" \/>\n\t\t\t\t\t\t\t\t\t\t\t\t\t\t\t\t\t\t\t\t\t\t\t\t<span class=\"icon-play\"><svg aria-hidden=\"true\" class=\"e-font-icon-svg e-fas-play-circle\" viewBox=\"0 0 512 512\" xmlns=\"http:\/\/www.w3.org\/2000\/svg\"><path d=\"M256 8C119 8 8 119 8 256s111 248 248 248 248-111 248-248S393 8 256 8zm115.7 272l-176 101c-15.8 8.8-35.7-2.5-35.7-21V152c0-18.4 19.8-29.8 35.7-21l176 107c16.4 9.2 16.4 32.9 0 42z\"><\/path><\/svg><\/span>\n\t\t\t\t\t\t\t\t\t\t\t\t<span class=\"icon-watched\"><svg aria-hidden=\"true\" class=\"e-font-icon-svg e-fas-check-circle\" viewBox=\"0 0 512 512\" xmlns=\"http:\/\/www.w3.org\/2000\/svg\"><path d=\"M504 256c0 136.967-111.033 248-248 248S8 392.967 8 256 119.033 8 256 8s248 111.033 248 248zM227.314 387.314l184-184c6.248-6.248 6.248-16.379 0-22.627l-22.627-22.627c-6.248-6.249-16.379-6.249-22.628 0L216 308.118l-70.059-70.059c-6.248-6.248-16.379-6.248-22.628 0l-22.627 22.627c-6.248 6.248-6.248 16.379 0 22.627l104 104c6.249 6.249 16.379 6.249 22.628.001z\"><\/path><\/svg><\/span>\n\t\t\t\t\t\t\t\t\t\t\t<\/div>\n\t\t\t\t\t\t\t\t\t\t\t\t\t\t\t\t\t\t\t\t<h4 class=\"e-tab-title-text\">\n\t\t\t\t\t\t\t\t\t\t\t<button type=\"button\">Jornada \"As m\u00faltiples pegadas de Enrique Labarta Pose\"<\/button>\n\t\t\t\t\t\t\t\t\t\t<\/h4>\n\t\t\t\t\t\t\t\t\t\t\t\t\t\t\t\t\t\t\t\t\t<span class=\"e-tab-duration\">0:16<\/span>\n\t\t\t\t\t\t\t\t\t\t\t\t\t\t\t\t\t\t\t<\/div>\n\t\t\t\t\t\t\t\t\t\t\t\t\t\t\t\t\t\t\t\t\t\t\t\t\t\t\t\t\t\t\t\t<div id=\"e-tab-title-2496\" class=\"e-tab-title e-tab-desktop-title\" aria-selected=\"false\" data-tab=\"6\" role=\"tab\" tabindex=\"-1\" aria-controls=\"e-tab-content-2496\">\n\t\t\t\t\t\t\t\t\t\t\t\t\t\t\t\t\t\t\t\t\t<div class=\"e-tab-thumbnail\">\n\t\t\t\t\t\t\t\t\t\t\t\t\t\t\t\t\t\t\t\t\t\t\t\t\t<img decoding=\"async\" src=\"https:\/\/concellodezas.gal\/wp-content\/uploads\/2022\/10\/7.AspegadasdeLabarta-coloquio-1.jpeg\" alt=\"Jornada &quot;As m\u00faltiples pegadas de Enrique Labarta Pose&quot;\" loading=\"lazy\" \/>\n\t\t\t\t\t\t\t\t\t\t\t\t\t\t\t\t\t\t\t\t\t\t\t\t<span class=\"icon-play\"><svg aria-hidden=\"true\" class=\"e-font-icon-svg e-fas-play-circle\" viewBox=\"0 0 512 512\" xmlns=\"http:\/\/www.w3.org\/2000\/svg\"><path d=\"M256 8C119 8 8 119 8 256s111 248 248 248 248-111 248-248S393 8 256 8zm115.7 272l-176 101c-15.8 8.8-35.7-2.5-35.7-21V152c0-18.4 19.8-29.8 35.7-21l176 107c16.4 9.2 16.4 32.9 0 42z\"><\/path><\/svg><\/span>\n\t\t\t\t\t\t\t\t\t\t\t\t<span class=\"icon-watched\"><svg aria-hidden=\"true\" class=\"e-font-icon-svg e-fas-check-circle\" viewBox=\"0 0 512 512\" xmlns=\"http:\/\/www.w3.org\/2000\/svg\"><path d=\"M504 256c0 136.967-111.033 248-248 248S8 392.967 8 256 119.033 8 256 8s248 111.033 248 248zM227.314 387.314l184-184c6.248-6.248 6.248-16.379 0-22.627l-22.627-22.627c-6.248-6.249-16.379-6.249-22.628 0L216 308.118l-70.059-70.059c-6.248-6.248-16.379-6.248-22.628 0l-22.627 22.627c-6.248 6.248-6.248 16.379 0 22.627l104 104c6.249 6.249 16.379 6.249 22.628.001z\"><\/path><\/svg><\/span>\n\t\t\t\t\t\t\t\t\t\t\t<\/div>\n\t\t\t\t\t\t\t\t\t\t\t\t\t\t\t\t\t\t\t\t<h4 class=\"e-tab-title-text\">\n\t\t\t\t\t\t\t\t\t\t\t<button type=\"button\">Jornada \"As m\u00faltiples pegadas de Enrique Labarta Pose\"<\/button>\n\t\t\t\t\t\t\t\t\t\t<\/h4>\n\t\t\t\t\t\t\t\t\t\t\t\t\t\t\t\t\t\t\t\t\t<span class=\"e-tab-duration\">0:16<\/span>\n\t\t\t\t\t\t\t\t\t\t\t\t\t\t\t\t\t\t\t<\/div>\n\t\t\t\t\t\t\t\t\t\t\t\t\t\t\t\t\t\t\t\t\t\t\t\t\t\t\t\t\t\t\t\t<div id=\"e-tab-title-2497\" class=\"e-tab-title e-tab-desktop-title\" aria-selected=\"false\" data-tab=\"7\" role=\"tab\" tabindex=\"-1\" aria-controls=\"e-tab-content-2497\">\n\t\t\t\t\t\t\t\t\t\t\t\t\t\t\t\t\t\t\t\t\t<div class=\"e-tab-thumbnail\">\n\t\t\t\t\t\t\t\t\t\t\t\t\t\t\t\t\t\t\t\t\t\t\t\t\t<img decoding=\"async\" src=\"https:\/\/concellodezas.gal\/wp-content\/uploads\/2022\/10\/7.AspegadasdeLabarta-coloquio-1.jpeg\" alt=\"Jornada &quot;As m\u00faltiples pegadas de Enrique Labarta Pose&quot;\" loading=\"lazy\" \/>\n\t\t\t\t\t\t\t\t\t\t\t\t\t\t\t\t\t\t\t\t\t\t\t\t<span class=\"icon-play\"><svg aria-hidden=\"true\" class=\"e-font-icon-svg e-fas-play-circle\" viewBox=\"0 0 512 512\" xmlns=\"http:\/\/www.w3.org\/2000\/svg\"><path d=\"M256 8C119 8 8 119 8 256s111 248 248 248 248-111 248-248S393 8 256 8zm115.7 272l-176 101c-15.8 8.8-35.7-2.5-35.7-21V152c0-18.4 19.8-29.8 35.7-21l176 107c16.4 9.2 16.4 32.9 0 42z\"><\/path><\/svg><\/span>\n\t\t\t\t\t\t\t\t\t\t\t\t<span class=\"icon-watched\"><svg aria-hidden=\"true\" class=\"e-font-icon-svg e-fas-check-circle\" viewBox=\"0 0 512 512\" xmlns=\"http:\/\/www.w3.org\/2000\/svg\"><path d=\"M504 256c0 136.967-111.033 248-248 248S8 392.967 8 256 119.033 8 256 8s248 111.033 248 248zM227.314 387.314l184-184c6.248-6.248 6.248-16.379 0-22.627l-22.627-22.627c-6.248-6.249-16.379-6.249-22.628 0L216 308.118l-70.059-70.059c-6.248-6.248-16.379-6.248-22.628 0l-22.627 22.627c-6.248 6.248-6.248 16.379 0 22.627l104 104c6.249 6.249 16.379 6.249 22.628.001z\"><\/path><\/svg><\/span>\n\t\t\t\t\t\t\t\t\t\t\t<\/div>\n\t\t\t\t\t\t\t\t\t\t\t\t\t\t\t\t\t\t\t\t<h4 class=\"e-tab-title-text\">\n\t\t\t\t\t\t\t\t\t\t\t<button type=\"button\">Jornada \"As m\u00faltiples pegadas de Enrique Labarta Pose\"<\/button>\n\t\t\t\t\t\t\t\t\t\t<\/h4>\n\t\t\t\t\t\t\t\t\t\t\t\t\t\t\t\t\t\t\t\t\t<span class=\"e-tab-duration\">0:16<\/span>\n\t\t\t\t\t\t\t\t\t\t\t\t\t\t\t\t\t\t\t<\/div>\n\t\t\t\t\t\t\t\t\t\t\t\t\t\t\t\t\t\t\t\t\t\t\t\t\t\t\t\t\t\t\t\t<div id=\"e-tab-title-2498\" class=\"e-tab-title e-tab-desktop-title\" aria-selected=\"false\" data-tab=\"8\" role=\"tab\" tabindex=\"-1\" aria-controls=\"e-tab-content-2498\">\n\t\t\t\t\t\t\t\t\t\t\t\t\t\t\t\t\t\t\t\t\t<div class=\"e-tab-thumbnail\">\n\t\t\t\t\t\t\t\t\t\t\t\t\t\t\t\t\t\t\t\t\t\t\t\t\t<img decoding=\"async\" src=\"https:\/\/concellodezas.gal\/wp-content\/uploads\/2022\/10\/7.AspegadasdeLabarta-coloquio-1.jpeg\" alt=\"Jornada &quot;As m\u00faltiples pegadas de Enrique Labarta Pose&quot;\" loading=\"lazy\" \/>\n\t\t\t\t\t\t\t\t\t\t\t\t\t\t\t\t\t\t\t\t\t\t\t\t<span class=\"icon-play\"><svg aria-hidden=\"true\" class=\"e-font-icon-svg e-fas-play-circle\" viewBox=\"0 0 512 512\" xmlns=\"http:\/\/www.w3.org\/2000\/svg\"><path d=\"M256 8C119 8 8 119 8 256s111 248 248 248 248-111 248-248S393 8 256 8zm115.7 272l-176 101c-15.8 8.8-35.7-2.5-35.7-21V152c0-18.4 19.8-29.8 35.7-21l176 107c16.4 9.2 16.4 32.9 0 42z\"><\/path><\/svg><\/span>\n\t\t\t\t\t\t\t\t\t\t\t\t<span class=\"icon-watched\"><svg aria-hidden=\"true\" class=\"e-font-icon-svg e-fas-check-circle\" viewBox=\"0 0 512 512\" xmlns=\"http:\/\/www.w3.org\/2000\/svg\"><path d=\"M504 256c0 136.967-111.033 248-248 248S8 392.967 8 256 119.033 8 256 8s248 111.033 248 248zM227.314 387.314l184-184c6.248-6.248 6.248-16.379 0-22.627l-22.627-22.627c-6.248-6.249-16.379-6.249-22.628 0L216 308.118l-70.059-70.059c-6.248-6.248-16.379-6.248-22.628 0l-22.627 22.627c-6.248 6.248-6.248 16.379 0 22.627l104 104c6.249 6.249 16.379 6.249 22.628.001z\"><\/path><\/svg><\/span>\n\t\t\t\t\t\t\t\t\t\t\t<\/div>\n\t\t\t\t\t\t\t\t\t\t\t\t\t\t\t\t\t\t\t\t<h4 class=\"e-tab-title-text\">\n\t\t\t\t\t\t\t\t\t\t\t<button type=\"button\">Jornada \"As m\u00faltiples pegadas de Enrique Labarta Pose\"<\/button>\n\t\t\t\t\t\t\t\t\t\t<\/h4>\n\t\t\t\t\t\t\t\t\t\t\t\t\t\t\t\t\t\t\t\t\t<span class=\"e-tab-duration\">0:16<\/span>\n\t\t\t\t\t\t\t\t\t\t\t\t\t\t\t\t\t\t\t<\/div>\n\t\t\t\t\t\t\t\t\t\t\t\t\t\t\t\t\t\t\t\t\t\t\t\t\t\t\t\t\t\t\t\t<div id=\"e-tab-title-2499\" class=\"e-tab-title e-tab-desktop-title\" aria-selected=\"false\" data-tab=\"9\" role=\"tab\" tabindex=\"-1\" aria-controls=\"e-tab-content-2499\">\n\t\t\t\t\t\t\t\t\t\t\t\t\t\t\t\t\t\t\t\t\t<div class=\"e-tab-thumbnail\">\n\t\t\t\t\t\t\t\t\t\t\t\t\t\t\t\t\t\t\t\t\t\t\t\t\t<img decoding=\"async\" src=\"https:\/\/concellodezas.gal\/wp-content\/uploads\/2022\/10\/7.AspegadasdeLabarta-coloquio-1.jpeg\" alt=\"Jornada &quot;As m\u00faltiples pegadas de Enrique Labarta Pose&quot;\" loading=\"lazy\" \/>\n\t\t\t\t\t\t\t\t\t\t\t\t\t\t\t\t\t\t\t\t\t\t\t\t<span class=\"icon-play\"><svg aria-hidden=\"true\" class=\"e-font-icon-svg e-fas-play-circle\" viewBox=\"0 0 512 512\" xmlns=\"http:\/\/www.w3.org\/2000\/svg\"><path d=\"M256 8C119 8 8 119 8 256s111 248 248 248 248-111 248-248S393 8 256 8zm115.7 272l-176 101c-15.8 8.8-35.7-2.5-35.7-21V152c0-18.4 19.8-29.8 35.7-21l176 107c16.4 9.2 16.4 32.9 0 42z\"><\/path><\/svg><\/span>\n\t\t\t\t\t\t\t\t\t\t\t\t<span class=\"icon-watched\"><svg aria-hidden=\"true\" class=\"e-font-icon-svg e-fas-check-circle\" viewBox=\"0 0 512 512\" xmlns=\"http:\/\/www.w3.org\/2000\/svg\"><path d=\"M504 256c0 136.967-111.033 248-248 248S8 392.967 8 256 119.033 8 256 8s248 111.033 248 248zM227.314 387.314l184-184c6.248-6.248 6.248-16.379 0-22.627l-22.627-22.627c-6.248-6.249-16.379-6.249-22.628 0L216 308.118l-70.059-70.059c-6.248-6.248-16.379-6.248-22.628 0l-22.627 22.627c-6.248 6.248-6.248 16.379 0 22.627l104 104c6.249 6.249 16.379 6.249 22.628.001z\"><\/path><\/svg><\/span>\n\t\t\t\t\t\t\t\t\t\t\t<\/div>\n\t\t\t\t\t\t\t\t\t\t\t\t\t\t\t\t\t\t\t\t<h4 class=\"e-tab-title-text\">\n\t\t\t\t\t\t\t\t\t\t\t<button type=\"button\">Jornada \"As m\u00faltiples pegadas de Enrique Labarta Pose\"<\/button>\n\t\t\t\t\t\t\t\t\t\t<\/h4>\n\t\t\t\t\t\t\t\t\t\t\t\t\t\t\t\t\t\t\t\t\t<span class=\"e-tab-duration\">0:16<\/span>\n\t\t\t\t\t\t\t\t\t\t\t\t\t\t\t\t\t\t\t<\/div>\n\t\t\t\t\t\t\t\t\t\t\t\t\t\t\t\t\t\t\t\t\t\t\t\t\t\t\t\t\t\t\t\t<div id=\"e-tab-title-24910\" class=\"e-tab-title e-tab-desktop-title\" aria-selected=\"false\" data-tab=\"10\" role=\"tab\" tabindex=\"-1\" aria-controls=\"e-tab-content-24910\">\n\t\t\t\t\t\t\t\t\t\t\t\t\t\t\t\t\t\t\t\t\t<div class=\"e-tab-thumbnail\">\n\t\t\t\t\t\t\t\t\t\t\t\t\t\t\t\t\t\t\t\t\t\t\t\t\t<img decoding=\"async\" src=\"https:\/\/concellodezas.gal\/wp-content\/uploads\/2022\/10\/7.AspegadasdeLabarta-coloquio-1.jpeg\" alt=\"Jornada &quot;As m\u00faltiples pegadas de Enrique Labarta Pose&quot;\" loading=\"lazy\" \/>\n\t\t\t\t\t\t\t\t\t\t\t\t\t\t\t\t\t\t\t\t\t\t\t\t<span class=\"icon-play\"><svg aria-hidden=\"true\" class=\"e-font-icon-svg e-fas-play-circle\" viewBox=\"0 0 512 512\" xmlns=\"http:\/\/www.w3.org\/2000\/svg\"><path d=\"M256 8C119 8 8 119 8 256s111 248 248 248 248-111 248-248S393 8 256 8zm115.7 272l-176 101c-15.8 8.8-35.7-2.5-35.7-21V152c0-18.4 19.8-29.8 35.7-21l176 107c16.4 9.2 16.4 32.9 0 42z\"><\/path><\/svg><\/span>\n\t\t\t\t\t\t\t\t\t\t\t\t<span class=\"icon-watched\"><svg aria-hidden=\"true\" class=\"e-font-icon-svg e-fas-check-circle\" viewBox=\"0 0 512 512\" xmlns=\"http:\/\/www.w3.org\/2000\/svg\"><path d=\"M504 256c0 136.967-111.033 248-248 248S8 392.967 8 256 119.033 8 256 8s248 111.033 248 248zM227.314 387.314l184-184c6.248-6.248 6.248-16.379 0-22.627l-22.627-22.627c-6.248-6.249-16.379-6.249-22.628 0L216 308.118l-70.059-70.059c-6.248-6.248-16.379-6.248-22.628 0l-22.627 22.627c-6.248 6.248-6.248 16.379 0 22.627l104 104c6.249 6.249 16.379 6.249 22.628.001z\"><\/path><\/svg><\/span>\n\t\t\t\t\t\t\t\t\t\t\t<\/div>\n\t\t\t\t\t\t\t\t\t\t\t\t\t\t\t\t\t\t\t\t<h4 class=\"e-tab-title-text\">\n\t\t\t\t\t\t\t\t\t\t\t<button type=\"button\">Jornada \"As m\u00faltiples pegadas de Enrique Labarta Pose\"<\/button>\n\t\t\t\t\t\t\t\t\t\t<\/h4>\n\t\t\t\t\t\t\t\t\t\t\t\t\t\t\t\t\t\t\t\t\t<span class=\"e-tab-duration\">0:16<\/span>\n\t\t\t\t\t\t\t\t\t\t\t\t\t\t\t\t\t\t\t<\/div>\n\t\t\t\t\t\t\t\t\t\t\t\t\t\t\t\t\t\t\t\t\t<\/div>\n\t\t\t\t\t\t<div class=\"shadow shadow-top\" aria-hidden=\"true\"><\/div>\n\t\t\t\t\t\t<div class=\"shadow shadow-bottom\" aria-hidden=\"true\"><\/div>\n\t\t\t\t\t<\/div>\n\t\t\t\t<\/div>\n\n\t\t\t\t<div class=\"e-tabs-content-wrapper\" role=\"tablist\" aria-orientation=\"vertical\">\n\t\t\t\t\t\t\t\t\t\t\t<div id=\"e-tab-content-2491\" class=\"e-tab-content elementor-clearfix\" data-tab=\"1\" role=\"tabpanel\" aria-labelledby=\"e-tab-title-2491\" tabindex=\"0\" data-video-url=\"https:\/\/www.youtube.com\/watch?v=3Qq0ufM-uNw\" data-video-type=\"youtube\" data-video-title=\"&quot;Enrique Labarta Pose. O poeta da terra&quot;\" data-video-duration=\"0:16\">\n\t\t\t\t\t\t\t<div><\/div>\n\t\t\t\t\t\t\t\t\t\t\t\t\t<\/div>\n\t\t\t\t\t\t\t\t\t\t\t<div id=\"e-tab-content-2492\" class=\"e-tab-content elementor-clearfix\" data-tab=\"2\" role=\"tabpanel\" aria-labelledby=\"e-tab-title-2492\" tabindex=\"0\" data-video-url=\"https:\/\/www.youtube.com\/watch?v=0eQ0zPqrcIE\" data-video-type=\"youtube\" data-video-title=\"Proyecto literario infantil sobre Enrique Labarta Pose\" data-video-duration=\"0:16\" hidden=\"hidden\">\n\t\t\t\t\t\t\t<div><\/div>\n\t\t\t\t\t\t\t\t\t\t\t\t\t<\/div>\n\t\t\t\t\t\t\t\t\t\t\t<div id=\"e-tab-content-2493\" class=\"e-tab-content elementor-clearfix\" data-tab=\"3\" role=\"tabpanel\" aria-labelledby=\"e-tab-title-2493\" tabindex=\"0\" data-video-url=\"https:\/\/www.youtube.com\/watch?v=zDzWeQjCT5g\" data-video-type=\"youtube\" data-video-title=\"&quot;Antolog\u00eda Po\u00e9tica&quot; de Enrique Labarta Pose\" data-video-duration=\"0:16\" hidden=\"hidden\">\n\t\t\t\t\t\t\t<div><\/div>\n\t\t\t\t\t\t\t\t\t\t\t\t\t<\/div>\n\t\t\t\t\t\t\t\t\t\t\t<div id=\"e-tab-content-2494\" class=\"e-tab-content elementor-clearfix\" data-tab=\"4\" role=\"tabpanel\" aria-labelledby=\"e-tab-title-2494\" tabindex=\"0\" data-video-url=\"https:\/\/www.youtube.com\/watch?v=JQC6lr0A618\" data-video-type=\"youtube\" data-video-title=\"&quot;Enrique Labarta Pose, a pluma da terra&quot; en el Colegio de Fonseca\" data-video-duration=\"0:16\" hidden=\"hidden\">\n\t\t\t\t\t\t\t<div><\/div>\n\t\t\t\t\t\t\t\t\t\t\t\t\t<\/div>\n\t\t\t\t\t\t\t\t\t\t\t<div id=\"e-tab-content-2495\" class=\"e-tab-content elementor-clearfix\" data-tab=\"5\" role=\"tabpanel\" aria-labelledby=\"e-tab-title-2495\" tabindex=\"0\" data-video-url=\"https:\/\/www.youtube.com\/watch?v=9UGdWRuEbEY\" data-video-type=\"youtube\" data-video-title=\"Jornada &quot;As m\u00faltiples pegadas de Enrique Labarta Pose&quot;\" data-video-duration=\"0:16\" hidden=\"hidden\">\n\t\t\t\t\t\t\t<div><\/div>\n\t\t\t\t\t\t\t\t\t\t\t\t\t<\/div>\n\t\t\t\t\t\t\t\t\t\t\t<div id=\"e-tab-content-2496\" class=\"e-tab-content elementor-clearfix\" data-tab=\"6\" role=\"tabpanel\" aria-labelledby=\"e-tab-title-2496\" tabindex=\"0\" data-video-url=\"https:\/\/www.youtube.com\/watch?v=zC9tzulSfGU\" data-video-type=\"youtube\" data-video-title=\"Jornada &quot;As m\u00faltiples pegadas de Enrique Labarta Pose&quot;\" data-video-duration=\"0:16\" hidden=\"hidden\">\n\t\t\t\t\t\t\t<div><\/div>\n\t\t\t\t\t\t\t\t\t\t\t\t\t<\/div>\n\t\t\t\t\t\t\t\t\t\t\t<div id=\"e-tab-content-2497\" class=\"e-tab-content elementor-clearfix\" data-tab=\"7\" role=\"tabpanel\" aria-labelledby=\"e-tab-title-2497\" tabindex=\"0\" data-video-url=\"https:\/\/www.youtube.com\/watch?v=ng6Ep5rGcLg\" data-video-type=\"youtube\" data-video-title=\"Jornada &quot;As m\u00faltiples pegadas de Enrique Labarta Pose&quot;\" data-video-duration=\"0:16\" hidden=\"hidden\">\n\t\t\t\t\t\t\t<div><\/div>\n\t\t\t\t\t\t\t\t\t\t\t\t\t<\/div>\n\t\t\t\t\t\t\t\t\t\t\t<div id=\"e-tab-content-2498\" class=\"e-tab-content elementor-clearfix\" data-tab=\"8\" role=\"tabpanel\" aria-labelledby=\"e-tab-title-2498\" tabindex=\"0\" data-video-url=\"youtube.com\/watch?v=5kjXG_ixcUo&amp;pp=0gcJCU8KAYcqIYzv\" data-video-type=\"youtube\" data-video-title=\"Jornada &quot;As m\u00faltiples pegadas de Enrique Labarta Pose&quot;\" data-video-duration=\"0:16\" hidden=\"hidden\">\n\t\t\t\t\t\t\t<div><\/div>\n\t\t\t\t\t\t\t\t\t\t\t\t\t<\/div>\n\t\t\t\t\t\t\t\t\t\t\t<div id=\"e-tab-content-2499\" class=\"e-tab-content elementor-clearfix\" data-tab=\"9\" role=\"tabpanel\" aria-labelledby=\"e-tab-title-2499\" tabindex=\"0\" data-video-url=\"youtube.com\/watch?v=5kjXG_ixcUo&amp;pp=0gcJCU8KAYcqIYzv\" data-video-type=\"youtube\" data-video-title=\"Jornada &quot;As m\u00faltiples pegadas de Enrique Labarta Pose&quot;\" data-video-duration=\"0:16\" hidden=\"hidden\">\n\t\t\t\t\t\t\t<div><\/div>\n\t\t\t\t\t\t\t\t\t\t\t\t\t<\/div>\n\t\t\t\t\t\t\t\t\t\t\t<div id=\"e-tab-content-24910\" class=\"e-tab-content elementor-clearfix\" data-tab=\"10\" role=\"tabpanel\" aria-labelledby=\"e-tab-title-24910\" tabindex=\"0\" data-video-url=\"https:\/\/www.youtube.com\/watch?v=wITUG_MYkdk\" data-video-type=\"youtube\" data-video-title=\"Jornada &quot;As m\u00faltiples pegadas de Enrique Labarta Pose&quot;\" data-video-duration=\"0:16\" hidden=\"hidden\">\n\t\t\t\t\t\t\t<div><\/div>\n\t\t\t\t\t\t\t\t\t\t\t\t\t<\/div>\n\t\t\t\t\t\t\t\t\t<\/div>\n\t\t\t<\/div>\n\n\t\t\t<div class=\"e-tabs-inner-tabs\" >\n\t\t\t\t\t\t\t\t\t\t\t\t\t\t\t\t\t\t\t\t\t\t\t\t\t\t\t\t\t\t\t\t\t\t\t\t\t\t\t\t\t\t\t\t\t\t\t\t\t\t\t\t\t\t\t\t\t\t\t\t\t\t\t\t\t\t\t\t\t\t\t\t\t\t\t\t\t\t\t\t\t\t\t\t\t\t\t\t\t\t\t\t\t\t\t\t\t<\/div>\n\t\t<\/div>\n\t\t\t\t\t\t<\/div>\n\t\t\t\t<div class=\"elementor-element elementor-element-573655b elementor-widget elementor-widget-heading\" data-id=\"573655b\" data-element_type=\"widget\" data-e-type=\"widget\" data-widget_type=\"heading.default\">\n\t\t\t\t\t<h2 class=\"elementor-heading-title elementor-size-default\">Libros para descargar<\/h2>\t\t\t\t<\/div>\n\t\t\t\t\t<\/div>\n\t\t\t\t<\/div>\n\t\t<div class=\"elementor-element elementor-element-84b7797 e-grid e-con-boxed e-con e-parent\" data-id=\"84b7797\" data-element_type=\"container\" data-e-type=\"container\" data-settings=\"{&quot;jet_parallax_layout_list&quot;:[]}\">\n\t\t\t\t\t<div class=\"e-con-inner\">\n\t\t<div class=\"elementor-element elementor-element-4c9a122 e-con-full e-flex e-con e-child\" data-id=\"4c9a122\" data-element_type=\"container\" data-e-type=\"container\" data-settings=\"{&quot;jet_parallax_layout_list&quot;:[]}\">\n\t\t<div class=\"elementor-element elementor-element-dd5ef55 e-con-full e-flex e-con e-child\" data-id=\"dd5ef55\" data-element_type=\"container\" data-e-type=\"container\" data-settings=\"{&quot;jet_parallax_layout_list&quot;:[]}\">\n\t\t\t\t<div class=\"elementor-element elementor-element-5246784 elementor-widget elementor-widget-image\" data-id=\"5246784\" data-element_type=\"widget\" data-e-type=\"widget\" data-widget_type=\"image.default\">\n\t\t\t\t\t\t\t\t\t\t\t\t\t\t\t\t<a href=\"https:\/\/concellodezas.gal\/wp-content\/uploads\/2025\/11\/Descarga-o-libro-Zas-polo-Miudo.jpg\" data-elementor-open-lightbox=\"yes\" data-elementor-lightbox-title=\"Descarga el libro Zas por el Mi\u00fado\" data-elementor-lightbox-description=\"Descarga el libro Zas por el Mi\u00fado\" data-e-action-hash=\"#elementor-action%3Aaction%3Dlightbox%26settings%3DeyJpZCI6Mjc2ODEsInVybCI6Imh0dHBzOlwvXC9jb25jZWxsb2RlemFzLmdhbFwvd3AtY29udGVudFwvdXBsb2Fkc1wvMjAyNVwvMTFcL0Rlc2NhcmdhLW8tbGlicm8tWmFzLXBvbG8tTWl1ZG8uanBnIn0%3D\">\n\t\t\t\t\t\t\t<img decoding=\"async\" src=\"https:\/\/concellodezas.gal\/wp-content\/uploads\/elementor\/thumbs\/Descarga-o-libro-Zas-polo-Miudo-reua4apkifiog4jj0nro9yzjbwz7qk8g20hu0xor4o.jpg\" title=\"Descarga el libro Zas por el Mi\u00fado\" alt=\"Descarga el libro Zas por el Mi\u00fado\" loading=\"lazy\" \/>\t\t\t\t\t\t\t\t<\/a>\n\t\t\t\t\t\t\t\t\t\t\t\t\t\t\t<\/div>\n\t\t\t\t<\/div>\n\t\t<div class=\"elementor-element elementor-element-34708ca e-con-full e-flex e-con e-child\" data-id=\"34708ca\" data-element_type=\"container\" data-e-type=\"container\" data-settings=\"{&quot;jet_parallax_layout_list&quot;:[]}\">\n\t\t\t\t<div class=\"elementor-element elementor-element-7c6ad85 elementor-widget elementor-widget-heading\" data-id=\"7c6ad85\" data-element_type=\"widget\" data-e-type=\"widget\" data-widget_type=\"heading.default\">\n\t\t\t\t\t<h3 class=\"elementor-heading-title elementor-size-default\">\"Zas polo Mi\u00fado\" en PDF<\/h3>\t\t\t\t<\/div>\n\t\t\t\t<div class=\"elementor-element elementor-element-9e88322 elementor-widget elementor-widget-heading\" data-id=\"9e88322\" data-element_type=\"widget\" data-e-type=\"widget\" data-widget_type=\"heading.default\">\n\t\t\t\t\t<span class=\"elementor-heading-title elementor-size-default\">X.M. Lema y Evaristo Dom\u00ednguez<\/span>\t\t\t\t<\/div>\n\t\t\t\t<div class=\"elementor-element elementor-element-9c6446d elementor-widget elementor-widget-text-editor\" data-id=\"9c6446d\" data-element_type=\"widget\" data-e-type=\"widget\" data-widget_type=\"text-editor.default\">\n\t\t\t\t\t\t\t\t\t<p>Un recorrido did\u00e1ctico y ameno por la historia, la geograf\u00eda y la vida cotidiana del Ayuntamiento de Zas, pensado para aportar el territorio a la vecina m\u00e1s nueva&#8230; y tambi\u00e9n a la no tan nueva.<\/p><p><span style=\"font-family: -apple-system, BlinkMacSystemFont, 'Segoe UI', Roboto, 'Helvetica Neue', Arial, 'Noto Sans', sans-serif, 'Apple Color Emoji', 'Segoe UI Emoji', 'Segoe UI Symbol', 'Noto Color Emoji'; font-size: 1rem;\">Un libro ideal para trabajar en las aulas, para descubrir curiosidades del municipio y para reforzar el orgullo de pertenencia a esta tierra.<\/span><\/p>\t\t\t\t\t\t\t\t<\/div>\n\t\t\t\t<div class=\"elementor-element elementor-element-388f98a elementor-widget elementor-widget-button\" data-id=\"388f98a\" data-element_type=\"widget\" data-e-type=\"widget\" data-widget_type=\"button.default\">\n\t\t\t\t\t\t\t\t\t\t<a class=\"elementor-button elementor-button-link elementor-size-sm\" href=\"https:\/\/concellodezas.gal\/wp-content\/uploads\/2022\/08\/Zas_polo_miudo_Filmar_Web.pdf\" target=\"_blank\">\n\t\t\t\t\t\t<span class=\"elementor-button-content-wrapper\">\n\t\t\t\t\t\t\t\t\t<span class=\"elementor-button-text\">Descarga o libro<\/span>\n\t\t\t\t\t<\/span>\n\t\t\t\t\t<\/a>\n\t\t\t\t\t\t\t\t<\/div>\n\t\t\t\t<\/div>\n\t\t\t\t<\/div>\n\t\t<div class=\"elementor-element elementor-element-3f444e5 e-con-full e-flex e-con e-child\" data-id=\"3f444e5\" data-element_type=\"container\" data-e-type=\"container\" data-settings=\"{&quot;jet_parallax_layout_list&quot;:[]}\">\n\t\t<div class=\"elementor-element elementor-element-f233966 e-con-full e-flex e-con e-child\" data-id=\"f233966\" data-element_type=\"container\" data-e-type=\"container\" data-settings=\"{&quot;jet_parallax_layout_list&quot;:[]}\">\n\t\t\t\t<div class=\"elementor-element elementor-element-20b0a9d elementor-widget elementor-widget-image\" data-id=\"20b0a9d\" data-element_type=\"widget\" data-e-type=\"widget\" data-widget_type=\"image.default\">\n\t\t\t\t\t\t\t\t\t\t\t\t\t\t\t\t<a href=\"https:\/\/concellodezas.gal\/wp-content\/uploads\/2025\/11\/Descarga-o-libro-Historia-de-Badius.jpg\" data-elementor-open-lightbox=\"yes\" data-elementor-lightbox-title=\"Descarga el libro Historia de Badius\" data-elementor-lightbox-description=\"Descarga el libro Historia de Badius\" data-e-action-hash=\"#elementor-action%3Aaction%3Dlightbox%26settings%3DeyJpZCI6Mjc2ODIsInVybCI6Imh0dHBzOlwvXC9jb25jZWxsb2RlemFzLmdhbFwvd3AtY29udGVudFwvdXBsb2Fkc1wvMjAyNVwvMTFcL0Rlc2NhcmdhLW8tbGlicm8tSGlzdG9yaWEtZGUtQmFkaXVzLmpwZyJ9\">\n\t\t\t\t\t\t\t<img decoding=\"async\" src=\"https:\/\/concellodezas.gal\/wp-content\/uploads\/elementor\/thumbs\/Descarga-o-libro-Historia-de-Badius-reua4dj32xmjeyffk6zjzg9x42lbdnjn2egagrkkm0.jpg\" title=\"Descarga el libro Historia de Badius\" alt=\"Descarga el libro Historia de Badius\" loading=\"lazy\" \/>\t\t\t\t\t\t\t\t<\/a>\n\t\t\t\t\t\t\t\t\t\t\t\t\t\t\t<\/div>\n\t\t\t\t<\/div>\n\t\t<div class=\"elementor-element elementor-element-ce67323 e-con-full e-flex e-con e-child\" data-id=\"ce67323\" data-element_type=\"container\" data-e-type=\"container\" data-settings=\"{&quot;jet_parallax_layout_list&quot;:[]}\">\n\t\t\t\t<div class=\"elementor-element elementor-element-00d497d elementor-widget elementor-widget-heading\" data-id=\"00d497d\" data-element_type=\"widget\" data-e-type=\"widget\" data-widget_type=\"heading.default\">\n\t\t\t\t\t<h3 class=\"elementor-heading-title elementor-size-default\">\"Badius: Historia de un grupo de teatro afeccionado (1984-2024)\" en PDF<\/h3>\t\t\t\t<\/div>\n\t\t\t\t<div class=\"elementor-element elementor-element-050ccdd elementor-widget elementor-widget-heading\" data-id=\"050ccdd\" data-element_type=\"widget\" data-e-type=\"widget\" data-widget_type=\"heading.default\">\n\t\t\t\t\t<span class=\"elementor-heading-title elementor-size-default\">Ricardo Vigueret<\/span>\t\t\t\t<\/div>\n\t\t\t\t<div class=\"elementor-element elementor-element-bf6860e elementor-widget elementor-widget-text-editor\" data-id=\"bf6860e\" data-element_type=\"widget\" data-e-type=\"widget\" data-widget_type=\"text-editor.default\">\n\t\t\t\t\t\t\t\t\t<p>Un viaje por las cuatro d\u00e9cadas de trayectoria del grupo de teatro Badius, desde sus inicios en Bayo hasta convertirse en un referente cultural en el Ayuntamiento de Zas.<\/p>\t\t\t\t\t\t\t\t<\/div>\n\t\t\t\t<div class=\"elementor-element elementor-element-8da0ce6 elementor-widget elementor-widget-button\" data-id=\"8da0ce6\" data-element_type=\"widget\" data-e-type=\"widget\" data-widget_type=\"button.default\">\n\t\t\t\t\t\t\t\t\t\t<a class=\"elementor-button elementor-button-link elementor-size-sm\" href=\"https:\/\/drive.google.com\/file\/d\/1iI1FElS5h47v1LpEH0POm7atZMLkddsA\/view\" target=\"_blank\">\n\t\t\t\t\t\t<span class=\"elementor-button-content-wrapper\">\n\t\t\t\t\t\t\t\t\t<span class=\"elementor-button-text\">Descarga o libro<\/span>\n\t\t\t\t\t<\/span>\n\t\t\t\t\t<\/a>\n\t\t\t\t\t\t\t\t<\/div>\n\t\t\t\t<\/div>\n\t\t\t\t<\/div>\n\t\t\t\t\t<\/div>\n\t\t\t\t<\/div>\n\t\t\t\t<\/div>\n\t\t","protected":false},"excerpt":{"rendered":"<p>Zas en abierto: libros, v\u00eddeos y memoria viva En esta secci\u00f3n pondremos a la t\u00fa disposici\u00f3n, en abierto y para descarga gratuita, parte del patrimonio editorial y audiovisual del Ayuntamiento de Zas. Aqu\u00ed podr\u00e1s descargar los libros \u00abZas por el Mi\u00fado\u00bb de Jos\u00e9 Mar\u00eda Lema y Evaristo Dom\u00ednguez Rial, as\u00ed como \u00abBadius: Historia de un [&hellip;]<\/p>\n","protected":false},"author":3,"featured_media":21724,"parent":0,"menu_order":0,"comment_status":"closed","ping_status":"closed","template":"","meta":{"slim_seo":{"title":"Multimedia y descargas - Concello de Zas","description":"Zas en abierto: libros, v\u00eddeos y memoria viva En esta secci\u00f3n pondremos a la t\u00fa disposici\u00f3n, en abierto y para descarga gratuita, parte del patrimonio editorial"},"footnotes":""},"class_list":["post-27685","page","type-page","status-publish","has-post-thumbnail","hentry"],"_links":{"self":[{"href":"https:\/\/concellodezas.gal\/es\/wp-json\/wp\/v2\/pages\/27685","targetHints":{"allow":["GET"]}}],"collection":[{"href":"https:\/\/concellodezas.gal\/es\/wp-json\/wp\/v2\/pages"}],"about":[{"href":"https:\/\/concellodezas.gal\/es\/wp-json\/wp\/v2\/types\/page"}],"author":[{"embeddable":true,"href":"https:\/\/concellodezas.gal\/es\/wp-json\/wp\/v2\/users\/3"}],"replies":[{"embeddable":true,"href":"https:\/\/concellodezas.gal\/es\/wp-json\/wp\/v2\/comments?post=27685"}],"version-history":[{"count":2,"href":"https:\/\/concellodezas.gal\/es\/wp-json\/wp\/v2\/pages\/27685\/revisions"}],"predecessor-version":[{"id":30049,"href":"https:\/\/concellodezas.gal\/es\/wp-json\/wp\/v2\/pages\/27685\/revisions\/30049"}],"wp:featuredmedia":[{"embeddable":true,"href":"https:\/\/concellodezas.gal\/es\/wp-json\/wp\/v2\/media\/21724"}],"wp:attachment":[{"href":"https:\/\/concellodezas.gal\/es\/wp-json\/wp\/v2\/media?parent=27685"}],"curies":[{"name":"wp","href":"https:\/\/api.w.org\/{rel}","templated":true}]}}