{"id":28270,"date":"2025-09-23T11:46:47","date_gmt":"2025-09-23T09:46:47","guid":{"rendered":"https:\/\/concellodezas.gal\/post\/iglesia-de-san-andres-de-zas\/"},"modified":"2025-09-23T11:46:47","modified_gmt":"2025-09-23T09:46:47","slug":"iglesia-de-san-andres-de-zas","status":"publish","type":"contido","link":"https:\/\/concellodezas.gal\/es\/post\/iglesia-de-san-andres-de-zas\/","title":{"rendered":"Iglesia de San Andr\u00e9s de Zas"},"content":{"rendered":"<p>Mandada construir por \u00c1lvaro N\u00fa\u00f1ez de Lamas, es uno de los templos m\u00e1s destacados del ayuntamiento. En su interior se guarda el sarc\u00f3fago de la madre del fundador, lo que le a\u00f1ade valor hist\u00f3rico y simb\u00f3lico. La planta se compone de una nave rectangular y una capilla mayor.  <\/p>\n<p>En el exterior llama la atenci\u00f3n el contraste de vol\u00famenes entre la capilla y la nave principal, as\u00ed como la esvelta torre del campanario, que define el perfil de la iglesia en el horizonte de Zas.<\/p>\n","protected":false},"excerpt":{"rendered":"<p>La Iglesia de San Andr\u00e9s de Zas es un templo hist\u00f3rico con un campanario esvelto y sarc\u00f3fago fundacional.<\/p>\n","protected":false},"featured_media":21182,"template":"","categorias-contido":[565],"class_list":["post-28270","contido","type-contido","status-publish","has-post-thumbnail","hentry","categorias-contido-patrimonio-religioso"],"_links":{"self":[{"href":"https:\/\/concellodezas.gal\/es\/wp-json\/wp\/v2\/contido\/28270","targetHints":{"allow":["GET"]}}],"collection":[{"href":"https:\/\/concellodezas.gal\/es\/wp-json\/wp\/v2\/contido"}],"about":[{"href":"https:\/\/concellodezas.gal\/es\/wp-json\/wp\/v2\/types\/contido"}],"wp:featuredmedia":[{"embeddable":true,"href":"https:\/\/concellodezas.gal\/es\/wp-json\/wp\/v2\/media\/21182"}],"wp:attachment":[{"href":"https:\/\/concellodezas.gal\/es\/wp-json\/wp\/v2\/media?parent=28270"}],"wp:term":[{"taxonomy":"categorias-contido","embeddable":true,"href":"https:\/\/concellodezas.gal\/es\/wp-json\/wp\/v2\/categorias-contido?post=28270"}],"curies":[{"name":"wp","href":"https:\/\/api.w.org\/{rel}","templated":true}]}}