{"id":30017,"date":"2026-01-15T13:58:41","date_gmt":"2026-01-15T12:58:41","guid":{"rendered":"https:\/\/concellodezas.gal\/?post_type=programas&#038;p=30017"},"modified":"2026-01-15T17:53:53","modified_gmt":"2026-01-15T16:53:53","slug":"programas-enrique-labarta-pose","status":"publish","type":"programas","link":"https:\/\/concellodezas.gal\/en\/programs\/programas-enrique-labarta-pose\/","title":{"rendered":"Enrique Labarta Pose"},"content":{"rendered":"\n<p><strong>Enrique Labarta Pose<\/strong>&nbsp;naceu en Baio o 22 de xullo de 1863. Seu pai, Francisco Labarta Ra\u00f1a, era boticario e na vila a\u00ednda queda o testemu\u00f1o en forma de toponimia que fai referencia \u00e1 s\u00faa profesi\u00f3n. \u201cOs carballos da botica\u201d \u00e9 o nome co que se co\u00f1ece a entrada da casa de Labarta na que se conservan estas centenarias \u00e1rbores.<\/p>\n\n\n\n<p>Este foi un lugar de referencia durante moitos anos xa que aqu\u00ed celebr\u00e1base a co\u00f1ecida \u201cfeira de Tabeir\u00f3n\u201d e cada 8 de setembro festex\u00e1base a patroa de Baio, de aqu\u00ed o t\u00edtulos da premiada poes\u00eda de Labarta \u201cA festa da Patrona Tabeir\u00f3n\u201d.<\/p>\n\n\n\n<p>S\u00faa nai, Ramona Pose Pardi\u00f1as, descend\u00eda dos Condes de Andrade, poderosos se\u00f1ores da Idade Media. Na s\u00faa casa natal ainda se poden ver os escudos fundados nos primeiros anos do s\u00e9culo XVIII por don Juan Pose de Andrade e Figueroa.<\/p>\n\n\n\n<p>Labarta estudou bacharelato no Instituto de Segunda Ensinanza de Santiago, rematando no ano 1887. Nese mesmo ano matric\u00falase na Facultade de Dereito da Universidade de Santiago de Compostela, seguindo as\u00ed os pasos dos seus predecesores. Tal e como el indica no seu conto&nbsp;<em>El fabricante de palillos<\/em>, \u201csegu\u00ed esta carrera, por rutina y sin vocaci\u00f3n, porque otros amigos m\u00edos la segu\u00edan. \u00bfA dode vas, Vicente? \u00a1A donde va la gente! Y ahora veo, que he equivocado el camino\u201d. A pesar disto, o poeta lic\u00e9nciase no 1884 casando nese mesemo ano coa santiaguesa Rosa Elisa Mart\u00ednez del R\u00edo.<\/p>\n\n\n\n<p>No ano 1899 ingresa como Oficial de Facenda en Pontevedra grazas a Eduardo Vicenti, a que Labarta lle dedica o libro&nbsp;<em>B\u00e1lsamo de Fierabr\u00e1s<\/em>&nbsp;como agradecemento. No 1902 ascende a oficial de cuarta clase da Administraci\u00f3n de Contribuci\u00f3ns de Pontevedra por intervenci\u00f3n de Eduardo Iglesias Ani\u00f1o, a que lle adica o libro&nbsp;<em>Adormideras. Poes\u00edas festivas.<\/em>&nbsp;Ao longo da s\u00faa vida laboral foi ascendendo ata o posto de Xefe de Negociado de terceira clase da Inspecci\u00f3n de Facenda da provincia de Barcelona. Viviu en distintas cidades desprazado por causas laborais.<\/p>\n\n\n\n<p>Labarta falece o 13 de maio de 1925 no Hospital Cl\u00ednico de Barcelona debido as feridas causadas polo descarrilamento dos ferrocarr\u00eds de Las Planas, o 9 de abril. A pesar da operaci\u00f3n e da leve mellor\u00eda sufrida uns d\u00edas antes, o vate non chegou a cumprir os 62 anos.<\/p>\n\n\n\n<p>Uns anos antes, publicaba en El Eco de Galicia de Buenos Aires a composici\u00f3n po\u00e9tica&nbsp;<strong><em>\u00a1Que me enterren al\u00f3!<\/em><\/strong>:<\/p>\n\n\n\n<div class=\"wp-block-columns is-layout-flex wp-container-core-columns-is-layout-28f84493 wp-block-columns-is-layout-flex\">\n<div class=\"wp-block-column is-layout-flow wp-block-column-is-layout-flow\">\n<p><em>Queo morrer na terri\u00f1a,<br>na casa que dende eiqu\u00ed vexo<br>e-os ollos d\u00e1 y-alma erguerse<br>antre pinos e loureiros,<br>no valle de Berganti\u00f1os<br>y-o pe do monte Castelo,<br>e que me levan a coba<br>n\u00fanha caixa d\u00b4ameneiro<\/em><\/p>\n<\/div>\n\n\n\n<div class=\"wp-block-column is-layout-flow wp-block-column-is-layout-flow\">\n<p><em>\u00a1Ai, por Dios, meus amigui\u00f1os,<br>si por fado do Perello<br>morro lonxe da terri\u00f1a<br>anque sexa por correio<br>mand\u00e1deme a mi\u00f1a aldea.<br>\u00a1Si eiqu\u00ed me enterran toleo!<br>\u00a1Non me acostumo antre mortos<br>que non falan o gallego!<\/em><\/p>\n<\/div>\n<\/div>\n\n\n\n<p>Toda a prensa catalana e galega f\u00edxose eco da s\u00faa morte. Nos artigos publicados record\u00e1base como un dos mellores e m\u00e1is celebrados poetas humor\u00edsticos de Galicia.<\/p>\n\n\n\n<h2 class=\"wp-block-heading\">A s\u00faa obra<\/h2>\n\n\n\n<p>Unha parte da produci\u00f3n literaria de Enrique Labarta Pose quedou dispersa nas p\u00e1xinas das distintas publicaci\u00f3ns peri\u00f3dicas coas que colaboraba. A outra est\u00e1 recollida en distintas obras, todas esgotadas e sen contar cunha reedici\u00f3n. O labor de Labarta como escritor non se limitaba s\u00f3 \u00e1s terras galegas, sen\u00f3n que a s\u00faa colaboraci\u00f3n era demandada en publicaci\u00f3ns espa\u00f1olas e suramericanas. Algunha das s\u00faas obras m\u00e1is destacadas son:<\/p>\n\n\n\n<ul class=\"wp-block-list\">\n<li><strong>Ultima Novedad. Noventa y nueve c\u00e9ntimos de versos de todas clases y arregladas \u00e1 todos los gustos, 1884<\/strong>&nbsp;(poemario en castel\u00e1n)<\/li>\n\n\n\n<li><strong>B\u00e1lsamo de Fierabr\u00e1s, 1889&nbsp;<\/strong>(poes\u00eda en galego e castel\u00e1n)<\/li>\n\n\n\n<li><strong>Millo Mi\u00fado, 1896&nbsp;<\/strong>(poes\u00eda en galego)<\/li>\n\n\n\n<li><strong>O carnaval de 1900 en Pontevedra, 1900&nbsp;<\/strong>(rese\u00f1a sobre as festas do entroido e un aprop\u00f3sito carnavelesco)<\/li>\n\n\n\n<li><strong>Adormideras, 1902&nbsp;<\/strong>(poemario en castel\u00e1n)<\/li>\n\n\n\n<li><strong>A Festa da Patrona de Tabeir\u00f3n, 1903&nbsp;<\/strong>(poes\u00eda premiada nos xogos florais do C\u00edrculo Cat\u00f3lico de Obreros de Pontevedra que se celebraron no mes de Agosto de 1903)<\/li>\n\n\n\n<li><strong>Cuentos humor\u00edsticos, 1905&nbsp;<\/strong>(narrativa en galego e castel\u00e1n)<\/li>\n\n\n\n<li><strong>Poes\u00edas en gallego y castellano, 1929&nbsp;<\/strong>(edici\u00f3n p\u00f3stuma)<\/li>\n<\/ul>\n\n\n\n<p>Co\u00f1ecido como o Quevedo galego, Enrique destacou pola s\u00faa obra narrativa, po\u00e9tica e teatral, en galego e castel\u00e1n e chegou ao seu p\u00fablico a trav\u00e9s do humor. Caracter\u00edzase polo uso da iron\u00eda, a tenrura e delicadeza, o enxe\u00f1o e a gracia, a fluidez da forma e a transparencia do pensamento.<\/p>\n\n\n\n<p>Enrique Labarta Pose foi laureado nun gran n\u00famero de ocasi\u00f3ns polos seus poemas cheos de humor e iron\u00eda, acadando numerosos premios de honra e primeiros premios, as\u00ed como varios acc\u00e9sits.&nbsp;Deixou unha fonda pegada tanto na s\u00faa vila natal como no resto do territorio galego e espa\u00f1ol, as\u00ed como un bo n\u00famero de an\u00e9cdotas que co\u00f1ecemos grazas a s\u00faa obra.<\/p>\n\n\n\n<p><strong>&nbsp;<\/strong>Labarta tam\u00e9n destacou pola s\u00faa afecci\u00f3n fotograf\u00eda: \u201chay que reconocerle como el m\u00e1s h\u00e1bil e ingenioso de los que cultivan el arte fotogr\u00e1fico, al que se dedica desde hace alg\u00fan tiempo\u201d.&nbsp;Pero Labarta Pose non s\u00f3 cultivou a arte da fotograf\u00eda, sen\u00f3n que foi pioneiro no seu uso nun medio impreso de \u00e1mbito galego. De feito, o seu propio retrato, autor\u00eda de Francisco Zagala, que ilustra a portada do primeiro n\u00famero de Extracto de Literatura, est\u00e1 documentado como a primeira fotograf\u00eda impresa da historia en Galicia.<\/p>\n\n\n\n<p>Outro acontecemento pioneiro no territorio galego foi o emprego de fotograf\u00edas nos anuncios publicitarios na revista Galicia Moderna.<\/p>\n\n\n\n<p>Enrique Labarta promocionou e deu a co\u00f1ecer o fon\u00f3grafo, un dos grandes descubrimentos do s\u00e9culo XIX. F\u00edxoo recorrendo varias poboaci\u00f3ns de Galicia, Le\u00f3n e chegando ata algunha cidade de Portugal.<\/p>\n\n\n\n<h2 class=\"wp-block-heading\">Folleto informativo<\/h2>\n\n\n\n<figure class=\"wp-block-image\"><img fetchpriority=\"high\" decoding=\"async\" width=\"1024\" height=\"578\" src=\"https:\/\/concellodezas.gal\/wp-content\/uploads\/2022\/08\/folleto-enrique-labarta-pose-torres-do-allo-1024x578.jpeg\" alt=\"Folleto enrique labarta pose torres do allo\" class=\"wp-image-6221\" srcset=\"https:\/\/concellodezas.gal\/wp-content\/uploads\/2022\/08\/folleto-enrique-labarta-pose-torres-do-allo-1024x578.jpeg 1024w, https:\/\/concellodezas.gal\/wp-content\/uploads\/2022\/08\/folleto-enrique-labarta-pose-torres-do-allo-300x169.jpeg 300w, https:\/\/concellodezas.gal\/wp-content\/uploads\/2022\/08\/folleto-enrique-labarta-pose-torres-do-allo-768x433.jpeg 768w, https:\/\/concellodezas.gal\/wp-content\/uploads\/2022\/08\/folleto-enrique-labarta-pose-torres-do-allo-1536x867.jpeg 1536w, https:\/\/concellodezas.gal\/wp-content\/uploads\/2022\/08\/folleto-enrique-labarta-pose-torres-do-allo-1080x610.jpeg 1080w, https:\/\/concellodezas.gal\/wp-content\/uploads\/2022\/08\/folleto-enrique-labarta-pose-torres-do-allo-1280x722.jpeg 1280w, https:\/\/concellodezas.gal\/wp-content\/uploads\/2022\/08\/folleto-enrique-labarta-pose-torres-do-allo-980x553.jpeg 980w, https:\/\/concellodezas.gal\/wp-content\/uploads\/2022\/08\/folleto-enrique-labarta-pose-torres-do-allo-480x271.jpeg 480w, https:\/\/concellodezas.gal\/wp-content\/uploads\/2022\/08\/folleto-enrique-labarta-pose-torres-do-allo.jpeg 1600w\" sizes=\"(max-width: 1024px) 100vw, 1024px\" \/><\/figure>\n\n\n\n<p>O Concello de Zas editou no mes de xu\u00f1o de 2022 un folleto informativo no que se incl\u00fae informaci\u00f3n sobre a vida e obra de Enrique Labarta Pose as\u00ed como toda a informaci\u00f3n sobre o Roteiro Literario de Enrique Labarta Pose inclu\u00eddo no \u201cProxecto Roteiros\u201d do Consello da Cultura Galega.<\/p>\n\n\n\n<p>O folleto distruibuise por diferentes puntos de interese tur\u00edstica do noso municipio e da comarca e est\u00e1n a disposici\u00f3n de toda a veci\u00f1anza no Centro Sociocultural de Zas e no Centro Sociocultural de Baio.<\/p>\n\n\n\n<p>O Alcalde de Zas, Manuel Mu\u00ed\u00f1o, entregoulle en persoa varios exemplares deste folleto ao Presidente da Real Academia Galega, V\u00edctor F. Freixanes, con quen mantivo un<a href=\"https:\/\/concellodezas.org\/o-alcalde-de-zas-reunese-co-presidente-da-real-academia-galega-para-darlle-a-conecer-as-proximas-actividades-que-se-realizaran-sobre-enrique-labarta-pose\/\">&nbsp;encontro no mes de xullo de 2022<\/a>.<\/p>\n\n\n\n<h2 class=\"wp-block-heading\">Xornada \u201cAs pegadas de Enrique Labarta Pose\u201d<\/h2>\n\n\n\n<figure class=\"wp-block-image size-large\"><img decoding=\"async\" width=\"1024\" height=\"604\" src=\"https:\/\/concellodezas.gal\/wp-content\/uploads\/2022\/10\/7.AspegadasdeLabarta-coloquio-1-1024x604.jpeg\" alt=\"7.AspegadasdeLabarta coloquio\" class=\"wp-image-9078\" srcset=\"https:\/\/concellodezas.gal\/wp-content\/uploads\/2022\/10\/7.AspegadasdeLabarta-coloquio-1-1024x604.jpeg 1024w, https:\/\/concellodezas.gal\/wp-content\/uploads\/2022\/10\/7.AspegadasdeLabarta-coloquio-1-300x177.jpeg 300w, https:\/\/concellodezas.gal\/wp-content\/uploads\/2022\/10\/7.AspegadasdeLabarta-coloquio-1-768x453.jpeg 768w, https:\/\/concellodezas.gal\/wp-content\/uploads\/2022\/10\/7.AspegadasdeLabarta-coloquio-1-1536x905.jpeg 1536w, https:\/\/concellodezas.gal\/wp-content\/uploads\/2022\/10\/7.AspegadasdeLabarta-coloquio-1-1080x637.jpeg 1080w, https:\/\/concellodezas.gal\/wp-content\/uploads\/2022\/10\/7.AspegadasdeLabarta-coloquio-1-1280x754.jpeg 1280w, https:\/\/concellodezas.gal\/wp-content\/uploads\/2022\/10\/7.AspegadasdeLabarta-coloquio-1-980x578.jpeg 980w, https:\/\/concellodezas.gal\/wp-content\/uploads\/2022\/10\/7.AspegadasdeLabarta-coloquio-1-480x283.jpeg 480w, https:\/\/concellodezas.gal\/wp-content\/uploads\/2022\/10\/7.AspegadasdeLabarta-coloquio-1.jpeg 1600w\" sizes=\"(max-width: 1024px) 100vw, 1024px\" \/><\/figure>\n\n\n\n<p>O 29 de outubro de 2022 celebrouse a xornada&nbsp;<strong>\u201cAs pegadas de Enrique Labarta Pose\u201d<\/strong>&nbsp;na que diferentes expertos analizaron desde outros puntos de vista a obra de Enrique Labarta Pose.&nbsp;<\/p>\n\n\n\n<p>\u201cA historia non lle dou o lugar que merec\u00eda e dende o Concello de Zas, coa colaboraci\u00f3n de diferentes expertos, queremos po\u00f1er no seu sitio a figura de Enrique Labarta Pose e reivindicar que a Real Academia Galega lle adique o seu propio D\u00eda das Letras Galegas\u201d. As\u00ed comezou o Alcalde de Zas, Manuel Mu\u00ed\u00f1o, a inauguraci\u00f3n do evento no que participaron unha cincuenta persoas de diferentes \u00e1mbitos, entre eles profesores e profesoras da zona.&nbsp;<\/p>\n\n\n\n<p>Xos\u00e9 Mar\u00eda Lema, Catedr\u00e1tico en Historia e Xeograf\u00eda, foi o encargado de falar do contexto hist\u00f3rico da \u00e9poca de Labarta e que en gran medida trasladou a moitas das s\u00faas publicaci\u00f3ns nas que fala sobre o caciquismo e outras inxustizas sociais da s\u00faa \u00e9poca. Tal e como se dixo na xornada, Labarta Pose foi escritor, xornalista e fot\u00f3grafo. Como escritor, unha das facetas m\u00e1is co\u00f1ecidas del, abarcou os tres x\u00e9neros literarios: poes\u00eda, narrativa e teatro e destacou polo humor e a s\u00e1tira coas que escribiu. Ademais desta caracter\u00edstica; Xos\u00e9 Mar\u00eda Rei, Licenciado en Filolox\u00eda Galego-Portuguesa, falou do poeta social que se agocha en moitas das obras de Labarta. \u201cA s\u00faa faceta humor\u00edstica \u00e9 moi co\u00f1ecida pero tam\u00e9n ten un compo\u00f1ente social moi importante\u201d, descatou Rei Lema quen enunciou as obras a trav\u00e9s das cales Labarta falou de temas como o maltrato animal, o feminismo, o caciquismo e a defensa do idioma.&nbsp;<\/p>\n\n\n\n<p>Debido ao seu traballo, Labarta viaxou por diferentes cidades nas que deixou unha fonda pegada. E unha delas foi Pontevedra. De analizar o seu paso pola cidade encargouse Milagros Bar\u00e1, escritora e cronista local. En Pontevedra, onde hoxe en d\u00eda a\u00ednda se conserva unha r\u00faa adicada a el, viviu entre 1894 e 1902 e aqu\u00ed casou e desenvolviu unha parte moi importante da s\u00faa faceta de escritor, xornalista e fot\u00f3grafo. Rodeouse dun gran c\u00edrculo de amigos e relacionouse con relevantes persoeiros o que o levou a introducir na cidade de Pontevedra grandes inventos como o fon\u00f3grafo. Para Bar\u00e1, a obra de Labarta ten un forte compo\u00f1ente musical e incluso se atreveu a recitar un dos seus poemas a ritmo de rap.<\/p>\n\n\n\n<p>Ricardo Garc\u00eda Mira, Catedr\u00e1tico en Psicolox\u00eda Social, falou sobre a pegada psicol\u00f3xica de Enrique Labarta Pose na que fala en m\u00faltiples ocasi\u00f3ns da s\u00faa relaci\u00f3n emocional con Galicia, do amor materno, da igualdade entre homes e mulleres e doutros valores que se reflicten nas s\u00faas obras.&nbsp;<\/p>\n\n\n\n<p>O encargado de rematar a quenda das intervenci\u00f3ns foi Xos\u00e9 Manuel Varela Varela, Licenciado en Filolox\u00eda Hisp\u00e1nica, e que lle mandou aos asistentes ler entre todos o poema \u201cA festa da patrona de Tabeir\u00f3n\u201d para despois analizalo en detalle.&nbsp;&nbsp;<\/p>\n\n\n\n<p>Un coloquio no que participaron todos os relatores e conducido por Jorge Mira, F\u00edsico e Catedr\u00e1tico de Electromagnetismo, serviu para pechar as xornadas nas que todos e todas coincidiron en reivindicar para Enrique Labarta Pose o seu propio d\u00eda das Letras galegas. Manuel Mu\u00ed\u00f1o, Alcalde de Zas, encargouse de pechar as charlas da ma\u00f1\u00e1 onde asegurou que o Concello de Zas continuar\u00e1 realizando diferentes acci\u00f3ns de divulgaci\u00f3n da figura de Labarta. Durante o peche o rexedor tam\u00e9n asegurou que dende o Concello estudiarase a posibilidade de recompilar as diferentes obras labartianas para a s\u00faa posterior publicaci\u00f3n.&nbsp;<\/p>\n\n\n\n<h2 class=\"wp-block-heading\">Roteiro literario<\/h2>\n\n\n\n<p>A xornada continuou pola tarde, momento no que o forte temporal de choiva e vento amainou para que os participantes puidesen percorrer diferentes lugares do Concello de Zas aos que, dunha forma ou doutra, Enrique Labarta Pose fixo referencia nas s\u00faas obras. Xos\u00e9 Mar\u00eda Lema guiou o roteiro polas terras baiesas, Evaristo Dom\u00ednguez fixoo en Zas e Tania Carreira en Brandomil.&nbsp;<\/p>\n\n\n\n<p>No Centro Sociocultural de Baio est\u00e1 exposto de forma permanente unha boa parte do legado de Enrique Labarta Pose que dende hai uns meses as familias Rojo Vali\u00f1a e a de Ram\u00f3n Romar cederon ao Concello de Zas para a s\u00faa difusi\u00f3n, an\u00e1lise e exposici\u00f3n. Aqu\u00ed est\u00e1 tam\u00e9n polo momento outra exposici\u00f3n itinerante formada por oito paneles m\u00f3biles na que se percorre a vida e obra de Labarta e que proximamente visitar\u00e1 outros centros de relevancia da provincia.&nbsp;<\/p>\n\n\n\n<p>Na canle de Youtube do Concello de Zas podes ver as diferentes intervenci\u00f3ns:<\/p>\n\n\n\n<ul class=\"wp-block-list\">\n<li>Acto inaugural e Xos\u00e9 Mar\u00eda Lema: <a href=\"https:\/\/youtu.be\/PkX29Di6j1g\" target=\"_blank\" rel=\"noopener\" title=\"\">https:\/\/youtu.be\/PkX29Di6j1g<\/a><\/li>\n\n\n\n<li>Xos\u00e9 Mar\u00eda Rei Lema: <a href=\"https:\/\/youtu.be\/5kjXG_ixcUo\" target=\"_blank\" rel=\"noopener\" title=\"\">https:\/\/youtu.be\/5kjXG_ixcUo<\/a><\/li>\n\n\n\n<li>Milagros Bar\u00e1: <a href=\"https:\/\/youtu.be\/wITUG_MYkdk\" target=\"_blank\" rel=\"noopener\" title=\"\">https:\/\/youtu.be\/wITUG_MYkdk<\/a><\/li>\n\n\n\n<li>Ricardo Garc\u00eda Mira: <a href=\"https:\/\/www.youtube.com\/watch?v=ng6Ep5rGcLg\" target=\"_blank\" rel=\"noopener\" title=\"\">https:\/\/www.youtube.com\/watch?v=ng6Ep5rGcLg<\/a><\/li>\n\n\n\n<li>Xos\u00e9 Manuel Varela Varela: <a href=\"https:\/\/youtu.be\/zC9tzulSfGU\" target=\"_blank\" rel=\"noopener\" title=\"\">https:\/\/youtu.be\/zC9tzulSfGU<\/a><\/li>\n\n\n\n<li>Debate e clausura da xornada: <a href=\"https:\/\/youtu.be\/9UGdWRuEbEY\" target=\"_blank\" rel=\"noopener\" title=\"\">https:\/\/youtu.be\/9UGdWRuEbEY<\/a><\/li>\n<\/ul>\n\n\n\n<h2 class=\"wp-block-heading\">Roteiro Literario de Enrique Labarta Pose<\/h2>\n\n\n\n<figure class=\"wp-block-image size-large\"><img decoding=\"async\" src=\"https:\/\/concellodezas.gal\/wp-content\/uploads\/2022\/08\/presentacion-roteiro-literario-enrique-labarta-pose-1024x683.jpeg\" alt=\"\"\/><\/figure>\n\n\n\n<p>Dende o mes de marzo de 2022, a obra de Enrique Labarta Pose forma parte do&nbsp;<a href=\"http:\/\/roteiros.culturagalega.gal\/\">\u201cProxecto Roteiros\u201d impulsado polo Consello da Cultura Galega<\/a>&nbsp;que ten como obxectivo dar a co\u00f1ecer os recursos culturais e paisax\u00edsticos de Galicia a trav\u00e9s da vida e obra de escritores. O roteiro literario de Enrique Labarta Pose foi dese\u00f1ado polo Concello de Zas e c\u00e9ntrase na Costa da Morte. A trav\u00e9s del percorremos 21 espazos biogr\u00e1ficos e literarios relacionados coa figura do escritor bai\u00e9s. O itinerario arrinca no Centro Sociocultural de Baio, onde est\u00e1 exposto de forma permanente unha boa parte do&nbsp;&nbsp;seu legado con obras in\u00e9ditas. Contin\u00faa pola s\u00faa casa natal, a igrexa vella de Baio, o monte Castelo e dende aqu\u00ed parte os municipios de Vimianzo, Camari\u00f1as, Coristanco, Cabana de Berganti\u00f1os, Corcubi\u00f3n, Carballo e Mux\u00eda. En total son uns 250 quil\u00f3metros que se recomendar percorrer en coche en dous d\u00edas.<\/p>\n\n\n\n<p>O itinerario pode consultarse na&nbsp;<a href=\"http:\/\/roteiros.culturagalega.gal\/autores\/ficha\/20\">p\u00e1xina web do Consello da Cultura Galega&nbsp;<\/a>onde est\u00e1n tam\u00e9n outros 30 roteiros e 16&nbsp;gu\u00edas de autores como Castelao, Rosal\u00eda de Castro, Eduardo Pondal, \u00c1lvaro Cunqueiro, Antonio Fraguas, Manuel Curros Enr\u00edquez, Ram\u00f3n Otero Pedrayo, entre outros.&nbsp;<\/p>\n\n\n\n<p><a href=\"https:\/\/concellodezas.gal\/21-espazos-da-costa-da-morte-forman-o-roteiro-literario-de-enrique-labarta-pose\/\" title=\"21 espazos da Costa da Morte forman o Roteiro Literario de Enrique Labarta Pose\">O itinerario presentouse nun acto que tivo lugar o 11 de marzo de 2022 no Centro Sociocultural de Baio<\/a>\u00a0e ao que asistiron un gran cantidade de veci\u00f1os e veci\u00f1as e de persoas relacionadas coa figua de Enrique Labarta Pose. Durante o acto interviron Manuel Gago, reco\u00f1ecido xornalista e director do proxecto \u201cRoteiros da Cultura Galega\u201d; Jorge Mira, en calidade de Presidente da Comisi\u00f3n Labarta Pose; Ricardo Garc\u00eda Mira\u00a0presidente do Instituto de Estudos e Investigaci\u00f3n Psicosocial \u201cXo\u00e1n Vicente Viqueira\u201d e membro da comisi\u00f3n;\u00a0Rosario \u00c1lvarez Blanco, Presidenta do Consello da Cultura Galega e membro da Real Academia Galega; e Manuel Mu\u00ed\u00f1o, Alcalde de Zas.<\/p>\n\n\n\n<p>Enlace ao roteiro: <a href=\"http:\/\/roteiros.culturagalega.gal\/autores\/ficha\/20\" target=\"_blank\" rel=\"noopener\" title=\"\">http:\/\/roteiros.culturagalega.gal\/autores\/ficha\/20<\/a><\/p>\n\n\n\n<h2 class=\"wp-block-heading\">Exposici\u00f3n itinerante<\/h2>\n\n\n\n<figure class=\"wp-block-image size-large\"><img decoding=\"async\" src=\"https:\/\/concellodezas.gal\/wp-content\/uploads\/2022\/07\/exposicion_itinerante_enrique_labarta_pose_-1024x768.jpg\" alt=\"Exposici\u00f3n itinerante Enrique Labarta Pose\"\/><\/figure>\n\n\n\n<p>Coincidindo&nbsp;co 158 aniversario do seu nacemento, o 24 de xullo de 2021 inaugurouse no&nbsp;Paseo Fluvial de Baio unha&nbsp;<strong><a href=\"http:\/\/antiga.concellodezas.org\/portal-cidadan\/noticia\/gl\/1135\/n\">exposici\u00f3n ao aire libre sobre a figura de Enrique Labarta Pose<\/a>&nbsp;<\/strong>coa que o Concello de Zas \u2013 promotor da iniciativa coa colaboraci\u00f3n da Deputaci\u00f3n da Coru\u00f1a \u2013 pretende achegar a s\u00faa vida e obra a toda a veci\u00f1anza.<\/p>\n\n\n\n<p>Tal e como explicou Jorge Mira, representante da Comisi\u00f3n Labarta, esta mostra s\u00famase \u00e1 lista de actividades realizadas dende hai m\u00e1is de vinte anos para reivindicar a concesi\u00f3n do D\u00eda das Letras Galegas \u00f3 escritor bai\u00e9s.&nbsp;<strong>\u201cLabarta Pose \u00e9 o gran candidato da Costa da Morte \u00e1s Letras Galegas\u201d<\/strong>, sinalou Mira. Foron moitas as actividades que se realizaron ao redor da s\u00faa figura impulsadas, na s\u00faa maior\u00eda, pola Comisi\u00f3n Labarta Pose que est\u00e1 integrada por varias asociaci\u00f3ns da vila.<\/p>\n\n\n\n<p>Para Xos\u00e9 Regueira, Vicepresidente da Deputaci\u00f3n da Coru\u00f1a,&nbsp;<strong>esta \u00e9 unha reivindicaci\u00f3n \u00e1 que debe de sumarse toda a Costa da Morte<\/strong>&nbsp;por ser Labarta Pose unha das figuras literarias m\u00e1is relevantes da zona. \u201cOxal\u00e1 que alg\u00fan d\u00eda se faga xustiza e te\u00f1a por fin o seu d\u00eda das Letras Galegas\u201d, sinalou Regueira durante a s\u00faa intervenci\u00f3n no acto de inauguraci\u00f3n. Adem\u00e1is, aproveitou a ocasi\u00f3n para darlle os parab\u00e9ns ao Concello de Zas por tomar a iniciativa de realizar esta mostra con car\u00e1cter itinerante e tam\u00e9n felicitou ao movemento asociativo de Baio por non deixar no esquecemento a s\u00faa historia.<\/p>\n\n\n\n<p>A mostra est\u00e1 composta por oito&nbsp;paneis con fotograf\u00edas hist\u00f3ricas e con textos explicativos sobre a vida e obra do escritor bai\u00e9s. Para a s\u00faa realizaci\u00f3n contouse coa colaboraci\u00f3n de moitas persoas e instituci\u00f3ns relacionadas dalgunha forma con Labarta Pose. Entre elas est\u00e1n:<\/p>\n\n\n\n<ul class=\"wp-block-list\">\n<li>Jorge Lens (autor da tese de doutoramento \u201cLos or\u00edgenes de la fotograf\u00eda publicitaria en Galicia: An\u00e1lisis de muestras y catalogaci\u00f3n documental\u201d<\/li>\n\n\n\n<li>Milagros Bara (xornalista no Diario de Pontevedra)<\/li>\n\n\n\n<li>Sinda Cund\u00edns (directora do CEIP Labarta Pose de Baio)<\/li>\n\n\n\n<li>Marisa Roel (unha das primeiras mestras do CEIP Labarta Pose)<\/li>\n\n\n\n<li>Museo Provincial de Pontevedra<\/li>\n\n\n\n<li>Biblioteca Provincial de Pontevedra<\/li>\n\n\n\n<li>Arquivo Provincial de Pontevedra<\/li>\n\n\n\n<li>Galiciana-Biblioteca de Galicia<\/li>\n\n\n\n<li>Arquivo Municipal do Concello de Pontevedra<\/li>\n\n\n\n<li>Arzebispado de Santiago de Compostela.<\/li>\n\n\n\n<li>Familia Casa Ovidio de Baio<\/li>\n\n\n\n<li>Alberto Villar<\/li>\n\n\n\n<li>Carlos Castelao (autor de \u201cLos or\u00edgenes de la fotograf\u00eda en Galicia\u201d<\/li>\n\n\n\n<li>Jorge Mira P\u00e9rez<\/li>\n<\/ul>\n\n\n\n<h2 class=\"wp-block-heading\">A exposici\u00f3n de Enrique Labarta Pose nos centros educativos<\/h2>\n\n\n\n<p>Despois do seu paso polo Paseo Fluvial de Baio, a exposici\u00f3n sobre a figura de Labarta Pose, promovida polo Concello de Zas, comezou a s\u00faa viaxe. A primeira parada foron os&nbsp;<a href=\"http:\/\/antiga.concellodezas.org\/portal-cidadan\/noticia\/gl\/1176\/n\">tres centros educativos do Concello de Zas<\/a>&nbsp;para que as alumnas e alumnos do&nbsp;<strong>CEIP Labarta Pose de Baio<\/strong>, do&nbsp;<strong>CPI de Zas<\/strong>&nbsp;e do&nbsp;<strong>IES Maximino Romero de Lema<\/strong>&nbsp;co\u00f1eceran a un dos persoeiros m\u00e1is ilustres do noso municipio.<\/p>\n\n\n\n<p>O 8 de febreiro de 2022 a exposici\u00f3n de Labarta saiu por primeira vez do noso concello e&nbsp;<a href=\"http:\/\/antiga.concellodezas.org\/portal-cidadan\/noticia\/gl\/1206\/n\">viaxou ata o CPR Pluriling\u00fce Fogar de Santa Margarida da Coru\u00f1a&nbsp;<\/a>onde estivo exposta durante dez d\u00edas&nbsp;e que visitaron&nbsp;uns 800 alumnos e alumnas de diferentes niveis acad\u00e9micos.&nbsp;Todos os alumnos e alumnas que visitaron a mostra, guiados polos seus profesores, fixeron&nbsp;un cuestionario espec\u00edfico elaborado por Ricardo Vigeret Gil, docente do IES Maximino Romero de Lema, un autodefinido realizado por Carlos Medrano \u2013 xerador de contidos de Aulas Galegas \u2013 e recitaron o poema \u201cNon fales o Gallego\u201d. Precisamente neste centro educativo coru\u00f1\u00e9s exerce de mestre o&nbsp;fil\u00f3logo Xos\u00e9 Manuel Varela Varela,&nbsp;unha das persoas que mellor co\u00f1ecen a Labarta despois de realizar a s\u00faa tese doutoral sobre o escritor bai\u00e9s. O material did\u00e1ctico p\u00f3dese consultar ao final desta p\u00e1xina.<\/p>\n\n\n\n<h2 class=\"wp-block-heading\"><strong>&nbsp;<\/strong>O legado de Enrique Labarta Pose<\/h2>\n\n\n\n<figure class=\"wp-block-image size-large\"><img decoding=\"async\" src=\"https:\/\/concellodezas.gal\/wp-content\/uploads\/2022\/07\/exposicion_legado_enrique_labarta_pose-1024x682.jpeg\" alt=\"O legado de Enrique Labarta Pose\"\/><\/figure>\n\n\n\n<p>Dende o mes de novembro de 2021 o Centro Sociocultural de Baio acolle unha&nbsp;<a href=\"http:\/\/antiga.concellodezas.org\/portal-cidadan\/noticia\/gl\/1184\/n\"><strong>exposici\u00f3n permanente do legado de Enrique Labarta Pose<\/strong><\/a>. C\u00f3mprense as\u00ed as d\u00faas condici\u00f3ns \u2013 que estivera en Baio e exposto ao p\u00fablico \u2013 que puxeron as irm\u00e1ns Olga e Teresa Rojo despois de que no agosto&nbsp;<a href=\"http:\/\/antiga.concellodezas.org\/portal-cidadan\/noticia\/gl\/1149\/n\">cederan ao Concello de Zas a documentaci\u00f3n orixinal de Labarta Pose herdada polo seu irm\u00e1 \u201cPepe Vali\u00f1a\u201d<\/a>. Durante o acto inaugural, o Alcalde de Zas, Manuel Mu\u00ed\u00f1o, resaltou o gran valor hist\u00f3rico desta documentaci\u00f3n entre a que se atopan libros do s\u00e9culo XIX, revistas, primeiras edici\u00f3ns, recortes de xornais,\u2026 O fil\u00f3logo Chema Rei Lema foi o encargado da catalogaci\u00f3n e durante a presentaci\u00f3n da mostra \u2013 que se pode ver de luns as venres en horario de tarde \u2013 debullou alg\u00fans dos detalles m\u00e1is destacados do material. No acto de inauguraci\u00f3n tam\u00e9n interviu Jorge Mira, portavoz da Comisi\u00f3n Labarta Pose \u2013 quen asegurou que este era un chanzo m\u00e1is para que na Real Academia Galega soase cada vez con m\u00e1is forza o nome de Labarta e conseguir as\u00ed o merecido D\u00eda das Letras Galegas para o escritor bai\u00e9s. A mostra p\u00f3dese visitar no horario de apertura do Centro (de luns a venres en horario de tarde).<\/p>\n\n\n\n<h2 class=\"wp-block-heading\">O Concello de Zas recibe o legado de Labarta Pose<\/h2>\n\n\n\n<figure class=\"wp-block-image size-large\"><img decoding=\"async\" src=\"https:\/\/concellodezas.gal\/wp-content\/uploads\/2022\/07\/sinatura_convenio-1024x682.png\" alt=\"\"\/><\/figure>\n\n\n\n<p>Nun acto que tivo lugar nos xard\u00edns das Torres do Allo, o Concello de Zas \u2013 representado polo seu Alcalde, Manuel Mu\u00ed\u00f1o \u2013 e as irm\u00e1ns Teresa e Olga Rojo Vali\u00f1a&nbsp;<a href=\"https:\/\/concellodezas.gal\/o-concello-de-zas-recibe-diversos-documentos-orixinais-de-enrique-labarta-pose-para-a-sua-difusion-exposicion-e-estudo\/\" target=\"_blank\" rel=\"noopener\" title=\"O Concello de Zas recibe diversos documentos orixinais de Enrique Labarta Pose para a s\u00faa difusi\u00f3n, exposici\u00f3n e estudo\"><strong>asinaron o convenio de cesi\u00f3n da diversa documentaci\u00f3n<\/strong><\/a>&nbsp;que conservaban despois de que o seu irm\u00e1n, \u201cPepe de Vali\u00f1a\u201d, herdase o legado do Enrique Labarta Pose. Coa firma deste convenio, o Concello de Zas adquiriu o compromiso de expo\u00f1er nun lugar p\u00fablico toda a documentaci\u00f3n cedida co fin de difundir a memoria e protexer o legado de Enrique Labarta Pose. A cesi\u00f3n incl\u00fae varios libros orixinais de Labarta Pose, tales como \u201c\u00daltima novedad\u201d, \u201cB\u00e1lsamo de Fierabr\u00e1s\u201d, \u201cAdormideras\u201d, entre outros; revistas (Galicia Humor\u00edstica, Pasatiempos, Galicia Moderna,\u2026); mecanoscritos; diversos documentos tales como un poster de Enrique Labarta Pose inclu\u00edndo o seu poema \u201cLibertad\u201d, varias tarxetas postais de Jabier Pintos ao escritor bai\u00e9s, artigos xornal\u00edsticos,\u2026; e manuscritos. Chema Rei Lema, un dos fil\u00f3logos que forma parte da Comisi\u00f3n Labarta Pose e que se encargou da catalogaci\u00f3n do legado; e Jorge Mira, portavoz da Comisi\u00f3n Labarta Pose, tam\u00e9n estiveron presentes na sinatura do convenio.<\/p>\n","protected":false},"featured_media":6038,"template":"","class_list":["post-30017","programas","type-programas","status-publish","has-post-thumbnail","hentry"],"_links":{"self":[{"href":"https:\/\/concellodezas.gal\/en\/wp-json\/wp\/v2\/programas\/30017","targetHints":{"allow":["GET"]}}],"collection":[{"href":"https:\/\/concellodezas.gal\/en\/wp-json\/wp\/v2\/programas"}],"about":[{"href":"https:\/\/concellodezas.gal\/en\/wp-json\/wp\/v2\/types\/programas"}],"wp:featuredmedia":[{"embeddable":true,"href":"https:\/\/concellodezas.gal\/en\/wp-json\/wp\/v2\/media\/6038"}],"wp:attachment":[{"href":"https:\/\/concellodezas.gal\/en\/wp-json\/wp\/v2\/media?parent=30017"}],"curies":[{"name":"wp","href":"https:\/\/api.w.org\/{rel}","templated":true}]}}