{"id":27973,"date":"2021-05-25T11:46:49","date_gmt":"2021-05-25T09:46:49","guid":{"rendered":"https:\/\/concellodezas.gal\/history-of-zas\/"},"modified":"2025-11-25T07:35:24","modified_gmt":"2025-11-25T06:35:24","slug":"history-of-zas","status":"publish","type":"page","link":"https:\/\/concellodezas.gal\/en\/history-of-zas\/","title":{"rendered":"History of Zas"},"content":{"rendered":"\t\t<div data-elementor-type=\"wp-page\" data-elementor-id=\"27973\" class=\"elementor elementor-27973 elementor-881\" data-elementor-post-type=\"page\">\n\t\t\t\t<div class=\"elementor-element elementor-element-d586927 e-flex e-con-boxed e-con e-parent\" data-id=\"d586927\" data-element_type=\"container\" data-e-type=\"container\" data-settings=\"{&quot;jet_parallax_layout_list&quot;:[]}\">\n\t\t\t\t\t<div class=\"e-con-inner\">\n\t\t<div class=\"elementor-element elementor-element-49f598a e-con-full e-flex e-con e-child\" data-id=\"49f598a\" data-element_type=\"container\" data-e-type=\"container\" data-settings=\"{&quot;jet_parallax_layout_list&quot;:[]}\">\n\t\t\t\t<div class=\"elementor-element elementor-element-f85bcac elementor-widget elementor-widget-heading\" data-id=\"f85bcac\" data-element_type=\"widget\" data-e-type=\"widget\" data-widget_type=\"heading.default\">\n\t\t\t\t\t<span class=\"elementor-heading-title elementor-size-default\">From Prehistory to the Present<\/span>\t\t\t\t<\/div>\n\t\t\t\t<div class=\"elementor-element elementor-element-b394596 elementor-widget elementor-widget-heading\" data-id=\"b394596\" data-element_type=\"widget\" data-e-type=\"widget\" data-widget_type=\"heading.default\">\n\t\t\t\t\t<h2 class=\"elementor-heading-title elementor-size-default\">A town hall with history<\/h2>\t\t\t\t<\/div>\n\t\t\t\t<div class=\"elementor-element elementor-element-78dbd40 elementor-widget elementor-widget-text-editor\" data-id=\"78dbd40\" data-element_type=\"widget\" data-e-type=\"widget\" data-widget_type=\"text-editor.default\">\n\t\t\t\t\t\t\t\t\t<p>Zas preserves traces of all eras: from the abundance of mamoas and antas \u2013 with the Arca da Piosa (Mu\u00ed\u00f1o) as a well-preserved reference \u2013 to the Castro culture, represented by the enclosure of Santo Adri\u00e1n de Castro, located on a hill with a classical typology. Romanization, although late, was intense in Brandomil, where a Romanized fort, remains of a roadway, a medieval bridge on Roman bases and numerous inscriptions that reveal the presence of population from outside Gallaecia are documented, all after the second century A.D. The <span style=\"letter-spacing: -0.2px;\">Germanic stage left a deep toponymic mark (Gomariz, Gontalde, Vilar Ramilo) and it has even been proposed that &#8220;Zas&#8221; is an ultra-correction of &#8220;Salas&#8221;,  It originated in the Germanic salt. As a medieval symbol, the bridge of Brandomil stands out, the main historical monument of the municipality and testimony of its road continuity since Antiquity.<\/span> <\/p>\t\t\t\t\t\t\t\t<\/div>\n\t\t\t\t<div class=\"elementor-element elementor-element-e6b143c elementor-widget elementor-widget-heading\" data-id=\"e6b143c\" data-element_type=\"widget\" data-e-type=\"widget\" data-widget_type=\"heading.default\">\n\t\t\t\t\t<h3 class=\"elementor-heading-title elementor-size-default\">Zas on the Mariana Way<\/h3>\t\t\t\t<\/div>\n\t\t\t\t<div class=\"elementor-element elementor-element-8e4c78d elementor-widget elementor-widget-text-editor\" data-id=\"8e4c78d\" data-element_type=\"widget\" data-e-type=\"widget\" data-widget_type=\"text-editor.default\">\n\t\t\t\t\t\t\t\t\t<p>The Luso-Galician Marian Way is a pilgrimage route that connects the sanctuaries of Nossa Senhora do Sameiro, in Braga, and Nosa Se\u00f1ora da Barca, in Mux\u00eda, along about 400 km that combine nature, heritage and spirituality. In its stretch through the Municipality of Zas, the Camino follows the trail of ancient devotional itineraries and shares stretches with the Camino to Fisterra-Mux\u00eda, consolidating itself as a less crowded pilgrimage alternative but full of symbolism. <\/p><p>In Zas, the Via Mariana runs through the parishes of Brandomil and Brando\u00f1as, two enclaves marked by rural tranquility and a very outstanding heritage. In Brandomil, the pilgrim can approach the surroundings of the bridge of Roman origin and the Xallas river, while in Brando\u00f1as the path passes by the church of Santa Mar\u00eda and the tourist camp, making this area a perfect place to take a break, rest and enjoy the landscape. The sum of these elements makes the passage of the Via Mariana through Zas a serene, authentic experience and closely linked to the identity of the interior Costa da Morte.  <\/p>\t\t\t\t\t\t\t\t<\/div>\n\t\t\t\t<div class=\"elementor-element elementor-element-5adc3df elementor-widget elementor-widget-button\" data-id=\"5adc3df\" data-element_type=\"widget\" data-e-type=\"widget\" data-widget_type=\"button.default\">\n\t\t\t\t\t\t\t\t\t\t<a class=\"elementor-button elementor-button-link elementor-size-sm\" href=\"https:\/\/concellodezas.gal\/wp-content\/uploads\/2025\/11\/Infografia-Via-Mariana.pdf\" target=\"_blank\">\n\t\t\t\t\t\t<span class=\"elementor-button-content-wrapper\">\n\t\t\t\t\t\t\t\t\t<span class=\"elementor-button-text\">Download the infographic on the Mariana Way<\/span>\n\t\t\t\t\t<\/span>\n\t\t\t\t\t<\/a>\n\t\t\t\t\t\t\t\t<\/div>\n\t\t\t\t<\/div>\n\t\t<div class=\"elementor-element elementor-element-fbd07ca e-con-full e-flex e-con e-child\" data-id=\"fbd07ca\" data-element_type=\"container\" data-e-type=\"container\" data-settings=\"{&quot;jet_parallax_layout_list&quot;:[]}\">\n\t\t<div class=\"elementor-element elementor-element-4bd5f6a e-con-full e-flex e-con e-child\" data-id=\"4bd5f6a\" data-element_type=\"container\" data-e-type=\"container\" data-settings=\"{&quot;background_background&quot;:&quot;classic&quot;,&quot;jet_parallax_layout_list&quot;:[]}\">\n\t\t\t\t<div class=\"elementor-element elementor-element-53b2e11 gallery-spacing-custom elementor-widget elementor-widget-image-gallery\" data-id=\"53b2e11\" data-element_type=\"widget\" data-e-type=\"widget\" data-widget_type=\"image-gallery.default\">\n\t\t\t\t\t\t\t<div class=\"elementor-image-gallery\">\n\t\t\t<div id='gallery-1' class='gallery galleryid-27973 gallery-columns-2 gallery-size-medium'><figure class='gallery-item'>\n\t\t\t<div class='gallery-icon landscape'>\n\t\t\t\t<a data-elementor-open-lightbox=\"yes\" data-elementor-lightbox-slideshow=\"53b2e11\" data-elementor-lightbox-title=\"Pozo_Limideiro._Ancient_gold_mining_probably_already_of_the_Roman_period[Foto_EDR]\" data-e-action-hash=\"#elementor-action%3Aaction%3Dlightbox%26settings%3DeyJpZCI6Mjc5NjksInVybCI6Imh0dHBzOlwvXC9jb25jZWxsb2RlemFzLmdhbFwvd3AtY29udGVudFwvdXBsb2Fkc1wvMjAyMVwvMDVcL1Bvem9fTGltaWRlaXJvLl9BbnRpZ2FfZXhwbG90YWNpb25fYXVyaWZlcmFfcHJvYmFibGVtZW50ZV94YV9kZV9lcG9jYV9yb21hbmFfRm90b19FRFIuanBnIiwic2xpZGVzaG93IjoiNTNiMmUxMSJ9\" title=\"Pozo_Limideiro._Ancient_gold_mining_probably_already_of_the_Roman_period[Foto_EDR]\"  href='https:\/\/concellodezas.gal\/wp-content\/uploads\/2021\/05\/Pozo_Limideiro._Antiga_explotacion_aurifera_probablemente_xa_de_epoca_romana_Foto_EDR.jpg'><img fetchpriority=\"high\" decoding=\"async\" width=\"300\" height=\"230\" src=\"https:\/\/concellodezas.gal\/wp-content\/uploads\/2021\/05\/Pozo_Limideiro._Antiga_explotacion_aurifera_probablemente_xa_de_epoca_romana_Foto_EDR-300x230.jpg\" class=\"attachment-medium size-medium\" alt=\"Pozo Limideiro. Ancient gold mining probably already of the Roman period[Foto EDR]\" srcset=\"https:\/\/concellodezas.gal\/wp-content\/uploads\/2021\/05\/Pozo_Limideiro._Antiga_explotacion_aurifera_probablemente_xa_de_epoca_romana_Foto_EDR-300x230.jpg 300w, https:\/\/concellodezas.gal\/wp-content\/uploads\/2021\/05\/Pozo_Limideiro._Antiga_explotacion_aurifera_probablemente_xa_de_epoca_romana_Foto_EDR-768x588.jpg 768w, https:\/\/concellodezas.gal\/wp-content\/uploads\/2021\/05\/Pozo_Limideiro._Antiga_explotacion_aurifera_probablemente_xa_de_epoca_romana_Foto_EDR-480x367.jpg 480w, https:\/\/concellodezas.gal\/wp-content\/uploads\/2021\/05\/Pozo_Limideiro._Antiga_explotacion_aurifera_probablemente_xa_de_epoca_romana_Foto_EDR.jpg 800w\" sizes=\"(max-width: 300px) 100vw, 300px\" \/><\/a>\n\t\t\t<\/div><\/figure><figure class='gallery-item'>\n\t\t\t<div class='gallery-icon landscape'>\n\t\t\t\t<a data-elementor-open-lightbox=\"yes\" data-elementor-lightbox-slideshow=\"53b2e11\" data-elementor-lightbox-title=\"Dolmen_Arca_da_Piosa_1\" data-e-action-hash=\"#elementor-action%3Aaction%3Dlightbox%26settings%3DeyJpZCI6Mjc5NjMsInVybCI6Imh0dHBzOlwvXC9jb25jZWxsb2RlemFzLmdhbFwvd3AtY29udGVudFwvdXBsb2Fkc1wvMjAyMVwvMDZcL0RvbG1lbl9BcmNhX2RhX1Bpb3NhXzEuanBnIiwic2xpZGVzaG93IjoiNTNiMmUxMSJ9\" title=\"Dolmen_Arca_da_Piosa_1\"  href='https:\/\/concellodezas.gal\/wp-content\/uploads\/2021\/06\/Dolmen_Arca_da_Piosa_1.jpg'><img decoding=\"async\" width=\"300\" height=\"225\" src=\"https:\/\/concellodezas.gal\/wp-content\/uploads\/2021\/06\/Dolmen_Arca_da_Piosa_1-300x225.jpg\" class=\"attachment-medium size-medium\" alt=\"A Weekend in Zas\" srcset=\"https:\/\/concellodezas.gal\/wp-content\/uploads\/2021\/06\/Dolmen_Arca_da_Piosa_1-300x225.jpg 300w, https:\/\/concellodezas.gal\/wp-content\/uploads\/2021\/06\/Dolmen_Arca_da_Piosa_1-510x382.jpg 510w, https:\/\/concellodezas.gal\/wp-content\/uploads\/2021\/06\/Dolmen_Arca_da_Piosa_1-480x360.jpg 480w, https:\/\/concellodezas.gal\/wp-content\/uploads\/2021\/06\/Dolmen_Arca_da_Piosa_1.jpg 640w\" sizes=\"(max-width: 300px) 100vw, 300px\" \/><\/a>\n\t\t\t<\/div><\/figure><figure class='gallery-item'>\n\t\t\t<div class='gallery-icon landscape'>\n\t\t\t\t<a data-elementor-open-lightbox=\"yes\" data-elementor-lightbox-slideshow=\"53b2e11\" data-elementor-lightbox-title=\"Dolme_de_Pedra_Vixia\" data-e-action-hash=\"#elementor-action%3Aaction%3Dlightbox%26settings%3DeyJpZCI6Mjc5NjUsInVybCI6Imh0dHBzOlwvXC9jb25jZWxsb2RlemFzLmdhbFwvd3AtY29udGVudFwvdXBsb2Fkc1wvMjAyMVwvMDZcL0RvbG1lX2RlX1BlZHJhX1ZpeGlhLmpwZyIsInNsaWRlc2hvdyI6IjUzYjJlMTEifQ%3D%3D\" title=\"Dolme_de_Pedra_Vixia\"  href='https:\/\/concellodezas.gal\/wp-content\/uploads\/2021\/06\/Dolme_de_Pedra_Vixia.jpg'><img decoding=\"async\" width=\"300\" height=\"225\" src=\"https:\/\/concellodezas.gal\/wp-content\/uploads\/2021\/06\/Dolme_de_Pedra_Vixia-300x225.jpg\" class=\"attachment-medium size-medium\" alt=\"A Weekend in Zas\" srcset=\"https:\/\/concellodezas.gal\/wp-content\/uploads\/2021\/06\/Dolme_de_Pedra_Vixia-300x225.jpg 300w, https:\/\/concellodezas.gal\/wp-content\/uploads\/2021\/06\/Dolme_de_Pedra_Vixia-510x382.jpg 510w, https:\/\/concellodezas.gal\/wp-content\/uploads\/2021\/06\/Dolme_de_Pedra_Vixia-480x360.jpg 480w, https:\/\/concellodezas.gal\/wp-content\/uploads\/2021\/06\/Dolme_de_Pedra_Vixia.jpg 640w\" sizes=\"(max-width: 300px) 100vw, 300px\" \/><\/a>\n\t\t\t<\/div><\/figure><figure class='gallery-item'>\n\t\t\t<div class='gallery-icon landscape'>\n\t\t\t\t<a data-elementor-open-lightbox=\"yes\" data-elementor-lightbox-slideshow=\"53b2e11\" data-elementor-lightbox-title=\"Parte_dunha_columna_romana_usada_para_subir_a_un_horreo_[Foto_EDR]\" data-e-action-hash=\"#elementor-action%3Aaction%3Dlightbox%26settings%3DeyJpZCI6Mjc5NjgsInVybCI6Imh0dHBzOlwvXC9jb25jZWxsb2RlemFzLmdhbFwvd3AtY29udGVudFwvdXBsb2Fkc1wvMjAyMVwvMDVcL1BhcnRlX2R1bmhhX2NvbHVtbmFfcm9tYW5hX3VzYWRhX3BhcmFfc3ViaXJfYV91bl9ob3JyZW9fRm90b19FRFIuanBnIiwic2xpZGVzaG93IjoiNTNiMmUxMSJ9\" title=\"Parte_dunha_columna_romana_usada_para_subir_a_un_horreo_[Foto_EDR]\"  href='https:\/\/concellodezas.gal\/wp-content\/uploads\/2021\/05\/Parte_dunha_columna_romana_usada_para_subir_a_un_horreo_Foto_EDR.jpg'><img loading=\"lazy\" decoding=\"async\" width=\"300\" height=\"225\" src=\"https:\/\/concellodezas.gal\/wp-content\/uploads\/2021\/05\/Parte_dunha_columna_romana_usada_para_subir_a_un_horreo_Foto_EDR-300x225.jpg\" class=\"attachment-medium size-medium\" alt=\"Parte dunha columna romana usada para subir a un horreo [Foto EDR]\" srcset=\"https:\/\/concellodezas.gal\/wp-content\/uploads\/2021\/05\/Parte_dunha_columna_romana_usada_para_subir_a_un_horreo_Foto_EDR-300x225.jpg 300w, https:\/\/concellodezas.gal\/wp-content\/uploads\/2021\/05\/Parte_dunha_columna_romana_usada_para_subir_a_un_horreo_Foto_EDR-768x576.jpg 768w, https:\/\/concellodezas.gal\/wp-content\/uploads\/2021\/05\/Parte_dunha_columna_romana_usada_para_subir_a_un_horreo_Foto_EDR-510x382.jpg 510w, https:\/\/concellodezas.gal\/wp-content\/uploads\/2021\/05\/Parte_dunha_columna_romana_usada_para_subir_a_un_horreo_Foto_EDR-480x360.jpg 480w, https:\/\/concellodezas.gal\/wp-content\/uploads\/2021\/05\/Parte_dunha_columna_romana_usada_para_subir_a_un_horreo_Foto_EDR.jpg 800w\" sizes=\"(max-width: 300px) 100vw, 300px\" \/><\/a>\n\t\t\t<\/div><\/figure><figure class='gallery-item'>\n\t\t\t<div class='gallery-icon landscape'>\n\t\t\t\t<a data-elementor-open-lightbox=\"yes\" data-elementor-lightbox-slideshow=\"53b2e11\" data-elementor-lightbox-title=\"Estado_actual_do_dolmen_de_Pedra_Vixia._Photo_EDR\" data-e-action-hash=\"#elementor-action%3Aaction%3Dlightbox%26settings%3DeyJpZCI6Mjc5NjYsInVybCI6Imh0dHBzOlwvXC9jb25jZWxsb2RlemFzLmdhbFwvd3AtY29udGVudFwvdXBsb2Fkc1wvMjAyMVwvMDVcL0VzdGFkb19hY3R1YWxfZG9fZG9sbWVuX2RlX1BlZHJhX1ZpeGlhLl9Gb3RvX0VEUi5qcGciLCJzbGlkZXNob3ciOiI1M2IyZTExIn0%3D\" title=\"Estado_actual_do_dolmen_de_Pedra_Vixia._Photo_EDR\"  href='https:\/\/concellodezas.gal\/wp-content\/uploads\/2021\/05\/Estado_actual_do_dolmen_de_Pedra_Vixia._Foto_EDR.jpg'><img loading=\"lazy\" decoding=\"async\" width=\"300\" height=\"169\" src=\"https:\/\/concellodezas.gal\/wp-content\/uploads\/2021\/05\/Estado_actual_do_dolmen_de_Pedra_Vixia._Foto_EDR-300x169.jpg\" class=\"attachment-medium size-medium\" alt=\"Estado actual do dolmen de Pedra Vixia. Photo EDR\" srcset=\"https:\/\/concellodezas.gal\/wp-content\/uploads\/2021\/05\/Estado_actual_do_dolmen_de_Pedra_Vixia._Foto_EDR-300x169.jpg 300w, https:\/\/concellodezas.gal\/wp-content\/uploads\/2021\/05\/Estado_actual_do_dolmen_de_Pedra_Vixia._Foto_EDR-1024x575.jpg 1024w, https:\/\/concellodezas.gal\/wp-content\/uploads\/2021\/05\/Estado_actual_do_dolmen_de_Pedra_Vixia._Foto_EDR-768x431.jpg 768w, https:\/\/concellodezas.gal\/wp-content\/uploads\/2021\/05\/Estado_actual_do_dolmen_de_Pedra_Vixia._Foto_EDR-1080x607.jpg 1080w, https:\/\/concellodezas.gal\/wp-content\/uploads\/2021\/05\/Estado_actual_do_dolmen_de_Pedra_Vixia._Foto_EDR-980x550.jpg 980w, https:\/\/concellodezas.gal\/wp-content\/uploads\/2021\/05\/Estado_actual_do_dolmen_de_Pedra_Vixia._Foto_EDR-480x270.jpg 480w, https:\/\/concellodezas.gal\/wp-content\/uploads\/2021\/05\/Estado_actual_do_dolmen_de_Pedra_Vixia._Foto_EDR.jpg 1200w\" sizes=\"(max-width: 300px) 100vw, 300px\" \/><\/a>\n\t\t\t<\/div><\/figure><figure class='gallery-item'>\n\t\t\t<div class='gallery-icon landscape'>\n\t\t\t\t<a data-elementor-open-lightbox=\"yes\" data-elementor-lightbox-slideshow=\"53b2e11\" data-elementor-lightbox-title=\"Miliario_romano__ou_fuste_dunha_columna._Private_Garden_[Foto_EDR]\" data-e-action-hash=\"#elementor-action%3Aaction%3Dlightbox%26settings%3DeyJpZCI6Mjc5NjcsInVybCI6Imh0dHBzOlwvXC9jb25jZWxsb2RlemFzLmdhbFwvd3AtY29udGVudFwvdXBsb2Fkc1wvMjAyMVwvMDVcL01pbGlhcmlvX3JvbWFub19fb3VfZnVzdGVfZHVuaGFfY29sdW1uYS5fWGFyZGluX3BhcnRpY3VsYXJfRm90b19FRFIuanBnIiwic2xpZGVzaG93IjoiNTNiMmUxMSJ9\" title=\"Miliario_romano__ou_fuste_dunha_columna._Private_Garden_[Foto_EDR]\"  href='https:\/\/concellodezas.gal\/wp-content\/uploads\/2021\/05\/Miliario_romano__ou_fuste_dunha_columna._Xardin_particular_Foto_EDR.jpg'><img loading=\"lazy\" decoding=\"async\" width=\"300\" height=\"233\" src=\"https:\/\/concellodezas.gal\/wp-content\/uploads\/2021\/05\/Miliario_romano__ou_fuste_dunha_columna._Xardin_particular_Foto_EDR-300x233.jpg\" class=\"attachment-medium size-medium\" alt=\"Miliario romano ou fuste dunha columna. Private Garden [Foto EDR]\" srcset=\"https:\/\/concellodezas.gal\/wp-content\/uploads\/2021\/05\/Miliario_romano__ou_fuste_dunha_columna._Xardin_particular_Foto_EDR-300x233.jpg 300w, https:\/\/concellodezas.gal\/wp-content\/uploads\/2021\/05\/Miliario_romano__ou_fuste_dunha_columna._Xardin_particular_Foto_EDR-768x595.jpg 768w, https:\/\/concellodezas.gal\/wp-content\/uploads\/2021\/05\/Miliario_romano__ou_fuste_dunha_columna._Xardin_particular_Foto_EDR-480x372.jpg 480w, https:\/\/concellodezas.gal\/wp-content\/uploads\/2021\/05\/Miliario_romano__ou_fuste_dunha_columna._Xardin_particular_Foto_EDR.jpg 800w\" sizes=\"(max-width: 300px) 100vw, 300px\" \/><\/a>\n\t\t\t<\/div><\/figure><figure class='gallery-item'>\n\t\t\t<div class='gallery-icon landscape'>\n\t\t\t\t<a data-elementor-open-lightbox=\"yes\" data-elementor-lightbox-slideshow=\"53b2e11\" data-elementor-lightbox-title=\"1Ara_romana_dedicada_a_deusa_Fortuna_exposta_nun_xardin__particular_de_Brandomil_[Foto_EDR]\" data-e-action-hash=\"#elementor-action%3Aaction%3Dlightbox%26settings%3DeyJpZCI6Mjc0MTYsInVybCI6Imh0dHBzOlwvXC9jb25jZWxsb2RlemFzLmdhbFwvd3AtY29udGVudFwvdXBsb2Fkc1wvMjAyMVwvMDVcLzFBcmFfcm9tYW5hX2RlZGljYWRhX2FfZGV1c2FfRm9ydHVuYV9leHBvc3RhX251bl94YXJkaW5fX3BhcnRpY3VsYXJfZGVfQnJhbmRvbWlsX0ZvdG9fRURSLmpwZyIsInNsaWRlc2hvdyI6IjUzYjJlMTEifQ%3D%3D\" title=\"1Ara_romana_dedicada_a_deusa_Fortuna_exposta_nun_xardin__particular_de_Brandomil_[Foto_EDR]\"  href='https:\/\/concellodezas.gal\/wp-content\/uploads\/2021\/05\/1Ara_romana_dedicada_a_deusa_Fortuna_exposta_nun_xardin__particular_de_Brandomil_Foto_EDR.jpg'><img loading=\"lazy\" decoding=\"async\" width=\"300\" height=\"229\" src=\"https:\/\/concellodezas.gal\/wp-content\/uploads\/2021\/05\/1Ara_romana_dedicada_a_deusa_Fortuna_exposta_nun_xardin__particular_de_Brandomil_Foto_EDR-300x229.jpg\" class=\"attachment-medium size-medium\" alt=\"1Ara romana dedicada a deusa Fortuna exposta nun xardin particular de Brandomil [Foto EDR]\" srcset=\"https:\/\/concellodezas.gal\/wp-content\/uploads\/2021\/05\/1Ara_romana_dedicada_a_deusa_Fortuna_exposta_nun_xardin__particular_de_Brandomil_Foto_EDR-300x229.jpg 300w, https:\/\/concellodezas.gal\/wp-content\/uploads\/2021\/05\/1Ara_romana_dedicada_a_deusa_Fortuna_exposta_nun_xardin__particular_de_Brandomil_Foto_EDR-768x587.jpg 768w, https:\/\/concellodezas.gal\/wp-content\/uploads\/2021\/05\/1Ara_romana_dedicada_a_deusa_Fortuna_exposta_nun_xardin__particular_de_Brandomil_Foto_EDR-480x367.jpg 480w, https:\/\/concellodezas.gal\/wp-content\/uploads\/2021\/05\/1Ara_romana_dedicada_a_deusa_Fortuna_exposta_nun_xardin__particular_de_Brandomil_Foto_EDR.jpg 800w\" sizes=\"(max-width: 300px) 100vw, 300px\" \/><\/a>\n\t\t\t<\/div><\/figure><figure class='gallery-item'>\n\t\t\t<div class='gallery-icon landscape'>\n\t\t\t\t<a data-elementor-open-lightbox=\"yes\" data-elementor-lightbox-slideshow=\"53b2e11\" data-elementor-lightbox-title=\"Enigmatica_covina_nun_dos_esteos_do_dolmen_de_Pedra_Vixia._Photo_EDR\" data-e-action-hash=\"#elementor-action%3Aaction%3Dlightbox%26settings%3DeyJpZCI6Mjc5NjQsInVybCI6Imh0dHBzOlwvXC9jb25jZWxsb2RlemFzLmdhbFwvd3AtY29udGVudFwvdXBsb2Fkc1wvMjAyMVwvMDVcL0VuaWdtYXRpY2FfY292aW5hX251bl9kb3NfZXN0ZW9zX2RvX2RvbG1lbl9kZV9QZWRyYV9WaXhpYS5fRm90b19FRFIuanBnIiwic2xpZGVzaG93IjoiNTNiMmUxMSJ9\" title=\"Enigmatica_covina_nun_dos_esteos_do_dolmen_de_Pedra_Vixia._Photo_EDR\"  href='https:\/\/concellodezas.gal\/wp-content\/uploads\/2021\/05\/Enigmatica_covina_nun_dos_esteos_do_dolmen_de_Pedra_Vixia._Foto_EDR.jpg'><img loading=\"lazy\" decoding=\"async\" width=\"300\" height=\"169\" src=\"https:\/\/concellodezas.gal\/wp-content\/uploads\/2021\/05\/Enigmatica_covina_nun_dos_esteos_do_dolmen_de_Pedra_Vixia._Foto_EDR-300x169.jpg\" class=\"attachment-medium size-medium\" alt=\"Enigmatica covina nun dos esteos do dolmen de Pedra Vixia. Photo EDR\" srcset=\"https:\/\/concellodezas.gal\/wp-content\/uploads\/2021\/05\/Enigmatica_covina_nun_dos_esteos_do_dolmen_de_Pedra_Vixia._Foto_EDR-300x169.jpg 300w, https:\/\/concellodezas.gal\/wp-content\/uploads\/2021\/05\/Enigmatica_covina_nun_dos_esteos_do_dolmen_de_Pedra_Vixia._Foto_EDR-1024x575.jpg 1024w, https:\/\/concellodezas.gal\/wp-content\/uploads\/2021\/05\/Enigmatica_covina_nun_dos_esteos_do_dolmen_de_Pedra_Vixia._Foto_EDR-768x431.jpg 768w, https:\/\/concellodezas.gal\/wp-content\/uploads\/2021\/05\/Enigmatica_covina_nun_dos_esteos_do_dolmen_de_Pedra_Vixia._Foto_EDR-1080x607.jpg 1080w, https:\/\/concellodezas.gal\/wp-content\/uploads\/2021\/05\/Enigmatica_covina_nun_dos_esteos_do_dolmen_de_Pedra_Vixia._Foto_EDR-980x550.jpg 980w, https:\/\/concellodezas.gal\/wp-content\/uploads\/2021\/05\/Enigmatica_covina_nun_dos_esteos_do_dolmen_de_Pedra_Vixia._Foto_EDR-480x270.jpg 480w, https:\/\/concellodezas.gal\/wp-content\/uploads\/2021\/05\/Enigmatica_covina_nun_dos_esteos_do_dolmen_de_Pedra_Vixia._Foto_EDR.jpg 1200w\" sizes=\"(max-width: 300px) 100vw, 300px\" \/><\/a>\n\t\t\t<\/div><\/figure>\n\t\t<\/div>\n\t\t<\/div>\n\t\t\t\t\t\t<\/div>\n\t\t\t\t<\/div>\n\t\t\t\t<\/div>\n\t\t\t\t\t<\/div>\n\t\t\t\t<\/div>\n\t\t<div class=\"elementor-element elementor-element-a78a459 e-con-full e-flex e-con e-parent\" data-id=\"a78a459\" data-element_type=\"container\" data-e-type=\"container\" data-settings=\"{&quot;jet_parallax_layout_list&quot;:[]}\">\n\t\t<div class=\"elementor-element elementor-element-a90376e e-con-full e-flex e-con e-child\" data-id=\"a90376e\" data-element_type=\"container\" data-e-type=\"container\" data-settings=\"{&quot;jet_parallax_layout_list&quot;:[]}\">\n\t\t<div class=\"elementor-element elementor-element-dbdd09a e-con-full e-flex e-con e-child\" data-id=\"dbdd09a\" data-element_type=\"container\" data-e-type=\"container\" data-settings=\"{&quot;jet_parallax_layout_list&quot;:[]}\">\n\t\t<div class=\"elementor-element elementor-element-3dc2629 e-con-full e-flex e-con e-child\" data-id=\"3dc2629\" data-element_type=\"container\" data-e-type=\"container\" data-settings=\"{&quot;background_background&quot;:&quot;classic&quot;,&quot;jet_parallax_layout_list&quot;:[]}\">\n\t\t\t\t<\/div>\n\t\t<div class=\"elementor-element elementor-element-c7c4c04 e-con-full e-flex e-con e-child\" data-id=\"c7c4c04\" data-element_type=\"container\" data-e-type=\"container\" data-settings=\"{&quot;background_background&quot;:&quot;classic&quot;,&quot;jet_parallax_layout_list&quot;:[]}\">\n\t\t\t\t<\/div>\n\t\t<div class=\"elementor-element elementor-element-913040d e-con-full e-flex e-con e-child\" data-id=\"913040d\" data-element_type=\"container\" data-e-type=\"container\" data-settings=\"{&quot;background_background&quot;:&quot;classic&quot;,&quot;jet_parallax_layout_list&quot;:[]}\">\n\t\t\t\t<\/div>\n\t\t<div class=\"elementor-element elementor-element-614f166 e-con-full e-flex e-con e-child\" data-id=\"614f166\" data-element_type=\"container\" data-e-type=\"container\" data-settings=\"{&quot;background_background&quot;:&quot;classic&quot;,&quot;jet_parallax_layout_list&quot;:[]}\">\n\t\t\t\t<\/div>\n\t\t\t\t<\/div>\n\t\t\t\t<\/div>\n\t\t\t\t<\/div>\n\t\t<div class=\"elementor-element elementor-element-43fba4d e-flex e-con-boxed e-con e-parent\" data-id=\"43fba4d\" data-element_type=\"container\" data-e-type=\"container\" data-settings=\"{&quot;jet_parallax_layout_list&quot;:[]}\">\n\t\t\t\t\t<div class=\"e-con-inner\">\n\t\t\t\t<div class=\"elementor-element elementor-element-fd969b2 elementor-widget elementor-widget-heading\" data-id=\"fd969b2\" data-element_type=\"widget\" data-e-type=\"widget\" data-widget_type=\"heading.default\">\n\t\t\t\t\t<h2 class=\"elementor-heading-title elementor-size-default\">The municipal history of the City Council of Zas<\/h2>\t\t\t\t<\/div>\n\t\t\t\t<div class=\"elementor-element elementor-element-551cedd elementor-widget elementor-widget-text-editor\" data-id=\"551cedd\" data-element_type=\"widget\" data-e-type=\"widget\" data-widget_type=\"text-editor.default\">\n\t\t\t\t\t\t\t\t\t<p>The municipal minutes are the administrative memory of the City Council: they collect agreements, expenses, works, elections and incidents of local life. In Zas, the minutes begin in 1852 and have gaps in some periods (e.g., 1853\u20131854; 1856\u20131877; 1896&#8230;), something common until there was a stable Town Hall in 1951. They are, therefore, an &#8220;official&#8221; vision and sometimes biased by the municipal power, but essential to reconstruct our history. Below we show you some of the most remarkable milestones of each era. Later, you can see and download the PDFs of the municipal minutes that describe the municipal history of the City Council of Zas.    <\/p>\t\t\t\t\t\t\t\t<\/div>\n\t\t\t\t\t<\/div>\n\t\t\t\t<\/div>\n\t\t<div class=\"elementor-element elementor-element-a8775bb e-flex e-con-boxed e-con e-parent\" data-id=\"a8775bb\" data-element_type=\"container\" data-e-type=\"container\" data-settings=\"{&quot;jet_parallax_layout_list&quot;:[],&quot;background_background&quot;:&quot;classic&quot;}\">\n\t\t\t\t\t<div class=\"e-con-inner\">\n\t\t\t\t<div class=\"elementor-element elementor-element-0647859 elementor-widget elementor-widget-jet-horizontal-timeline\" data-id=\"0647859\" data-element_type=\"widget\" data-e-type=\"widget\" data-settings=\"{&quot;columns&quot;:3,&quot;columns_tablet&quot;:2,&quot;columns_mobile&quot;:1,&quot;slides_to_scroll&quot;:&quot;1&quot;}\" data-widget_type=\"jet-horizontal-timeline.default\">\n\t\t\t\t<div class=\"elementor-widget-container\">\n\t\t\t\t\t<div class=\"elementor-jet-horizontal-timeline jet-elements\">\n<div class=\"jet-hor-timeline jet-hor-timeline--layout-top jet-hor-timeline--align-center jet-hor-timeline--arrows-nav\">\n\t<div class=\"jet-hor-timeline-inner\">\n\t\t<div class=\"jet-hor-timeline-track\">\n\t\t\t<div class=\"jet-hor-timeline-list jet-hor-timeline-list--top\">\n<div class=\"jet-hor-timeline-item elementor-repeater-item-e33b334 is-active\" data-item-id=\"e33b334\">\n\t\t\t\n<div class=\"jet-hor-timeline-item__card\">\n\t<div class=\"jet-hor-timeline-item__card-inner\">\n\t\t<h3 class=\"jet-hor-timeline-item__card-title\">Birth of the City Council of Zas<\/h3><div class=\"jet-hor-timeline-item__card-desc\">The new municipal division configures Zas as the head due to its central character and good communications, setting its own boundaries and administrative organization.<\/div>\t<\/div>\n\t<\/div>\n\t<\/div>\n\n<div class=\"jet-hor-timeline-item elementor-repeater-item-434fd45\" data-item-id=\"434fd45\">\n\t\t\t\n<div class=\"jet-hor-timeline-item__card\">\n\t<div class=\"jet-hor-timeline-item__card-inner\">\n\t\t<h3 class=\"jet-hor-timeline-item__card-title\">First minutes and standard<\/h3><div class=\"jet-hor-timeline-item__card-desc\">The municipal archive begins with agreements on the pattern of inhabitants and the obligation of nurseries, strengthening fiscal and resource control.<\/div>\t<\/div>\n\t<\/div>\n\t<\/div>\n\n<div class=\"jet-hor-timeline-item elementor-repeater-item-a153400\" data-item-id=\"a153400\">\n\t\t\t\n<div class=\"jet-hor-timeline-item__card\">\n\t<div class=\"jet-hor-timeline-item__card-inner\">\n\t\t<h3 class=\"jet-hor-timeline-item__card-title\">The arrival of Manuel Montero as mayor<\/h3><div class=\"jet-hor-timeline-item__card-desc\">Manuel Montero Torreiro accedes to the mayoralty and inaugurates a long period of family influence in local politics, with the consolidation of a continued power.<\/div>\t<\/div>\n\t<\/div>\n\t<\/div>\n\n<div class=\"jet-hor-timeline-item elementor-repeater-item-9451fce\" data-item-id=\"9451fce\">\n\t\t\t\n<div class=\"jet-hor-timeline-item__card\">\n\t<div class=\"jet-hor-timeline-item__card-inner\">\n\t\t<h3 class=\"jet-hor-timeline-item__card-title\">Road and bridge of Lodoso in Baio<\/h3><div class=\"jet-hor-timeline-item__card-desc\">The works on the Santa Comba-Cacharosa road and the Lodoso bridge boost mobility and trade; The execution mobilizes stonemasons from outside and generates labor conflict.<\/div>\t<\/div>\n\t<\/div>\n\t<\/div>\n\n<div class=\"jet-hor-timeline-item elementor-repeater-item-51d18d0\" data-item-id=\"51d18d0\">\n\t\t\t\n<div class=\"jet-hor-timeline-item__card\">\n\t<div class=\"jet-hor-timeline-item__card-inner\">\n\t\t<h3 class=\"jet-hor-timeline-item__card-title\">Portuguese roads and sawmills<\/h3><div class=\"jet-hor-timeline-item__card-desc\">Road arrangements are progressing and the Baio-Fornelos road is prioritized, while numerous teams of Portuguese sawmillers arrive due to the demand for timber.<\/div>\t<\/div>\n\t<\/div>\n\t<\/div>\n\n<div class=\"jet-hor-timeline-item elementor-repeater-item-272fb4e\" data-item-id=\"272fb4e\">\n\t\t\t\n<div class=\"jet-hor-timeline-item__card\">\n\t<div class=\"jet-hor-timeline-item__card-inner\">\n\t\t<h3 class=\"jet-hor-timeline-item__card-title\">  The Age of the Automobile<\/h3><div class=\"jet-hor-timeline-item__card-desc\">The A Coru\u00f1a-Corcubi\u00f3n and Santiago-Vimianzo bus lines arrive, revolutionizing regional transport with more frequency and competitive fares.<\/div>\t<\/div>\n\t<\/div>\n\t<\/div>\n\n<div class=\"jet-hor-timeline-item elementor-repeater-item-df9ad35\" data-item-id=\"df9ad35\">\n\t\t\t\n<div class=\"jet-hor-timeline-item__card\">\n\t<div class=\"jet-hor-timeline-item__card-inner\">\n\t\t<h3 class=\"jet-hor-timeline-item__card-title\">The Big Flu<\/h3><div class=\"jet-hor-timeline-item__card-desc\">The pandemic multiplies mortality (215 deaths), causes a sharp drop in births and leaves a negative demographic balance in the municipality.<\/div>\t<\/div>\n\t<\/div>\n\t<\/div>\n\n<div class=\"jet-hor-timeline-item elementor-repeater-item-1a3cddc\" data-item-id=\"1a3cddc\">\n\t\t\t\n<div class=\"jet-hor-timeline-item__card\">\n\t<div class=\"jet-hor-timeline-item__card-inner\">\n\t\t<h3 class=\"jet-hor-timeline-item__card-title\">The Diaspora Organizes in Buenos Aires<\/h3><div class=\"jet-hor-timeline-item__card-desc\">Emigrants from the municipality create \"Hijos del Ayuntamiento de Zas\", strengthening ties with the land and supporting cultural and social initiatives.<\/div>\t<\/div>\n\t<\/div>\n\t<\/div>\n\n<div class=\"jet-hor-timeline-item elementor-repeater-item-9bbbb0b\" data-item-id=\"9bbbb0b\">\n\t\t\t\n<div class=\"jet-hor-timeline-item__card\">\n\t<div class=\"jet-hor-timeline-item__card-inner\">\n\t\t<h3 class=\"jet-hor-timeline-item__card-title\">Passion for football: Zas vs Soneira<\/h3><div class=\"jet-hor-timeline-item__card-desc\">The first major derby recorded is played in Baio (5\u20131), consolidating football as a new space for social encounter and local identity.<\/div>\t<\/div>\n\t<\/div>\n\t<\/div>\n\n<div class=\"jet-hor-timeline-item elementor-repeater-item-bcdde67\" data-item-id=\"bcdde67\">\n\t\t\t\n<div class=\"jet-hor-timeline-item__card\">\n\t<div class=\"jet-hor-timeline-item__card-inner\">\n\t\t<h3 class=\"jet-hor-timeline-item__card-title\">The Republic and the School of Fornelos<\/h3><div class=\"jet-hor-timeline-item__card-desc\">With Maximino Montero back in the mayor's office, the city council joins the new republican stage and inaugurates the Fornelos school, the seed of educational modernization.<\/div>\t<\/div>\n\t<\/div>\n\t<\/div>\n\n<div class=\"jet-hor-timeline-item elementor-repeater-item-5529249\" data-item-id=\"5529249\">\n\t\t\t\n<div class=\"jet-hor-timeline-item__card\">\n\t<div class=\"jet-hor-timeline-item__card-inner\">\n\t\t<h3 class=\"jet-hor-timeline-item__card-title\">Military camp in Cacharosa<\/h3><div class=\"jet-hor-timeline-item__card-desc\">A detachment guarded the coast in the context of World War II; The camp was dismantled in 1944 after fulfilling its strategic function.<\/div>\t<\/div>\n\t<\/div>\n\t<\/div>\n\n<div class=\"jet-hor-timeline-item elementor-repeater-item-5e6a393\" data-item-id=\"5e6a393\">\n\t\t\t\n<div class=\"jet-hor-timeline-item__card\">\n\t<div class=\"jet-hor-timeline-item__card-inner\">\n\t\t<h3 class=\"jet-hor-timeline-item__card-title\">New City Hall<\/h3><div class=\"jet-hor-timeline-item__card-desc\">The Town Hall is inaugurated, a quarry building with a portico and turrets, a remarkable work in which the master stonemason Severino Abelenda intervened.<\/div>\t<\/div>\n\t<\/div>\n\t<\/div>\n\n<div class=\"jet-hor-timeline-item elementor-repeater-item-b297fbf\" data-item-id=\"b297fbf\">\n\t\t\t\n<div class=\"jet-hor-timeline-item__card\">\n\t<div class=\"jet-hor-timeline-item__card-inner\">\n\t\t<h3 class=\"jet-hor-timeline-item__card-title\">Agra Regueiro Schools in Baio<\/h3><div class=\"jet-hor-timeline-item__card-desc\">Educational center financed by neighborhood and emigration; The legend \"Costeadas por el pueblo\" symbolizes the collective effort for education.<\/div>\t<\/div>\n\t<\/div>\n\t<\/div>\n\n<div class=\"jet-hor-timeline-item elementor-repeater-item-110bb5d\" data-item-id=\"110bb5d\">\n\t\t\t\n<div class=\"jet-hor-timeline-item__card\">\n\t<div class=\"jet-hor-timeline-item__card-inner\">\n\t\t<h3 class=\"jet-hor-timeline-item__card-title\">Lighting, mechanization and damming<\/h3><div class=\"jet-hor-timeline-item__card-desc\">Baio debuts public lighting and the first tractor appears, while the expropriations by the A Fervenza reservoir transform the rural environment<\/div>\t<\/div>\n\t<\/div>\n\t<\/div>\n\n<div class=\"jet-hor-timeline-item elementor-repeater-item-08d20d5\" data-item-id=\"08d20d5\">\n\t\t\t\n<div class=\"jet-hor-timeline-item__card\">\n\t<div class=\"jet-hor-timeline-item__card-inner\">\n\t\t<h3 class=\"jet-hor-timeline-item__card-title\">The LGE and the regional schools<\/h3><div class=\"jet-hor-timeline-item__card-desc\">The General Education Law promotes schools in Zas and Baio, improving access to secondary education and reducing inequalities in rural areas.<\/div>\t<\/div>\n\t<\/div>\n\t<\/div>\n\n<div class=\"jet-hor-timeline-item elementor-repeater-item-a245d8e\" data-item-id=\"a245d8e\">\n\t\t\t\n<div class=\"jet-hor-timeline-item__card\">\n\t<div class=\"jet-hor-timeline-item__card-inner\">\n\t\t<h3 class=\"jet-hor-timeline-item__card-title\">Political change: Cortizo mayor<\/h3><div class=\"jet-hor-timeline-item__card-desc\">The long 'monterista' hegemony ends and Antonio Cortizo joins, marking a significant relief in municipal governance.<\/div>\t<\/div>\n\t<\/div>\n\t<\/div>\n\n<div class=\"jet-hor-timeline-item elementor-repeater-item-6b1db83\" data-item-id=\"6b1db83\">\n\t\t\t\n<div class=\"jet-hor-timeline-item__card\">\n\t<div class=\"jet-hor-timeline-item__card-inner\">\n\t\t<h3 class=\"jet-hor-timeline-item__card-title\">Supreme Court ruling and telephony<\/h3><div class=\"jet-hor-timeline-item__card-desc\">The Supreme Court recognizes the rights of Luis Cereijo after decades of service; At the same time, the city council insists on having a telephone exchange in Zas.<\/div>\t<\/div>\n\t<\/div>\n\t<\/div>\n<\/div>\t\t\t<div class=\"jet-hor-timeline-list jet-hor-timeline-list--middle\">\n\t<div class=\"jet-hor-timeline__line\"><\/div>\n\n<div class=\"jet-hor-timeline-item elementor-repeater-item-e33b334 is-active\" data-item-id=\"e33b334\">\n\t<div class=\"jet-hor-timeline-item__point\"><div class=\"jet-hor-timeline-item__point-content\"><span class=\"jet-elements-icon\"><svg aria-hidden=\"true\" class=\"e-font-icon-svg e-fas-calendar-alt\" viewBox=\"0 0 448 512\" xmlns=\"http:\/\/www.w3.org\/2000\/svg\"><path d=\"M0 464c0 26.5 21.5 48 48 48h352c26.5 0 48-21.5 48-48V192H0v272zm320-196c0-6.6 5.4-12 12-12h40c6.6 0 12 5.4 12 12v40c0 6.6-5.4 12-12 12h-40c-6.6 0-12-5.4-12-12v-40zm0 128c0-6.6 5.4-12 12-12h40c6.6 0 12 5.4 12 12v40c0 6.6-5.4 12-12 12h-40c-6.6 0-12-5.4-12-12v-40zM192 268c0-6.6 5.4-12 12-12h40c6.6 0 12 5.4 12 12v40c0 6.6-5.4 12-12 12h-40c-6.6 0-12-5.4-12-12v-40zm0 128c0-6.6 5.4-12 12-12h40c6.6 0 12 5.4 12 12v40c0 6.6-5.4 12-12 12h-40c-6.6 0-12-5.4-12-12v-40zM64 268c0-6.6 5.4-12 12-12h40c6.6 0 12 5.4 12 12v40c0 6.6-5.4 12-12 12H76c-6.6 0-12-5.4-12-12v-40zm0 128c0-6.6 5.4-12 12-12h40c6.6 0 12 5.4 12 12v40c0 6.6-5.4 12-12 12H76c-6.6 0-12-5.4-12-12v-40zM400 64h-48V16c0-8.8-7.2-16-16-16h-32c-8.8 0-16 7.2-16 16v48H160V16c0-8.8-7.2-16-16-16h-32c-8.8 0-16 7.2-16 16v48H48C21.5 64 0 85.5 0 112v48h448v-48c0-26.5-21.5-48-48-48z\"><\/path><\/svg><\/span><\/div><\/div><\/div>\n\n<div class=\"jet-hor-timeline-item elementor-repeater-item-434fd45\" data-item-id=\"434fd45\">\n\t<div class=\"jet-hor-timeline-item__point\"><div class=\"jet-hor-timeline-item__point-content\"><span class=\"jet-elements-icon\"><svg aria-hidden=\"true\" class=\"e-font-icon-svg e-fas-calendar-alt\" viewBox=\"0 0 448 512\" xmlns=\"http:\/\/www.w3.org\/2000\/svg\"><path d=\"M0 464c0 26.5 21.5 48 48 48h352c26.5 0 48-21.5 48-48V192H0v272zm320-196c0-6.6 5.4-12 12-12h40c6.6 0 12 5.4 12 12v40c0 6.6-5.4 12-12 12h-40c-6.6 0-12-5.4-12-12v-40zm0 128c0-6.6 5.4-12 12-12h40c6.6 0 12 5.4 12 12v40c0 6.6-5.4 12-12 12h-40c-6.6 0-12-5.4-12-12v-40zM192 268c0-6.6 5.4-12 12-12h40c6.6 0 12 5.4 12 12v40c0 6.6-5.4 12-12 12h-40c-6.6 0-12-5.4-12-12v-40zm0 128c0-6.6 5.4-12 12-12h40c6.6 0 12 5.4 12 12v40c0 6.6-5.4 12-12 12h-40c-6.6 0-12-5.4-12-12v-40zM64 268c0-6.6 5.4-12 12-12h40c6.6 0 12 5.4 12 12v40c0 6.6-5.4 12-12 12H76c-6.6 0-12-5.4-12-12v-40zm0 128c0-6.6 5.4-12 12-12h40c6.6 0 12 5.4 12 12v40c0 6.6-5.4 12-12 12H76c-6.6 0-12-5.4-12-12v-40zM400 64h-48V16c0-8.8-7.2-16-16-16h-32c-8.8 0-16 7.2-16 16v48H160V16c0-8.8-7.2-16-16-16h-32c-8.8 0-16 7.2-16 16v48H48C21.5 64 0 85.5 0 112v48h448v-48c0-26.5-21.5-48-48-48z\"><\/path><\/svg><\/span><\/div><\/div><\/div>\n\n<div class=\"jet-hor-timeline-item elementor-repeater-item-a153400\" data-item-id=\"a153400\">\n\t<div class=\"jet-hor-timeline-item__point\"><div class=\"jet-hor-timeline-item__point-content\"><span class=\"jet-elements-icon\"><svg aria-hidden=\"true\" class=\"e-font-icon-svg e-fas-calendar-alt\" viewBox=\"0 0 448 512\" xmlns=\"http:\/\/www.w3.org\/2000\/svg\"><path d=\"M0 464c0 26.5 21.5 48 48 48h352c26.5 0 48-21.5 48-48V192H0v272zm320-196c0-6.6 5.4-12 12-12h40c6.6 0 12 5.4 12 12v40c0 6.6-5.4 12-12 12h-40c-6.6 0-12-5.4-12-12v-40zm0 128c0-6.6 5.4-12 12-12h40c6.6 0 12 5.4 12 12v40c0 6.6-5.4 12-12 12h-40c-6.6 0-12-5.4-12-12v-40zM192 268c0-6.6 5.4-12 12-12h40c6.6 0 12 5.4 12 12v40c0 6.6-5.4 12-12 12h-40c-6.6 0-12-5.4-12-12v-40zm0 128c0-6.6 5.4-12 12-12h40c6.6 0 12 5.4 12 12v40c0 6.6-5.4 12-12 12h-40c-6.6 0-12-5.4-12-12v-40zM64 268c0-6.6 5.4-12 12-12h40c6.6 0 12 5.4 12 12v40c0 6.6-5.4 12-12 12H76c-6.6 0-12-5.4-12-12v-40zm0 128c0-6.6 5.4-12 12-12h40c6.6 0 12 5.4 12 12v40c0 6.6-5.4 12-12 12H76c-6.6 0-12-5.4-12-12v-40zM400 64h-48V16c0-8.8-7.2-16-16-16h-32c-8.8 0-16 7.2-16 16v48H160V16c0-8.8-7.2-16-16-16h-32c-8.8 0-16 7.2-16 16v48H48C21.5 64 0 85.5 0 112v48h448v-48c0-26.5-21.5-48-48-48z\"><\/path><\/svg><\/span><\/div><\/div><\/div>\n\n<div class=\"jet-hor-timeline-item elementor-repeater-item-9451fce\" data-item-id=\"9451fce\">\n\t<div class=\"jet-hor-timeline-item__point\"><div class=\"jet-hor-timeline-item__point-content\"><span class=\"jet-elements-icon\"><svg aria-hidden=\"true\" class=\"e-font-icon-svg e-fas-calendar-alt\" viewBox=\"0 0 448 512\" xmlns=\"http:\/\/www.w3.org\/2000\/svg\"><path d=\"M0 464c0 26.5 21.5 48 48 48h352c26.5 0 48-21.5 48-48V192H0v272zm320-196c0-6.6 5.4-12 12-12h40c6.6 0 12 5.4 12 12v40c0 6.6-5.4 12-12 12h-40c-6.6 0-12-5.4-12-12v-40zm0 128c0-6.6 5.4-12 12-12h40c6.6 0 12 5.4 12 12v40c0 6.6-5.4 12-12 12h-40c-6.6 0-12-5.4-12-12v-40zM192 268c0-6.6 5.4-12 12-12h40c6.6 0 12 5.4 12 12v40c0 6.6-5.4 12-12 12h-40c-6.6 0-12-5.4-12-12v-40zm0 128c0-6.6 5.4-12 12-12h40c6.6 0 12 5.4 12 12v40c0 6.6-5.4 12-12 12h-40c-6.6 0-12-5.4-12-12v-40zM64 268c0-6.6 5.4-12 12-12h40c6.6 0 12 5.4 12 12v40c0 6.6-5.4 12-12 12H76c-6.6 0-12-5.4-12-12v-40zm0 128c0-6.6 5.4-12 12-12h40c6.6 0 12 5.4 12 12v40c0 6.6-5.4 12-12 12H76c-6.6 0-12-5.4-12-12v-40zM400 64h-48V16c0-8.8-7.2-16-16-16h-32c-8.8 0-16 7.2-16 16v48H160V16c0-8.8-7.2-16-16-16h-32c-8.8 0-16 7.2-16 16v48H48C21.5 64 0 85.5 0 112v48h448v-48c0-26.5-21.5-48-48-48z\"><\/path><\/svg><\/span><\/div><\/div><\/div>\n\n<div class=\"jet-hor-timeline-item elementor-repeater-item-51d18d0\" data-item-id=\"51d18d0\">\n\t<div class=\"jet-hor-timeline-item__point\"><div class=\"jet-hor-timeline-item__point-content\"><span class=\"jet-elements-icon\"><svg aria-hidden=\"true\" class=\"e-font-icon-svg e-fas-calendar-alt\" viewBox=\"0 0 448 512\" xmlns=\"http:\/\/www.w3.org\/2000\/svg\"><path d=\"M0 464c0 26.5 21.5 48 48 48h352c26.5 0 48-21.5 48-48V192H0v272zm320-196c0-6.6 5.4-12 12-12h40c6.6 0 12 5.4 12 12v40c0 6.6-5.4 12-12 12h-40c-6.6 0-12-5.4-12-12v-40zm0 128c0-6.6 5.4-12 12-12h40c6.6 0 12 5.4 12 12v40c0 6.6-5.4 12-12 12h-40c-6.6 0-12-5.4-12-12v-40zM192 268c0-6.6 5.4-12 12-12h40c6.6 0 12 5.4 12 12v40c0 6.6-5.4 12-12 12h-40c-6.6 0-12-5.4-12-12v-40zm0 128c0-6.6 5.4-12 12-12h40c6.6 0 12 5.4 12 12v40c0 6.6-5.4 12-12 12h-40c-6.6 0-12-5.4-12-12v-40zM64 268c0-6.6 5.4-12 12-12h40c6.6 0 12 5.4 12 12v40c0 6.6-5.4 12-12 12H76c-6.6 0-12-5.4-12-12v-40zm0 128c0-6.6 5.4-12 12-12h40c6.6 0 12 5.4 12 12v40c0 6.6-5.4 12-12 12H76c-6.6 0-12-5.4-12-12v-40zM400 64h-48V16c0-8.8-7.2-16-16-16h-32c-8.8 0-16 7.2-16 16v48H160V16c0-8.8-7.2-16-16-16h-32c-8.8 0-16 7.2-16 16v48H48C21.5 64 0 85.5 0 112v48h448v-48c0-26.5-21.5-48-48-48z\"><\/path><\/svg><\/span><\/div><\/div><\/div>\n\n<div class=\"jet-hor-timeline-item elementor-repeater-item-272fb4e\" data-item-id=\"272fb4e\">\n\t<div class=\"jet-hor-timeline-item__point\"><div class=\"jet-hor-timeline-item__point-content\"><span class=\"jet-elements-icon\"><svg aria-hidden=\"true\" class=\"e-font-icon-svg e-fas-calendar-alt\" viewBox=\"0 0 448 512\" xmlns=\"http:\/\/www.w3.org\/2000\/svg\"><path d=\"M0 464c0 26.5 21.5 48 48 48h352c26.5 0 48-21.5 48-48V192H0v272zm320-196c0-6.6 5.4-12 12-12h40c6.6 0 12 5.4 12 12v40c0 6.6-5.4 12-12 12h-40c-6.6 0-12-5.4-12-12v-40zm0 128c0-6.6 5.4-12 12-12h40c6.6 0 12 5.4 12 12v40c0 6.6-5.4 12-12 12h-40c-6.6 0-12-5.4-12-12v-40zM192 268c0-6.6 5.4-12 12-12h40c6.6 0 12 5.4 12 12v40c0 6.6-5.4 12-12 12h-40c-6.6 0-12-5.4-12-12v-40zm0 128c0-6.6 5.4-12 12-12h40c6.6 0 12 5.4 12 12v40c0 6.6-5.4 12-12 12h-40c-6.6 0-12-5.4-12-12v-40zM64 268c0-6.6 5.4-12 12-12h40c6.6 0 12 5.4 12 12v40c0 6.6-5.4 12-12 12H76c-6.6 0-12-5.4-12-12v-40zm0 128c0-6.6 5.4-12 12-12h40c6.6 0 12 5.4 12 12v40c0 6.6-5.4 12-12 12H76c-6.6 0-12-5.4-12-12v-40zM400 64h-48V16c0-8.8-7.2-16-16-16h-32c-8.8 0-16 7.2-16 16v48H160V16c0-8.8-7.2-16-16-16h-32c-8.8 0-16 7.2-16 16v48H48C21.5 64 0 85.5 0 112v48h448v-48c0-26.5-21.5-48-48-48z\"><\/path><\/svg><\/span><\/div><\/div><\/div>\n\n<div class=\"jet-hor-timeline-item elementor-repeater-item-df9ad35\" data-item-id=\"df9ad35\">\n\t<div class=\"jet-hor-timeline-item__point\"><div class=\"jet-hor-timeline-item__point-content\"><span class=\"jet-elements-icon\"><svg aria-hidden=\"true\" class=\"e-font-icon-svg e-fas-calendar-alt\" viewBox=\"0 0 448 512\" xmlns=\"http:\/\/www.w3.org\/2000\/svg\"><path d=\"M0 464c0 26.5 21.5 48 48 48h352c26.5 0 48-21.5 48-48V192H0v272zm320-196c0-6.6 5.4-12 12-12h40c6.6 0 12 5.4 12 12v40c0 6.6-5.4 12-12 12h-40c-6.6 0-12-5.4-12-12v-40zm0 128c0-6.6 5.4-12 12-12h40c6.6 0 12 5.4 12 12v40c0 6.6-5.4 12-12 12h-40c-6.6 0-12-5.4-12-12v-40zM192 268c0-6.6 5.4-12 12-12h40c6.6 0 12 5.4 12 12v40c0 6.6-5.4 12-12 12h-40c-6.6 0-12-5.4-12-12v-40zm0 128c0-6.6 5.4-12 12-12h40c6.6 0 12 5.4 12 12v40c0 6.6-5.4 12-12 12h-40c-6.6 0-12-5.4-12-12v-40zM64 268c0-6.6 5.4-12 12-12h40c6.6 0 12 5.4 12 12v40c0 6.6-5.4 12-12 12H76c-6.6 0-12-5.4-12-12v-40zm0 128c0-6.6 5.4-12 12-12h40c6.6 0 12 5.4 12 12v40c0 6.6-5.4 12-12 12H76c-6.6 0-12-5.4-12-12v-40zM400 64h-48V16c0-8.8-7.2-16-16-16h-32c-8.8 0-16 7.2-16 16v48H160V16c0-8.8-7.2-16-16-16h-32c-8.8 0-16 7.2-16 16v48H48C21.5 64 0 85.5 0 112v48h448v-48c0-26.5-21.5-48-48-48z\"><\/path><\/svg><\/span><\/div><\/div><\/div>\n\n<div class=\"jet-hor-timeline-item elementor-repeater-item-1a3cddc\" data-item-id=\"1a3cddc\">\n\t<div class=\"jet-hor-timeline-item__point\"><div class=\"jet-hor-timeline-item__point-content\"><span class=\"jet-elements-icon\"><svg aria-hidden=\"true\" class=\"e-font-icon-svg e-fas-calendar-alt\" viewBox=\"0 0 448 512\" xmlns=\"http:\/\/www.w3.org\/2000\/svg\"><path d=\"M0 464c0 26.5 21.5 48 48 48h352c26.5 0 48-21.5 48-48V192H0v272zm320-196c0-6.6 5.4-12 12-12h40c6.6 0 12 5.4 12 12v40c0 6.6-5.4 12-12 12h-40c-6.6 0-12-5.4-12-12v-40zm0 128c0-6.6 5.4-12 12-12h40c6.6 0 12 5.4 12 12v40c0 6.6-5.4 12-12 12h-40c-6.6 0-12-5.4-12-12v-40zM192 268c0-6.6 5.4-12 12-12h40c6.6 0 12 5.4 12 12v40c0 6.6-5.4 12-12 12h-40c-6.6 0-12-5.4-12-12v-40zm0 128c0-6.6 5.4-12 12-12h40c6.6 0 12 5.4 12 12v40c0 6.6-5.4 12-12 12h-40c-6.6 0-12-5.4-12-12v-40zM64 268c0-6.6 5.4-12 12-12h40c6.6 0 12 5.4 12 12v40c0 6.6-5.4 12-12 12H76c-6.6 0-12-5.4-12-12v-40zm0 128c0-6.6 5.4-12 12-12h40c6.6 0 12 5.4 12 12v40c0 6.6-5.4 12-12 12H76c-6.6 0-12-5.4-12-12v-40zM400 64h-48V16c0-8.8-7.2-16-16-16h-32c-8.8 0-16 7.2-16 16v48H160V16c0-8.8-7.2-16-16-16h-32c-8.8 0-16 7.2-16 16v48H48C21.5 64 0 85.5 0 112v48h448v-48c0-26.5-21.5-48-48-48z\"><\/path><\/svg><\/span><\/div><\/div><\/div>\n\n<div class=\"jet-hor-timeline-item elementor-repeater-item-9bbbb0b\" data-item-id=\"9bbbb0b\">\n\t<div class=\"jet-hor-timeline-item__point\"><div class=\"jet-hor-timeline-item__point-content\"><span class=\"jet-elements-icon\"><svg aria-hidden=\"true\" class=\"e-font-icon-svg e-fas-calendar-alt\" viewBox=\"0 0 448 512\" xmlns=\"http:\/\/www.w3.org\/2000\/svg\"><path d=\"M0 464c0 26.5 21.5 48 48 48h352c26.5 0 48-21.5 48-48V192H0v272zm320-196c0-6.6 5.4-12 12-12h40c6.6 0 12 5.4 12 12v40c0 6.6-5.4 12-12 12h-40c-6.6 0-12-5.4-12-12v-40zm0 128c0-6.6 5.4-12 12-12h40c6.6 0 12 5.4 12 12v40c0 6.6-5.4 12-12 12h-40c-6.6 0-12-5.4-12-12v-40zM192 268c0-6.6 5.4-12 12-12h40c6.6 0 12 5.4 12 12v40c0 6.6-5.4 12-12 12h-40c-6.6 0-12-5.4-12-12v-40zm0 128c0-6.6 5.4-12 12-12h40c6.6 0 12 5.4 12 12v40c0 6.6-5.4 12-12 12h-40c-6.6 0-12-5.4-12-12v-40zM64 268c0-6.6 5.4-12 12-12h40c6.6 0 12 5.4 12 12v40c0 6.6-5.4 12-12 12H76c-6.6 0-12-5.4-12-12v-40zm0 128c0-6.6 5.4-12 12-12h40c6.6 0 12 5.4 12 12v40c0 6.6-5.4 12-12 12H76c-6.6 0-12-5.4-12-12v-40zM400 64h-48V16c0-8.8-7.2-16-16-16h-32c-8.8 0-16 7.2-16 16v48H160V16c0-8.8-7.2-16-16-16h-32c-8.8 0-16 7.2-16 16v48H48C21.5 64 0 85.5 0 112v48h448v-48c0-26.5-21.5-48-48-48z\"><\/path><\/svg><\/span><\/div><\/div><\/div>\n\n<div class=\"jet-hor-timeline-item elementor-repeater-item-bcdde67\" data-item-id=\"bcdde67\">\n\t<div class=\"jet-hor-timeline-item__point\"><div class=\"jet-hor-timeline-item__point-content\"><span class=\"jet-elements-icon\"><svg aria-hidden=\"true\" class=\"e-font-icon-svg e-fas-calendar-alt\" viewBox=\"0 0 448 512\" xmlns=\"http:\/\/www.w3.org\/2000\/svg\"><path d=\"M0 464c0 26.5 21.5 48 48 48h352c26.5 0 48-21.5 48-48V192H0v272zm320-196c0-6.6 5.4-12 12-12h40c6.6 0 12 5.4 12 12v40c0 6.6-5.4 12-12 12h-40c-6.6 0-12-5.4-12-12v-40zm0 128c0-6.6 5.4-12 12-12h40c6.6 0 12 5.4 12 12v40c0 6.6-5.4 12-12 12h-40c-6.6 0-12-5.4-12-12v-40zM192 268c0-6.6 5.4-12 12-12h40c6.6 0 12 5.4 12 12v40c0 6.6-5.4 12-12 12h-40c-6.6 0-12-5.4-12-12v-40zm0 128c0-6.6 5.4-12 12-12h40c6.6 0 12 5.4 12 12v40c0 6.6-5.4 12-12 12h-40c-6.6 0-12-5.4-12-12v-40zM64 268c0-6.6 5.4-12 12-12h40c6.6 0 12 5.4 12 12v40c0 6.6-5.4 12-12 12H76c-6.6 0-12-5.4-12-12v-40zm0 128c0-6.6 5.4-12 12-12h40c6.6 0 12 5.4 12 12v40c0 6.6-5.4 12-12 12H76c-6.6 0-12-5.4-12-12v-40zM400 64h-48V16c0-8.8-7.2-16-16-16h-32c-8.8 0-16 7.2-16 16v48H160V16c0-8.8-7.2-16-16-16h-32c-8.8 0-16 7.2-16 16v48H48C21.5 64 0 85.5 0 112v48h448v-48c0-26.5-21.5-48-48-48z\"><\/path><\/svg><\/span><\/div><\/div><\/div>\n\n<div class=\"jet-hor-timeline-item elementor-repeater-item-5529249\" data-item-id=\"5529249\">\n\t<div class=\"jet-hor-timeline-item__point\"><div class=\"jet-hor-timeline-item__point-content\"><span class=\"jet-elements-icon\"><svg aria-hidden=\"true\" class=\"e-font-icon-svg e-fas-calendar-alt\" viewBox=\"0 0 448 512\" xmlns=\"http:\/\/www.w3.org\/2000\/svg\"><path d=\"M0 464c0 26.5 21.5 48 48 48h352c26.5 0 48-21.5 48-48V192H0v272zm320-196c0-6.6 5.4-12 12-12h40c6.6 0 12 5.4 12 12v40c0 6.6-5.4 12-12 12h-40c-6.6 0-12-5.4-12-12v-40zm0 128c0-6.6 5.4-12 12-12h40c6.6 0 12 5.4 12 12v40c0 6.6-5.4 12-12 12h-40c-6.6 0-12-5.4-12-12v-40zM192 268c0-6.6 5.4-12 12-12h40c6.6 0 12 5.4 12 12v40c0 6.6-5.4 12-12 12h-40c-6.6 0-12-5.4-12-12v-40zm0 128c0-6.6 5.4-12 12-12h40c6.6 0 12 5.4 12 12v40c0 6.6-5.4 12-12 12h-40c-6.6 0-12-5.4-12-12v-40zM64 268c0-6.6 5.4-12 12-12h40c6.6 0 12 5.4 12 12v40c0 6.6-5.4 12-12 12H76c-6.6 0-12-5.4-12-12v-40zm0 128c0-6.6 5.4-12 12-12h40c6.6 0 12 5.4 12 12v40c0 6.6-5.4 12-12 12H76c-6.6 0-12-5.4-12-12v-40zM400 64h-48V16c0-8.8-7.2-16-16-16h-32c-8.8 0-16 7.2-16 16v48H160V16c0-8.8-7.2-16-16-16h-32c-8.8 0-16 7.2-16 16v48H48C21.5 64 0 85.5 0 112v48h448v-48c0-26.5-21.5-48-48-48z\"><\/path><\/svg><\/span><\/div><\/div><\/div>\n\n<div class=\"jet-hor-timeline-item elementor-repeater-item-5e6a393\" data-item-id=\"5e6a393\">\n\t<div class=\"jet-hor-timeline-item__point\"><div class=\"jet-hor-timeline-item__point-content\"><span class=\"jet-elements-icon\"><svg aria-hidden=\"true\" class=\"e-font-icon-svg e-fas-calendar-alt\" viewBox=\"0 0 448 512\" xmlns=\"http:\/\/www.w3.org\/2000\/svg\"><path d=\"M0 464c0 26.5 21.5 48 48 48h352c26.5 0 48-21.5 48-48V192H0v272zm320-196c0-6.6 5.4-12 12-12h40c6.6 0 12 5.4 12 12v40c0 6.6-5.4 12-12 12h-40c-6.6 0-12-5.4-12-12v-40zm0 128c0-6.6 5.4-12 12-12h40c6.6 0 12 5.4 12 12v40c0 6.6-5.4 12-12 12h-40c-6.6 0-12-5.4-12-12v-40zM192 268c0-6.6 5.4-12 12-12h40c6.6 0 12 5.4 12 12v40c0 6.6-5.4 12-12 12h-40c-6.6 0-12-5.4-12-12v-40zm0 128c0-6.6 5.4-12 12-12h40c6.6 0 12 5.4 12 12v40c0 6.6-5.4 12-12 12h-40c-6.6 0-12-5.4-12-12v-40zM64 268c0-6.6 5.4-12 12-12h40c6.6 0 12 5.4 12 12v40c0 6.6-5.4 12-12 12H76c-6.6 0-12-5.4-12-12v-40zm0 128c0-6.6 5.4-12 12-12h40c6.6 0 12 5.4 12 12v40c0 6.6-5.4 12-12 12H76c-6.6 0-12-5.4-12-12v-40zM400 64h-48V16c0-8.8-7.2-16-16-16h-32c-8.8 0-16 7.2-16 16v48H160V16c0-8.8-7.2-16-16-16h-32c-8.8 0-16 7.2-16 16v48H48C21.5 64 0 85.5 0 112v48h448v-48c0-26.5-21.5-48-48-48z\"><\/path><\/svg><\/span><\/div><\/div><\/div>\n\n<div class=\"jet-hor-timeline-item elementor-repeater-item-b297fbf\" data-item-id=\"b297fbf\">\n\t<div class=\"jet-hor-timeline-item__point\"><div class=\"jet-hor-timeline-item__point-content\"><span class=\"jet-elements-icon\"><svg aria-hidden=\"true\" class=\"e-font-icon-svg e-fas-calendar-alt\" viewBox=\"0 0 448 512\" xmlns=\"http:\/\/www.w3.org\/2000\/svg\"><path d=\"M0 464c0 26.5 21.5 48 48 48h352c26.5 0 48-21.5 48-48V192H0v272zm320-196c0-6.6 5.4-12 12-12h40c6.6 0 12 5.4 12 12v40c0 6.6-5.4 12-12 12h-40c-6.6 0-12-5.4-12-12v-40zm0 128c0-6.6 5.4-12 12-12h40c6.6 0 12 5.4 12 12v40c0 6.6-5.4 12-12 12h-40c-6.6 0-12-5.4-12-12v-40zM192 268c0-6.6 5.4-12 12-12h40c6.6 0 12 5.4 12 12v40c0 6.6-5.4 12-12 12h-40c-6.6 0-12-5.4-12-12v-40zm0 128c0-6.6 5.4-12 12-12h40c6.6 0 12 5.4 12 12v40c0 6.6-5.4 12-12 12h-40c-6.6 0-12-5.4-12-12v-40zM64 268c0-6.6 5.4-12 12-12h40c6.6 0 12 5.4 12 12v40c0 6.6-5.4 12-12 12H76c-6.6 0-12-5.4-12-12v-40zm0 128c0-6.6 5.4-12 12-12h40c6.6 0 12 5.4 12 12v40c0 6.6-5.4 12-12 12H76c-6.6 0-12-5.4-12-12v-40zM400 64h-48V16c0-8.8-7.2-16-16-16h-32c-8.8 0-16 7.2-16 16v48H160V16c0-8.8-7.2-16-16-16h-32c-8.8 0-16 7.2-16 16v48H48C21.5 64 0 85.5 0 112v48h448v-48c0-26.5-21.5-48-48-48z\"><\/path><\/svg><\/span><\/div><\/div><\/div>\n\n<div class=\"jet-hor-timeline-item elementor-repeater-item-110bb5d\" data-item-id=\"110bb5d\">\n\t<div class=\"jet-hor-timeline-item__point\"><div class=\"jet-hor-timeline-item__point-content\"><span class=\"jet-elements-icon\"><svg aria-hidden=\"true\" class=\"e-font-icon-svg e-fas-calendar-alt\" viewBox=\"0 0 448 512\" xmlns=\"http:\/\/www.w3.org\/2000\/svg\"><path d=\"M0 464c0 26.5 21.5 48 48 48h352c26.5 0 48-21.5 48-48V192H0v272zm320-196c0-6.6 5.4-12 12-12h40c6.6 0 12 5.4 12 12v40c0 6.6-5.4 12-12 12h-40c-6.6 0-12-5.4-12-12v-40zm0 128c0-6.6 5.4-12 12-12h40c6.6 0 12 5.4 12 12v40c0 6.6-5.4 12-12 12h-40c-6.6 0-12-5.4-12-12v-40zM192 268c0-6.6 5.4-12 12-12h40c6.6 0 12 5.4 12 12v40c0 6.6-5.4 12-12 12h-40c-6.6 0-12-5.4-12-12v-40zm0 128c0-6.6 5.4-12 12-12h40c6.6 0 12 5.4 12 12v40c0 6.6-5.4 12-12 12h-40c-6.6 0-12-5.4-12-12v-40zM64 268c0-6.6 5.4-12 12-12h40c6.6 0 12 5.4 12 12v40c0 6.6-5.4 12-12 12H76c-6.6 0-12-5.4-12-12v-40zm0 128c0-6.6 5.4-12 12-12h40c6.6 0 12 5.4 12 12v40c0 6.6-5.4 12-12 12H76c-6.6 0-12-5.4-12-12v-40zM400 64h-48V16c0-8.8-7.2-16-16-16h-32c-8.8 0-16 7.2-16 16v48H160V16c0-8.8-7.2-16-16-16h-32c-8.8 0-16 7.2-16 16v48H48C21.5 64 0 85.5 0 112v48h448v-48c0-26.5-21.5-48-48-48z\"><\/path><\/svg><\/span><\/div><\/div><\/div>\n\n<div class=\"jet-hor-timeline-item elementor-repeater-item-08d20d5\" data-item-id=\"08d20d5\">\n\t<div class=\"jet-hor-timeline-item__point\"><div class=\"jet-hor-timeline-item__point-content\"><span class=\"jet-elements-icon\"><svg aria-hidden=\"true\" class=\"e-font-icon-svg e-fas-calendar-alt\" viewBox=\"0 0 448 512\" xmlns=\"http:\/\/www.w3.org\/2000\/svg\"><path d=\"M0 464c0 26.5 21.5 48 48 48h352c26.5 0 48-21.5 48-48V192H0v272zm320-196c0-6.6 5.4-12 12-12h40c6.6 0 12 5.4 12 12v40c0 6.6-5.4 12-12 12h-40c-6.6 0-12-5.4-12-12v-40zm0 128c0-6.6 5.4-12 12-12h40c6.6 0 12 5.4 12 12v40c0 6.6-5.4 12-12 12h-40c-6.6 0-12-5.4-12-12v-40zM192 268c0-6.6 5.4-12 12-12h40c6.6 0 12 5.4 12 12v40c0 6.6-5.4 12-12 12h-40c-6.6 0-12-5.4-12-12v-40zm0 128c0-6.6 5.4-12 12-12h40c6.6 0 12 5.4 12 12v40c0 6.6-5.4 12-12 12h-40c-6.6 0-12-5.4-12-12v-40zM64 268c0-6.6 5.4-12 12-12h40c6.6 0 12 5.4 12 12v40c0 6.6-5.4 12-12 12H76c-6.6 0-12-5.4-12-12v-40zm0 128c0-6.6 5.4-12 12-12h40c6.6 0 12 5.4 12 12v40c0 6.6-5.4 12-12 12H76c-6.6 0-12-5.4-12-12v-40zM400 64h-48V16c0-8.8-7.2-16-16-16h-32c-8.8 0-16 7.2-16 16v48H160V16c0-8.8-7.2-16-16-16h-32c-8.8 0-16 7.2-16 16v48H48C21.5 64 0 85.5 0 112v48h448v-48c0-26.5-21.5-48-48-48z\"><\/path><\/svg><\/span><\/div><\/div><\/div>\n\n<div class=\"jet-hor-timeline-item elementor-repeater-item-a245d8e\" data-item-id=\"a245d8e\">\n\t<div class=\"jet-hor-timeline-item__point\"><div class=\"jet-hor-timeline-item__point-content\"><span class=\"jet-elements-icon\"><svg aria-hidden=\"true\" class=\"e-font-icon-svg e-fas-calendar-alt\" viewBox=\"0 0 448 512\" xmlns=\"http:\/\/www.w3.org\/2000\/svg\"><path d=\"M0 464c0 26.5 21.5 48 48 48h352c26.5 0 48-21.5 48-48V192H0v272zm320-196c0-6.6 5.4-12 12-12h40c6.6 0 12 5.4 12 12v40c0 6.6-5.4 12-12 12h-40c-6.6 0-12-5.4-12-12v-40zm0 128c0-6.6 5.4-12 12-12h40c6.6 0 12 5.4 12 12v40c0 6.6-5.4 12-12 12h-40c-6.6 0-12-5.4-12-12v-40zM192 268c0-6.6 5.4-12 12-12h40c6.6 0 12 5.4 12 12v40c0 6.6-5.4 12-12 12h-40c-6.6 0-12-5.4-12-12v-40zm0 128c0-6.6 5.4-12 12-12h40c6.6 0 12 5.4 12 12v40c0 6.6-5.4 12-12 12h-40c-6.6 0-12-5.4-12-12v-40zM64 268c0-6.6 5.4-12 12-12h40c6.6 0 12 5.4 12 12v40c0 6.6-5.4 12-12 12H76c-6.6 0-12-5.4-12-12v-40zm0 128c0-6.6 5.4-12 12-12h40c6.6 0 12 5.4 12 12v40c0 6.6-5.4 12-12 12H76c-6.6 0-12-5.4-12-12v-40zM400 64h-48V16c0-8.8-7.2-16-16-16h-32c-8.8 0-16 7.2-16 16v48H160V16c0-8.8-7.2-16-16-16h-32c-8.8 0-16 7.2-16 16v48H48C21.5 64 0 85.5 0 112v48h448v-48c0-26.5-21.5-48-48-48z\"><\/path><\/svg><\/span><\/div><\/div><\/div>\n\n<div class=\"jet-hor-timeline-item elementor-repeater-item-6b1db83\" data-item-id=\"6b1db83\">\n\t<div class=\"jet-hor-timeline-item__point\"><div class=\"jet-hor-timeline-item__point-content\"><span class=\"jet-elements-icon\"><svg aria-hidden=\"true\" class=\"e-font-icon-svg e-fas-calendar-alt\" viewBox=\"0 0 448 512\" xmlns=\"http:\/\/www.w3.org\/2000\/svg\"><path d=\"M0 464c0 26.5 21.5 48 48 48h352c26.5 0 48-21.5 48-48V192H0v272zm320-196c0-6.6 5.4-12 12-12h40c6.6 0 12 5.4 12 12v40c0 6.6-5.4 12-12 12h-40c-6.6 0-12-5.4-12-12v-40zm0 128c0-6.6 5.4-12 12-12h40c6.6 0 12 5.4 12 12v40c0 6.6-5.4 12-12 12h-40c-6.6 0-12-5.4-12-12v-40zM192 268c0-6.6 5.4-12 12-12h40c6.6 0 12 5.4 12 12v40c0 6.6-5.4 12-12 12h-40c-6.6 0-12-5.4-12-12v-40zm0 128c0-6.6 5.4-12 12-12h40c6.6 0 12 5.4 12 12v40c0 6.6-5.4 12-12 12h-40c-6.6 0-12-5.4-12-12v-40zM64 268c0-6.6 5.4-12 12-12h40c6.6 0 12 5.4 12 12v40c0 6.6-5.4 12-12 12H76c-6.6 0-12-5.4-12-12v-40zm0 128c0-6.6 5.4-12 12-12h40c6.6 0 12 5.4 12 12v40c0 6.6-5.4 12-12 12H76c-6.6 0-12-5.4-12-12v-40zM400 64h-48V16c0-8.8-7.2-16-16-16h-32c-8.8 0-16 7.2-16 16v48H160V16c0-8.8-7.2-16-16-16h-32c-8.8 0-16 7.2-16 16v48H48C21.5 64 0 85.5 0 112v48h448v-48c0-26.5-21.5-48-48-48z\"><\/path><\/svg><\/span><\/div><\/div><\/div>\n<\/div>\t\t\t<div class=\"jet-hor-timeline-list jet-hor-timeline-list--bottom\">\n<div class=\"jet-hor-timeline-item elementor-repeater-item-e33b334 is-active\" data-item-id=\"e33b334\">\n\t\t\t<div class=\"jet-hor-timeline-item__meta\">1836<\/div>\t<\/div>\n\n<div class=\"jet-hor-timeline-item elementor-repeater-item-434fd45\" data-item-id=\"434fd45\">\n\t\t\t<div class=\"jet-hor-timeline-item__meta\">1852<\/div>\t<\/div>\n\n<div class=\"jet-hor-timeline-item elementor-repeater-item-a153400\" data-item-id=\"a153400\">\n\t\t\t<div class=\"jet-hor-timeline-item__meta\">1888<\/div>\t<\/div>\n\n<div class=\"jet-hor-timeline-item elementor-repeater-item-9451fce\" data-item-id=\"9451fce\">\n\t\t\t<div class=\"jet-hor-timeline-item__meta\">1898<\/div>\t<\/div>\n\n<div class=\"jet-hor-timeline-item elementor-repeater-item-51d18d0\" data-item-id=\"51d18d0\">\n\t\t\t<div class=\"jet-hor-timeline-item__meta\">1901\u20131903<\/div>\t<\/div>\n\n<div class=\"jet-hor-timeline-item elementor-repeater-item-272fb4e\" data-item-id=\"272fb4e\">\n\t\t\t<div class=\"jet-hor-timeline-item__meta\">1911\u20131913<\/div>\t<\/div>\n\n<div class=\"jet-hor-timeline-item elementor-repeater-item-df9ad35\" data-item-id=\"df9ad35\">\n\t\t\t<div class=\"jet-hor-timeline-item__meta\">1918<\/div>\t<\/div>\n\n<div class=\"jet-hor-timeline-item elementor-repeater-item-1a3cddc\" data-item-id=\"1a3cddc\">\n\t\t\t<div class=\"jet-hor-timeline-item__meta\">1923<\/div>\t<\/div>\n\n<div class=\"jet-hor-timeline-item elementor-repeater-item-9bbbb0b\" data-item-id=\"9bbbb0b\">\n\t\t\t<div class=\"jet-hor-timeline-item__meta\">1927<\/div>\t<\/div>\n\n<div class=\"jet-hor-timeline-item elementor-repeater-item-bcdde67\" data-item-id=\"bcdde67\">\n\t\t\t<div class=\"jet-hor-timeline-item__meta\">1931<\/div>\t<\/div>\n\n<div class=\"jet-hor-timeline-item elementor-repeater-item-5529249\" data-item-id=\"5529249\">\n\t\t\t<div class=\"jet-hor-timeline-item__meta\">1943\u20131944<\/div>\t<\/div>\n\n<div class=\"jet-hor-timeline-item elementor-repeater-item-5e6a393\" data-item-id=\"5e6a393\">\n\t\t\t<div class=\"jet-hor-timeline-item__meta\">1951<\/div>\t<\/div>\n\n<div class=\"jet-hor-timeline-item elementor-repeater-item-b297fbf\" data-item-id=\"b297fbf\">\n\t\t\t<div class=\"jet-hor-timeline-item__meta\">1954<\/div>\t<\/div>\n\n<div class=\"jet-hor-timeline-item elementor-repeater-item-110bb5d\" data-item-id=\"110bb5d\">\n\t\t\t<div class=\"jet-hor-timeline-item__meta\">1963\u20131964<\/div>\t<\/div>\n\n<div class=\"jet-hor-timeline-item elementor-repeater-item-08d20d5\" data-item-id=\"08d20d5\">\n\t\t\t<div class=\"jet-hor-timeline-item__meta\">1970<\/div>\t<\/div>\n\n<div class=\"jet-hor-timeline-item elementor-repeater-item-a245d8e\" data-item-id=\"a245d8e\">\n\t\t\t<div class=\"jet-hor-timeline-item__meta\">1971<\/div>\t<\/div>\n\n<div class=\"jet-hor-timeline-item elementor-repeater-item-6b1db83\" data-item-id=\"6b1db83\">\n\t\t\t<div class=\"jet-hor-timeline-item__meta\">1978<\/div>\t<\/div>\n<\/div>\t\t<\/div>\n\t<\/div>\n\t<i class=\"jet-arrow jet-prev-arrow jet-arrow-disabled\"><svg width=\"24\" height=\"24\" viewBox=\"0 0 24 24\" fill=\"none\" xmlns=\"http:\/\/www.w3.org\/2000\/svg\"><path d=\"M14.625 5.3999L16.3 7.0749L11.35 12.0249L16.3 16.9749L14.625 18.6499L7.99999 12.0249L14.625 5.3999Z\" fill=\"#0F172A\"\/><\/svg><\/i><i class=\"jet-arrow jet-next-arrow\"><svg width=\"24\" height=\"24\" viewBox=\"0 0 24 24\" fill=\"none\" xmlns=\"http:\/\/www.w3.org\/2000\/svg\"><path d=\"M9.37501 18.6001L7.70001 16.9251L12.65 11.9751L7.70001 7.0251L9.37501 5.3501L16 11.9751L9.37501 18.6001Z\" fill=\"#0F172A\"\/><\/svg><\/i><\/div><\/div>\t\t\t\t<\/div>\n\t\t\t\t<\/div>\n\t\t\t\t\t<\/div>\n\t\t\t\t<\/div>\n\t\t<div class=\"elementor-element elementor-element-28b513a9 e-flex e-con-boxed e-con e-parent\" data-id=\"28b513a9\" data-element_type=\"container\" data-e-type=\"container\" data-settings=\"{&quot;jet_parallax_layout_list&quot;:[]}\">\n\t\t\t\t\t<div class=\"e-con-inner\">\n\t\t\t\t<div class=\"elementor-element elementor-element-792c776 elementor-widget elementor-widget-heading\" data-id=\"792c776\" data-element_type=\"widget\" data-e-type=\"widget\" data-widget_type=\"heading.default\">\n\t\t\t\t\t<h2 class=\"elementor-heading-title elementor-size-default\">The history of the City Council of Zas, according to the municipal minutes<\/h2>\t\t\t\t<\/div>\n\t\t\t\t<div class=\"elementor-element elementor-element-a0aa832 elementor-widget elementor-widget-text-editor\" data-id=\"a0aa832\" data-element_type=\"widget\" data-e-type=\"widget\" data-widget_type=\"text-editor.default\">\n\t\t\t\t\t\t\t\t\t<p>Like the vast majority of other Spanish municipalities, Zas was formed in 1836, but little can be known about its first 16 years of existence, from 1836 to 1852, due to the fact that either the municipal records of these years were not made or preserved. Nor do we know the name of the mayors who followed the first, <strong>Antonio Fern\u00e1ndez<\/strong>, a name that we know from a document in the <em>2nd Book of F\u00e1brica de Zas-Vilar 1798-1868<\/em> (Lema Su\u00e1rez 1993-III: 540). <\/p><p>By 1852 there were municipal records. In this way, we will try this year to give a historical view of what has happened in the official life of the municipality up to the present day. It will not be a complete history, for reasons that we will point out and also because, in addition to the first 16 years, the minutes of the following periods are also missing: from the years 1853 and 1854, from 18.12.1856 to 21.9.1877, from 30.12.1883 to 1.7.1885, from 1896, from 27.12.1898 to 30.7.1901, and from 21.3.1931 to 4.2.1933. These &#8220;absences&#8221; are partly explainable if we take into account that the City Hall will not be fixed until 1951, and the municipal offices temporarily &#8220;traveled&#8221; to the house or to the parish that suited the mayor or, what could be even more important, to the house of the municipal secretary.   <\/p><p>We will try to make this <strong><em>official history <\/em><\/strong>of ours enjoyable by using curious anecdotes \u2013 copied to the letter in many cases, and respecting the particular orthography of the Castilian of each era that, in some way, should enlighten us about the domestic concerns and political disputes of times gone by or still recent.<\/p><p>To make it easier to read, we have divided the information provided by the municipal minutes into three sections:<\/p><ul><li>Interesting Stories and Interesting Anecdotes.<\/li><li>Evolution of Budgets and Salaries.<\/li><li>The Never-Ending History of the Construction of the Town Hall.<\/li><\/ul><p>It should be noted that the information referring to communications, health, education and culture has already been included in its corresponding sections.<\/p>\t\t\t\t\t\t\t\t<\/div>\n\t\t<div class=\"elementor-element elementor-element-3a22a49 e-con-full e-grid e-con e-child\" data-id=\"3a22a49\" data-element_type=\"container\" data-e-type=\"container\" data-settings=\"{&quot;jet_parallax_layout_list&quot;:[]}\">\n\t\t\t\t<div class=\"elementor-element elementor-element-b146485 elementor-view-stacked elementor-shape-circle elementor-position-block-start elementor-mobile-position-block-start elementor-widget elementor-widget-icon-box\" data-id=\"b146485\" data-element_type=\"widget\" data-e-type=\"widget\" data-widget_type=\"icon-box.default\">\n\t\t\t\t\t\t\t<div class=\"elementor-icon-box-wrapper\">\n\n\t\t\t\t\t\t<div class=\"elementor-icon-box-icon\">\n\t\t\t\t<a href=\"https:\/\/concellodezas.gal\/wp-content\/uploads\/2022\/11\/Historia_Oficial_do_Concello_de_Zas_I_Parte.pdf\" target=\"_blank\" class=\"elementor-icon elementor-animation-grow\" tabindex=\"-1\" aria-label=\"The History of Zas from 1836 to 1900\">\n\t\t\t\t<i aria-hidden=\"true\" class=\"jki jki-file-pdf-solid\"><\/i>\t\t\t\t<\/a>\n\t\t\t<\/div>\n\t\t\t\n\t\t\t\t\t\t<div class=\"elementor-icon-box-content\">\n\n\t\t\t\t\t\t\t\t\t<h3 class=\"elementor-icon-box-title\">\n\t\t\t\t\t\t<a href=\"https:\/\/concellodezas.gal\/wp-content\/uploads\/2022\/11\/Historia_Oficial_do_Concello_de_Zas_I_Parte.pdf\" target=\"_blank\" >\n\t\t\t\t\t\t\tThe History of Zas from 1836 to 1900\t\t\t\t\t\t<\/a>\n\t\t\t\t\t<\/h3>\n\t\t\t\t\n\t\t\t\t\t\t\t\t\t<p class=\"elementor-icon-box-description\">\n\t\t\t\t\t\tBetween 1836 and the end of the nineteenth century, the City Council of Zas emerged as its own administration and the first basic services were organized: standards, archives and minor works. It is a time of territorial definition and balance between parishes, with roads that are improving step by step and an economy that is still very agricultural. Local politics coexists with tensions between sides and the weight of influential families, while society faces health and fiscal crises typical of the time. This period lays the institutional and material foundations of contemporary Zas.   \t\t\t\t\t<\/p>\n\t\t\t\t\n\t\t\t<\/div>\n\t\t\t\n\t\t<\/div>\n\t\t\t\t\t\t<\/div>\n\t\t\t\t<div class=\"elementor-element elementor-element-19c0df2 elementor-view-stacked elementor-shape-circle elementor-position-block-start elementor-mobile-position-block-start elementor-widget elementor-widget-icon-box\" data-id=\"19c0df2\" data-element_type=\"widget\" data-e-type=\"widget\" data-widget_type=\"icon-box.default\">\n\t\t\t\t\t\t\t<div class=\"elementor-icon-box-wrapper\">\n\n\t\t\t\t\t\t<div class=\"elementor-icon-box-icon\">\n\t\t\t\t<a href=\"https:\/\/concellodezas.gal\/wp-content\/uploads\/2022\/11\/4Historia_oficial_do_concello_de_Zas_II_parte.pdf\" class=\"elementor-icon elementor-animation-grow\" tabindex=\"-1\" aria-label=\"The History of Zas from 1900 to 1931\">\n\t\t\t\t<i aria-hidden=\"true\" class=\"jki jki-file-pdf-solid\"><\/i>\t\t\t\t<\/a>\n\t\t\t<\/div>\n\t\t\t\n\t\t\t\t\t\t<div class=\"elementor-icon-box-content\">\n\n\t\t\t\t\t\t\t\t\t<h3 class=\"elementor-icon-box-title\">\n\t\t\t\t\t\t<a href=\"https:\/\/concellodezas.gal\/wp-content\/uploads\/2022\/11\/4Historia_oficial_do_concello_de_Zas_II_parte.pdf\" >\n\t\t\t\t\t\t\tThe History of Zas from 1900 to 1931\t\t\t\t\t\t<\/a>\n\t\t\t\t\t<\/h3>\n\t\t\t\t\n\t\t\t\t\t\t\t\t\t<p class=\"elementor-icon-box-description\">\n\t\t\t\t\t\tThe new century brought more mobility and social changes: roads were fixed, connections such as Baio-Fornelos were prioritized, and car lines revolutionized regional communications. Economic life was dynamized (wood, small businesses), but the impact of the 1918 flu and emigration was also felt, which articulated new networks with the diaspora. Associationism abroad and growing literacy open up cultural horizons. At the gates of the Second Republic, Zas arrives with more services, more transit and a more connected citizenry.   \t\t\t\t\t<\/p>\n\t\t\t\t\n\t\t\t<\/div>\n\t\t\t\n\t\t<\/div>\n\t\t\t\t\t\t<\/div>\n\t\t\t\t<div class=\"elementor-element elementor-element-13014b7 elementor-view-stacked elementor-shape-circle elementor-position-block-start elementor-mobile-position-block-start elementor-widget elementor-widget-icon-box\" data-id=\"13014b7\" data-element_type=\"widget\" data-e-type=\"widget\" data-widget_type=\"icon-box.default\">\n\t\t\t\t\t\t\t<div class=\"elementor-icon-box-wrapper\">\n\n\t\t\t\t\t\t<div class=\"elementor-icon-box-icon\">\n\t\t\t\t<a href=\"https:\/\/concellodezas.gal\/wp-content\/uploads\/2022\/11\/2Historia_oficial_do_Concello_de_Zas_III_parte.pdf\" class=\"elementor-icon elementor-animation-grow\" tabindex=\"-1\" aria-label=\"The history of Zas from 1931 to 1939\">\n\t\t\t\t<i aria-hidden=\"true\" class=\"jki jki-file-pdf-solid\"><\/i>\t\t\t\t<\/a>\n\t\t\t<\/div>\n\t\t\t\n\t\t\t\t\t\t<div class=\"elementor-icon-box-content\">\n\n\t\t\t\t\t\t\t\t\t<h3 class=\"elementor-icon-box-title\">\n\t\t\t\t\t\t<a href=\"https:\/\/concellodezas.gal\/wp-content\/uploads\/2022\/11\/2Historia_oficial_do_Concello_de_Zas_III_parte.pdf\" >\n\t\t\t\t\t\t\tThe history of Zas from 1931 to 1939\t\t\t\t\t\t<\/a>\n\t\t\t\t\t<\/h3>\n\t\t\t\t\n\t\t\t\t\t\t\t\t\t<p class=\"elementor-icon-box-description\">\n\t\t\t\t\t\tWith the proclamation of the Second Republic, the municipality experienced a stage of reforms and modernizing hope: schooling advanced, public spaces were improved and political debate was renewed. Educational and civic initiatives coexist with an increasingly tense state context. From 1936 onwards, the war abruptly cut off many of these processes and imposed a new order. The period closes between interruptions, institutional changes, and deep social wounds.   \t\t\t\t\t<\/p>\n\t\t\t\t\n\t\t\t<\/div>\n\t\t\t\n\t\t<\/div>\n\t\t\t\t\t\t<\/div>\n\t\t\t\t<div class=\"elementor-element elementor-element-f6010bf elementor-view-stacked elementor-shape-circle elementor-position-block-start elementor-mobile-position-block-start elementor-widget elementor-widget-icon-box\" data-id=\"f6010bf\" data-element_type=\"widget\" data-e-type=\"widget\" data-widget_type=\"icon-box.default\">\n\t\t\t\t\t\t\t<div class=\"elementor-icon-box-wrapper\">\n\n\t\t\t\t\t\t<div class=\"elementor-icon-box-icon\">\n\t\t\t\t<a href=\"https:\/\/concellodezas.gal\/wp-content\/uploads\/2022\/11\/historia_oficial_do_concello_de_Zas_IV_parte.pdf\" class=\"elementor-icon elementor-animation-grow\" tabindex=\"-1\" aria-label=\"The history of Zas from 1939 to 1978\">\n\t\t\t\t<i aria-hidden=\"true\" class=\"jki jki-file-pdf-solid\"><\/i>\t\t\t\t<\/a>\n\t\t\t<\/div>\n\t\t\t\n\t\t\t\t\t\t<div class=\"elementor-icon-box-content\">\n\n\t\t\t\t\t\t\t\t\t<h3 class=\"elementor-icon-box-title\">\n\t\t\t\t\t\t<a href=\"https:\/\/concellodezas.gal\/wp-content\/uploads\/2022\/11\/historia_oficial_do_concello_de_Zas_IV_parte.pdf\" >\n\t\t\t\t\t\t\tThe history of Zas from 1939 to 1978\t\t\t\t\t\t<\/a>\n\t\t\t\t\t<\/h3>\n\t\t\t\t\n\t\t\t\t\t\t\t\t\t<p class=\"elementor-icon-box-description\">\n\t\t\t\t\t\tThe dictatorship brought political centralization, but also a gradual boost to public works: new municipal infrastructures, improvements in electricity and water, mechanization of agriculture and educational equipment. From the 50s and 60s, the territory has been modernizing services and connectivity, even with inequalities between parishes and a rural area in transformation. The General Education Act of 1970 strengthens the school network and accessibility to studies. Around 1978, between historic labor rulings and the demand for better communications, the municipality entered the democratic stage with a more articulated local fabric and better material bases.   \t\t\t\t\t<\/p>\n\t\t\t\t\n\t\t\t<\/div>\n\t\t\t\n\t\t<\/div>\n\t\t\t\t\t\t<\/div>\n\t\t\t\t<\/div>\n\t\t\t\t\t<\/div>\n\t\t\t\t<\/div>\n\t\t<div class=\"elementor-element elementor-element-e6fcc8a e-flex e-con-boxed e-con e-parent\" data-id=\"e6fcc8a\" data-element_type=\"container\" data-e-type=\"container\" data-settings=\"{&quot;background_background&quot;:&quot;classic&quot;,&quot;jet_parallax_layout_list&quot;:[]}\">\n\t\t\t\t\t<div class=\"e-con-inner\">\n\t\t<div class=\"elementor-element elementor-element-f7af48a e-con-full e-flex e-con e-child\" data-id=\"f7af48a\" data-element_type=\"container\" data-e-type=\"container\" data-settings=\"{&quot;jet_parallax_layout_list&quot;:[]}\">\n\t\t\t\t<div class=\"elementor-element elementor-element-d5a5758 elementor-widget elementor-widget-heading\" data-id=\"d5a5758\" data-element_type=\"widget\" data-e-type=\"widget\" data-widget_type=\"heading.default\">\n\t\t\t\t\t<h2 class=\"elementor-heading-title elementor-size-default\">Zas Retail<\/h2>\t\t\t\t<\/div>\n\t\t\t\t<div class=\"elementor-element elementor-element-e9a7399 elementor-widget elementor-widget-text-editor\" data-id=\"e9a7399\" data-element_type=\"widget\" data-e-type=\"widget\" data-widget_type=\"text-editor.default\">\n\t\t\t\t\t\t\t\t\t<p>From the City Council of Zas we would like to thank the authors of the book <b>&#8220;Zas polo Mi\u00fado&#8221;, Evaristo Dom\u00ednguez and Xos\u00e9 Mar\u00eda Lema<\/b>, since a large part of the texts of their great work have been used to make this website. Thank you very much from the bottom of my heart. <\/p>\t\t\t\t\t\t\t\t<\/div>\n\t\t\t\t<\/div>\n\t\t\t\t\t<\/div>\n\t\t\t\t<\/div>\n\t\t\t\t<\/div>\n\t\t","protected":false},"excerpt":{"rendered":"<p>From Prehistory to the Present A town hall with history Zas preserves traces of all eras: from the abundance of mamoas and antas \u2013 with the Arca da Piosa (Mu\u00ed\u00f1o) as a well-preserved reference \u2013 to the Castro culture, represented by the enclosure of Santo Adri\u00e1n de Castro, located on a hill with a classical [&hellip;]<\/p>\n","protected":false},"author":3,"featured_media":27971,"parent":0,"menu_order":0,"comment_status":"closed","ping_status":"closed","template":"","meta":{"slim_seo":{"title":"History of Zas - Concello de Zas","description":"From Prehistory to the Present A town hall with history Zas preserves traces of all eras: from the abundance of mamoas and antas \u2013 with the Arca da Piosa (Mu\u00ed\u00f1o"},"footnotes":""},"class_list":["post-27973","page","type-page","status-publish","has-post-thumbnail","hentry"],"_links":{"self":[{"href":"https:\/\/concellodezas.gal\/en\/wp-json\/wp\/v2\/pages\/27973","targetHints":{"allow":["GET"]}}],"collection":[{"href":"https:\/\/concellodezas.gal\/en\/wp-json\/wp\/v2\/pages"}],"about":[{"href":"https:\/\/concellodezas.gal\/en\/wp-json\/wp\/v2\/types\/page"}],"author":[{"embeddable":true,"href":"https:\/\/concellodezas.gal\/en\/wp-json\/wp\/v2\/users\/3"}],"replies":[{"embeddable":true,"href":"https:\/\/concellodezas.gal\/en\/wp-json\/wp\/v2\/comments?post=27973"}],"version-history":[{"count":1,"href":"https:\/\/concellodezas.gal\/en\/wp-json\/wp\/v2\/pages\/27973\/revisions"}],"predecessor-version":[{"id":27977,"href":"https:\/\/concellodezas.gal\/en\/wp-json\/wp\/v2\/pages\/27973\/revisions\/27977"}],"wp:featuredmedia":[{"embeddable":true,"href":"https:\/\/concellodezas.gal\/en\/wp-json\/wp\/v2\/media\/27971"}],"wp:attachment":[{"href":"https:\/\/concellodezas.gal\/en\/wp-json\/wp\/v2\/media?parent=27973"}],"curies":[{"name":"wp","href":"https:\/\/api.w.org\/{rel}","templated":true}]}}